{"id":469,"date":"2025-07-26T15:45:26","date_gmt":"2025-07-26T15:45:26","guid":{"rendered":"https:\/\/vbgtienda.com\/?page_id=469"},"modified":"2026-04-30T13:27:27","modified_gmt":"2026-04-30T19:27:27","slug":"news-blog","status":"publish","type":"page","link":"https:\/\/www.vbgardens.org\/es\/news-blog\/","title":{"rendered":"Noticias y blog"},"content":{"rendered":"<div data-elementor-type=\"wp-page\" data-elementor-id=\"469\" class=\"elementor elementor-469\" data-elementor-post-type=\"page\">\n\t\t\t\t\t\t<section class=\"elementor-section elementor-top-section elementor-element elementor-element-4dab94a8 elementor-section-boxed elementor-section-height-default elementor-section-height-default\" data-id=\"4dab94a8\" data-element_type=\"section\" data-e-type=\"section\" data-settings=\"{&quot;background_background&quot;:&quot;classic&quot;}\">\n\t\t\t\t\t\t\t<div class=\"elementor-background-overlay\"><\/div>\n\t\t\t\t\t\t\t<div class=\"elementor-container elementor-column-gap-no\">\n\t\t\t\t\t<div class=\"elementor-column elementor-col-100 elementor-top-column elementor-element elementor-element-1c3a4f59\" data-id=\"1c3a4f59\" data-element_type=\"column\" data-e-type=\"column\">\n\t\t\t<div class=\"elementor-widget-wrap elementor-element-populated\">\n\t\t\t\t\t\t<div class=\"elementor-element elementor-element-3e109702 e-transform elementor-invisible elementor-widget elementor-widget-heading\" data-id=\"3e109702\" data-element_type=\"widget\" data-e-type=\"widget\" data-settings=\"{&quot;_animation&quot;:&quot;fadeInDown&quot;,&quot;_transform_translateY_effect&quot;:{&quot;unit&quot;:&quot;px&quot;,&quot;size&quot;:-49,&quot;sizes&quot;:[]},&quot;_transform_translateX_effect&quot;:{&quot;unit&quot;:&quot;px&quot;,&quot;size&quot;:&quot;&quot;,&quot;sizes&quot;:[]},&quot;_transform_translateX_effect_tablet&quot;:{&quot;unit&quot;:&quot;px&quot;,&quot;size&quot;:&quot;&quot;,&quot;sizes&quot;:[]},&quot;_transform_translateX_effect_mobile&quot;:{&quot;unit&quot;:&quot;px&quot;,&quot;size&quot;:&quot;&quot;,&quot;sizes&quot;:[]},&quot;_transform_translateY_effect_tablet&quot;:{&quot;unit&quot;:&quot;px&quot;,&quot;size&quot;:&quot;&quot;,&quot;sizes&quot;:[]},&quot;_transform_translateY_effect_mobile&quot;:{&quot;unit&quot;:&quot;px&quot;,&quot;size&quot;:&quot;&quot;,&quot;sizes&quot;:[]}}\" data-widget_type=\"heading.default\">\n\t\t\t\t<div class=\"elementor-widget-container\">\n\t\t\t\t\t<h2 class=\"elementor-heading-title elementor-size-default\">Noticias y blog<br><\/h2>\t\t\t\t<\/div>\n\t\t\t\t<\/div>\n\t\t\t\t\t<\/div>\n\t\t<\/div>\n\t\t\t\t\t<\/div>\n\t\t<\/section>\n\t\t<div class=\"elementor-element elementor-element-8ee7348 e-flex e-con-boxed e-con e-parent\" data-id=\"8ee7348\" data-element_type=\"container\" data-e-type=\"container\" data-settings=\"{&quot;background_background&quot;:&quot;classic&quot;}\">\n\t\t\t\t\t<div class=\"e-con-inner\">\n\t\t<div class=\"elementor-element elementor-element-75de0f3 e-con-full e-flex e-con e-child\" data-id=\"75de0f3\" data-element_type=\"container\" data-e-type=\"container\">\n\t\t\t\t<div class=\"elementor-element elementor-element-0e05802 elementor-widget elementor-widget-text-editor\" data-id=\"0e05802\" data-element_type=\"widget\" data-e-type=\"widget\" data-widget_type=\"text-editor.default\">\n\t\t\t\t<div class=\"elementor-widget-container\">\n\t\t\t\t\t\t\t\t\t<p><strong>Welcome to our Blog,<\/strong> a space within <strong>Jard\u00edn Bot\u00e1nico de Vallarta<\/strong> where nature, science, and community come together. Here, we share stories that grow from within the garden: conservation projects, research, events, and the extraordinary diversity of plant life and wildlife that make this place a unique sanctuary.<\/p><p><strong>Through each post, we seek to inspire, inform, and strengthen the connection with our natural environment.<\/strong><\/p>\t\t\t\t\t\t\t\t<\/div>\n\t\t\t\t<\/div>\n\t\t\t\t<\/div>\n\t\t<div class=\"elementor-element elementor-element-a7f35e8 e-con-full e-flex e-con e-child\" data-id=\"a7f35e8\" data-element_type=\"container\" data-e-type=\"container\" data-settings=\"{&quot;background_background&quot;:&quot;classic&quot;}\">\n\t\t\t\t<div class=\"elementor-element elementor-element-11f7c9a elementor-widget elementor-widget-search\" data-id=\"11f7c9a\" data-element_type=\"widget\" data-e-type=\"widget\" data-settings=\"{&quot;submit_trigger&quot;:&quot;click_submit&quot;,&quot;pagination_type_options&quot;:&quot;none&quot;}\" data-widget_type=\"search.default\">\n\t\t\t\t<div class=\"elementor-widget-container\">\n\t\t\t\t\t\t\t<search class=\"e-search hidden\" role=\"search\">\n\t\t\t<form class=\"e-search-form\" action=\"https:\/\/www.vbgardens.org\/es\/\" method=\"get\" data-trp-original-action=\"https:\/\/www.vbgardens.org\/es\">\n\n\t\t\t\t\n\t\t\t\t<label class=\"e-search-label\" for=\"search-11f7c9a\">\n\t\t\t\t\t<span class=\"elementor-screen-only\">\n\t\t\t\t\t\tBuscar\t\t\t\t\t<\/span>\n\t\t\t\t\t\t\t\t\t<\/label>\n\n\t\t\t\t<div class=\"e-search-input-wrapper\">\n\t\t\t\t\t<input id=\"search-11f7c9a\" placeholder=\"Escribe para empezar a buscar...\" class=\"e-search-input\" type=\"search\" name=\"s\" value=\"\" autocomplete=\"off\" role=\"combobox\" aria-autocomplete=\"list\" aria-expanded=\"false\" aria-controls=\"results-11f7c9a\" aria-haspopup=\"listbox\">\n\t\t\t\t\t<svg aria-hidden=\"true\" class=\"e-font-icon-svg e-fas-times\" viewbox=\"0 0 352 512\" xmlns=\"http:\/\/www.w3.org\/2000\/svg\"><path d=\"M242.72 256l100.07-100.07c12.28-12.28 12.28-32.19 0-44.48l-22.24-22.24c-12.28-12.28-32.19-12.28-44.48 0L176 189.28 75.93 89.21c-12.28-12.28-32.19-12.28-44.48 0L9.21 111.45c-12.28 12.28-12.28 32.19 0 44.48L109.28 256 9.21 356.07c-12.28 12.28-12.28 32.19 0 44.48l22.24 22.24c12.28 12.28 32.2 12.28 44.48 0L176 322.72l100.07 100.07c12.28 12.28 32.2 12.28 44.48 0l22.24-22.24c12.28-12.28 12.28-32.19 0-44.48L242.72 256z\"><\/path><\/svg>\t\t\t\t\t\t\t\t\t\t<output id=\"results-11f7c9a\" class=\"e-search-results-container hide-loader\" aria-live=\"polite\" aria-atomic=\"true\" aria-label=\"Resultados de b\u00fasqueda\" tabindex=\"0\">\n\t\t\t\t\t\t<div class=\"e-search-results\"><\/div>\n\t\t\t\t\t\t\t\t\t\t\t<\/output>\n\t\t\t\t\t\t\t\t\t<\/div>\n\t\t\t\t\n\t\t\t\t\n\t\t\t\t<button class=\"e-search-submit\" type=\"submit\">\n\t\t\t\t\t\n\t\t\t\t\t\t\t\t\t\t<span class=\"\">\n\t\t\t\t\t\tBuscar\t\t\t\t\t<\/span>\n\t\t\t\t\t\t\t\t\t<\/button>\n\t\t\t\t<input type=\"hidden\" name=\"e_search_props\" value=\"11f7c9a-469\">\n\t\t\t<input type=\"hidden\" name=\"trp-form-language\" value=\"es\"\/><\/form>\n\t\t<\/search>\n\t\t\t\t\t\t<\/div>\n\t\t\t\t<\/div>\n\t\t\t\t<\/div>\n\t\t\t\t\t<\/div>\n\t\t\t\t<\/div>\n\t\t<div class=\"elementor-element elementor-element-0ed3c61 e-flex e-con-boxed e-con e-parent\" data-id=\"0ed3c61\" data-element_type=\"container\" data-e-type=\"container\">\n\t\t\t\t\t<div class=\"e-con-inner\">\n\t\t<div class=\"elementor-element elementor-element-f9b0806 e-con-full e-flex e-con e-child\" data-id=\"f9b0806\" data-element_type=\"container\" data-e-type=\"container\">\n\t\t\t\t<div class=\"elementor-element elementor-element-60ce69c elementor-grid-3 elementor-grid-tablet-2 elementor-grid-mobile-1 elementor-posts--thumbnail-top elementor-card-shadow-yes elementor-posts__hover-gradient load-more-align-center elementor-widget elementor-widget-posts\" data-id=\"60ce69c\" data-element_type=\"widget\" data-e-type=\"widget\" data-settings=\"{&quot;pagination_type&quot;:&quot;load_more_on_click&quot;,&quot;cards_columns&quot;:&quot;3&quot;,&quot;cards_columns_tablet&quot;:&quot;2&quot;,&quot;cards_columns_mobile&quot;:&quot;1&quot;,&quot;cards_row_gap&quot;:{&quot;unit&quot;:&quot;px&quot;,&quot;size&quot;:35,&quot;sizes&quot;:[]},&quot;cards_row_gap_tablet&quot;:{&quot;unit&quot;:&quot;px&quot;,&quot;size&quot;:&quot;&quot;,&quot;sizes&quot;:[]},&quot;cards_row_gap_mobile&quot;:{&quot;unit&quot;:&quot;px&quot;,&quot;size&quot;:&quot;&quot;,&quot;sizes&quot;:[]},&quot;load_more_spinner&quot;:{&quot;value&quot;:&quot;fas fa-spinner&quot;,&quot;library&quot;:&quot;fa-solid&quot;}}\" data-widget_type=\"posts.cards\">\n\t\t\t\t<div class=\"elementor-widget-container\">\n\t\t\t\t\t\t\t<div class=\"elementor-posts-container elementor-posts elementor-posts--skin-cards elementor-grid\" role=\"list\">\n\t\t\t\t<article class=\"elementor-post elementor-grid-item post-8353 post type-post status-publish format-standard has-post-thumbnail hentry category-education-community tag-mexican-orchid tag-mexican-orchid-species tag-polinators tag-vanilla-orchid\" role=\"listitem\">\n\t\t\t<div class=\"elementor-post__card\">\n\t\t\t\t<a class=\"elementor-post__thumbnail__link\" href=\"https:\/\/www.vbgardens.org\/es\/vainilla-mas-que-un-aroma-un-legado-de-1500-anos-floreciendo\/\" tabindex=\"-1\" ><div class=\"elementor-post__thumbnail\"><img fetchpriority=\"high\" decoding=\"async\" width=\"800\" height=\"286\" src=\"https:\/\/www.vbgardens.org\/wp-content\/uploads\/2026\/04\/VBG-Vanilla-Planifolia-cover-2-1024x366.jpg\" class=\"attachment-large size-large wp-image-8388\" alt=\"\" srcset=\"https:\/\/www.vbgardens.org\/wp-content\/uploads\/2026\/04\/VBG-Vanilla-Planifolia-cover-2-1024x366.jpg 1024w, https:\/\/www.vbgardens.org\/wp-content\/uploads\/2026\/04\/VBG-Vanilla-Planifolia-cover-2-300x107.jpg 300w, https:\/\/www.vbgardens.org\/wp-content\/uploads\/2026\/04\/VBG-Vanilla-Planifolia-cover-2-768x274.jpg 768w, https:\/\/www.vbgardens.org\/wp-content\/uploads\/2026\/04\/VBG-Vanilla-Planifolia-cover-2-1536x548.jpg 1536w, https:\/\/www.vbgardens.org\/wp-content\/uploads\/2026\/04\/VBG-Vanilla-Planifolia-cover-2-18x6.jpg 18w, https:\/\/www.vbgardens.org\/wp-content\/uploads\/2026\/04\/VBG-Vanilla-Planifolia-cover-2.jpg 1588w\" sizes=\"(max-width: 800px) 100vw, 800px\" \/><\/div><\/a>\n\t\t\t\t<div class=\"elementor-post__badge\">Educaci\u00f3n y comunidad<\/div>\n\t\t\t\t<div class=\"elementor-post__text\">\n\t\t\t\t<h3 class=\"elementor-post__title\">\n\t\t\t<a href=\"https:\/\/www.vbgardens.org\/es\/vainilla-mas-que-un-aroma-un-legado-de-1500-anos-floreciendo\/\" >\n\t\t\t\tVainilla: m\u00e1s que una fragancia, un legado de 1.500 a\u00f1os\t\t\t<\/a>\n\t\t<\/h3>\n\t\t\n\t\t<a class=\"elementor-post__read-more\" href=\"https:\/\/www.vbgardens.org\/es\/vainilla-mas-que-un-aroma-un-legado-de-1500-anos-floreciendo\/\" aria-label=\"Read more about Vanilla:\u00a0More than a Fragrance, a 1,500-Year Legacy\" tabindex=\"-1\" >\n\t\t\tLeer m\u00e1s \u00bb\t\t<\/a>\n\n\t\t\t\t<\/div>\n\t\t\t\t<div class=\"elementor-post__meta-data\">\n\t\t\t\t\t<span class=\"elementor-post-author\">\n\t\t\tAntonio G\u00f3mez\t\t<\/span>\n\t\t\t\t<span class=\"elementor-post-date\">\n\t\t\t30 de abril de 2026\t\t<\/span>\n\t\t\t\t<\/div>\n\t\t\t\t\t<\/div>\n\t\t<\/article>\n\t\t\t\t<article class=\"elementor-post elementor-grid-item post-7797 post type-post status-publish format-standard has-post-thumbnail hentry category-conservation-research category-education-community category-plant-spotlights category-visitor-guides-experience category-wildlife-ecology tag-biodiversity tag-frog tag-microhabitats tag-ursulaea-macvaughii\" role=\"listitem\">\n\t\t\t<div class=\"elementor-post__card\">\n\t\t\t\t<a class=\"elementor-post__thumbnail__link\" href=\"https:\/\/www.vbgardens.org\/es\/where-a-frog-sleeps-microhabitats-that-shape-mexicos-biodiversity\/\" tabindex=\"-1\" ><div class=\"elementor-post__thumbnail\"><img decoding=\"async\" width=\"800\" height=\"286\" src=\"https:\/\/www.vbgardens.org\/wp-content\/uploads\/2026\/04\/Titulo-28-1024x366.jpg\" class=\"attachment-large size-large wp-image-7661\" alt=\"\" srcset=\"https:\/\/www.vbgardens.org\/wp-content\/uploads\/2026\/04\/Titulo-28-1024x366.jpg 1024w, https:\/\/www.vbgardens.org\/wp-content\/uploads\/2026\/04\/Titulo-28-300x107.jpg 300w, https:\/\/www.vbgardens.org\/wp-content\/uploads\/2026\/04\/Titulo-28-768x274.jpg 768w, https:\/\/www.vbgardens.org\/wp-content\/uploads\/2026\/04\/Titulo-28-1536x548.jpg 1536w, https:\/\/www.vbgardens.org\/wp-content\/uploads\/2026\/04\/Titulo-28-18x6.jpg 18w, https:\/\/www.vbgardens.org\/wp-content\/uploads\/2026\/04\/Titulo-28.jpg 1588w\" sizes=\"(max-width: 800px) 100vw, 800px\" \/><\/div><\/a>\n\t\t\t\t<div class=\"elementor-post__badge\">Conservaci\u00f3n e Investigaci\u00f3n<\/div>\n\t\t\t\t<div class=\"elementor-post__text\">\n\t\t\t\t<h3 class=\"elementor-post__title\">\n\t\t\t<a href=\"https:\/\/www.vbgardens.org\/es\/where-a-frog-sleeps-microhabitats-that-shape-mexicos-biodiversity\/\" >\n\t\t\t\tDonde Duerme una Rana: Microh\u00e1bitats que Moldean la Biodiversidad de M\u00e9xico\t\t\t<\/a>\n\t\t<\/h3>\n\t\t\n\t\t<a class=\"elementor-post__read-more\" href=\"https:\/\/www.vbgardens.org\/es\/where-a-frog-sleeps-microhabitats-that-shape-mexicos-biodiversity\/\" aria-label=\"Lea m\u00e1s sobre D\u00f3nde duerme una rana: Microh\u00e1bitats que dan forma a la biodiversidad de M\u00e9xico\" tabindex=\"-1\" >\n\t\t\tLeer m\u00e1s \u00bb\t\t<\/a>\n\n\t\t\t\t<\/div>\n\t\t\t\t<div class=\"elementor-post__meta-data\">\n\t\t\t\t\t<span class=\"elementor-post-author\">\n\t\t\tEsthefania Beltr\u00e1n\t\t<\/span>\n\t\t\t\t<span class=\"elementor-post-date\">\n\t\t\t9 de abril de 2026\t\t<\/span>\n\t\t\t\t<\/div>\n\t\t\t\t\t<\/div>\n\t\t<\/article>\n\t\t\t\t<article class=\"elementor-post elementor-grid-item post-7640 post type-post status-publish format-standard has-post-thumbnail hentry category-conservation-research category-education-community category-orchid-of-the-month category-plant-spotlights tag-canelita tag-endemic-to-mexico tag-haired-orchid tag-lycaste-crinita tag-mexican-orchid tag-mexican-orchid-species\" role=\"listitem\">\n\t\t\t<div class=\"elementor-post__card\">\n\t\t\t\t<a class=\"elementor-post__thumbnail__link\" href=\"https:\/\/www.vbgardens.org\/es\/mexican-orchid-of-the-month-lycaste-crinita\/\" tabindex=\"-1\" ><div class=\"elementor-post__thumbnail\"><img decoding=\"async\" width=\"800\" height=\"286\" src=\"https:\/\/www.vbgardens.org\/wp-content\/uploads\/2026\/04\/Titulo-27-1024x366.jpg\" class=\"attachment-large size-large wp-image-7650\" alt=\"\" srcset=\"https:\/\/www.vbgardens.org\/wp-content\/uploads\/2026\/04\/Titulo-27-1024x366.jpg 1024w, https:\/\/www.vbgardens.org\/wp-content\/uploads\/2026\/04\/Titulo-27-300x107.jpg 300w, https:\/\/www.vbgardens.org\/wp-content\/uploads\/2026\/04\/Titulo-27-768x274.jpg 768w, https:\/\/www.vbgardens.org\/wp-content\/uploads\/2026\/04\/Titulo-27-1536x548.jpg 1536w, https:\/\/www.vbgardens.org\/wp-content\/uploads\/2026\/04\/Titulo-27-18x6.jpg 18w, https:\/\/www.vbgardens.org\/wp-content\/uploads\/2026\/04\/Titulo-27.jpg 1588w\" sizes=\"(max-width: 800px) 100vw, 800px\" \/><\/div><\/a>\n\t\t\t\t<div class=\"elementor-post__badge\">Conservaci\u00f3n e Investigaci\u00f3n<\/div>\n\t\t\t\t<div class=\"elementor-post__text\">\n\t\t\t\t<h3 class=\"elementor-post__title\">\n\t\t\t<a href=\"https:\/\/www.vbgardens.org\/es\/mexican-orchid-of-the-month-lycaste-crinita\/\" >\n\t\t\t\tOrqu\u00eddea Mexicana del Mes: Lycaste crinita\t\t\t<\/a>\n\t\t<\/h3>\n\t\t\n\t\t<a class=\"elementor-post__read-more\" href=\"https:\/\/www.vbgardens.org\/es\/mexican-orchid-of-the-month-lycaste-crinita\/\" aria-label=\"Lea m\u00e1s sobre la Orqu\u00eddea Mexicana del Mes: Lycaste crinita\" tabindex=\"-1\" >\n\t\t\tLeer m\u00e1s \u00bb\t\t<\/a>\n\n\t\t\t\t<\/div>\n\t\t\t\t<div class=\"elementor-post__meta-data\">\n\t\t\t\t\t<span class=\"elementor-post-author\">\n\t\t\t\u00d3scar Rodr\u00edguez\t\t<\/span>\n\t\t\t\t<span class=\"elementor-post-date\">\n\t\t\t4 de abril de 2026\t\t<\/span>\n\t\t\t\t<\/div>\n\t\t\t\t\t<\/div>\n\t\t<\/article>\n\t\t\t\t<article class=\"elementor-post elementor-grid-item post-7625 post type-post status-publish format-standard has-post-thumbnail hentry category-bird-of-the-month category-conservation-research category-education-community category-wildlife-ecology tag-broad-billed-hummingbird tag-cynanthus-latirostris tag-ecology\" role=\"listitem\">\n\t\t\t<div class=\"elementor-post__card\">\n\t\t\t\t<a class=\"elementor-post__thumbnail__link\" href=\"https:\/\/www.vbgardens.org\/es\/mexican-bird-of-the-month-cynanthus-latirostris\/\" tabindex=\"-1\" ><div class=\"elementor-post__thumbnail\"><img loading=\"lazy\" decoding=\"async\" width=\"800\" height=\"534\" src=\"https:\/\/www.vbgardens.org\/wp-content\/uploads\/2026\/04\/Ave-Mes_Abril-2048x1366-1-1024x683.jpg\" class=\"attachment-large size-large wp-image-7626\" alt=\"\" srcset=\"https:\/\/www.vbgardens.org\/wp-content\/uploads\/2026\/04\/Ave-Mes_Abril-2048x1366-1-1024x683.jpg 1024w, https:\/\/www.vbgardens.org\/wp-content\/uploads\/2026\/04\/Ave-Mes_Abril-2048x1366-1-300x200.jpg 300w, https:\/\/www.vbgardens.org\/wp-content\/uploads\/2026\/04\/Ave-Mes_Abril-2048x1366-1-768x512.jpg 768w, https:\/\/www.vbgardens.org\/wp-content\/uploads\/2026\/04\/Ave-Mes_Abril-2048x1366-1-1536x1025.jpg 1536w, https:\/\/www.vbgardens.org\/wp-content\/uploads\/2026\/04\/Ave-Mes_Abril-2048x1366-1-18x12.jpg 18w, https:\/\/www.vbgardens.org\/wp-content\/uploads\/2026\/04\/Ave-Mes_Abril-2048x1366-1.jpg 2048w\" sizes=\"(max-width: 800px) 100vw, 800px\" \/><\/div><\/a>\n\t\t\t\t<div class=\"elementor-post__badge\">Ave del mes<\/div>\n\t\t\t\t<div class=\"elementor-post__text\">\n\t\t\t\t<h3 class=\"elementor-post__title\">\n\t\t\t<a href=\"https:\/\/www.vbgardens.org\/es\/mexican-bird-of-the-month-cynanthus-latirostris\/\" >\n\t\t\t\tP\u00e1jaro Mexicano del Mes: Cynanthus latirostris\t\t\t<\/a>\n\t\t<\/h3>\n\t\t\n\t\t<a class=\"elementor-post__read-more\" href=\"https:\/\/www.vbgardens.org\/es\/mexican-bird-of-the-month-cynanthus-latirostris\/\" aria-label=\"M\u00e1s informaci\u00f3n sobre el Ave Mexicana del Mes: *Cynanthus latirostris*\" tabindex=\"-1\" >\n\t\t\tLeer m\u00e1s \u00bb\t\t<\/a>\n\n\t\t\t\t<\/div>\n\t\t\t\t<div class=\"elementor-post__meta-data\">\n\t\t\t\t\t<span class=\"elementor-post-author\">\n\t\t\t\u00d3scar Rodr\u00edguez\t\t<\/span>\n\t\t\t\t<span class=\"elementor-post-date\">\n\t\t\t1 de abril de 2026\t\t<\/span>\n\t\t\t\t<\/div>\n\t\t\t\t\t<\/div>\n\t\t<\/article>\n\t\t\t\t<article class=\"elementor-post elementor-grid-item post-7617 post type-post status-publish format-standard has-post-thumbnail hentry category-conservation-research category-education-community category-wildlife-ecology tag-donation tag-ecology tag-rio-los-horcones\" role=\"listitem\">\n\t\t\t<div class=\"elementor-post__card\">\n\t\t\t\t<a class=\"elementor-post__thumbnail__link\" href=\"https:\/\/www.vbgardens.org\/es\/the-queen-of-the-night-epiphyllum-hookeri-2\/\" tabindex=\"-1\" ><div class=\"elementor-post__thumbnail\"><img loading=\"lazy\" decoding=\"async\" width=\"800\" height=\"286\" src=\"https:\/\/www.vbgardens.org\/wp-content\/uploads\/2026\/03\/Titulo2-1024x366.jpg\" class=\"attachment-large size-large wp-image-7665\" alt=\"\" srcset=\"https:\/\/www.vbgardens.org\/wp-content\/uploads\/2026\/03\/Titulo2-1024x366.jpg 1024w, https:\/\/www.vbgardens.org\/wp-content\/uploads\/2026\/03\/Titulo2-300x107.jpg 300w, https:\/\/www.vbgardens.org\/wp-content\/uploads\/2026\/03\/Titulo2-768x274.jpg 768w, https:\/\/www.vbgardens.org\/wp-content\/uploads\/2026\/03\/Titulo2-1536x548.jpg 1536w, https:\/\/www.vbgardens.org\/wp-content\/uploads\/2026\/03\/Titulo2-18x6.jpg 18w, https:\/\/www.vbgardens.org\/wp-content\/uploads\/2026\/03\/Titulo2.jpg 1588w\" sizes=\"(max-width: 800px) 100vw, 800px\" \/><\/div><\/a>\n\t\t\t\t<div class=\"elementor-post__badge\">Conservaci\u00f3n e Investigaci\u00f3n<\/div>\n\t\t\t\t<div class=\"elementor-post__text\">\n\t\t\t\t<h3 class=\"elementor-post__title\">\n\t\t\t<a href=\"https:\/\/www.vbgardens.org\/es\/the-queen-of-the-night-epiphyllum-hookeri-2\/\" >\n\t\t\t\tR\u00edo Los Horcones: Un r\u00edo de libre flujo que sustenta la vida en Puerto Vallarta\t\t\t<\/a>\n\t\t<\/h3>\n\t\t\n\t\t<a class=\"elementor-post__read-more\" href=\"https:\/\/www.vbgardens.org\/es\/the-queen-of-the-night-epiphyllum-hookeri-2\/\" aria-label=\"Lea m\u00e1s sobre el R\u00edo Los Horcones: Un r\u00edo de flujo libre que sostiene la vida en Puerto Vallarta\" tabindex=\"-1\" >\n\t\t\tLeer m\u00e1s \u00bb\t\t<\/a>\n\n\t\t\t\t<\/div>\n\t\t\t\t<div class=\"elementor-post__meta-data\">\n\t\t\t\t\t<span class=\"elementor-post-author\">\n\t\t\tEsthefania Beltr\u00e1n\t\t<\/span>\n\t\t\t\t<span class=\"elementor-post-date\">\n\t\t\t20 de marzo de 2026\t\t<\/span>\n\t\t\t\t<\/div>\n\t\t\t\t\t<\/div>\n\t\t<\/article>\n\t\t\t\t<article class=\"elementor-post elementor-grid-item post-7593 post type-post status-publish format-standard has-post-thumbnail hentry category-education-community category-plant-spotlights tag-epiphyllum-hookeri tag-native-to-mexico tag-the-queen-of-the-night\" role=\"listitem\">\n\t\t\t<div class=\"elementor-post__card\">\n\t\t\t\t<a class=\"elementor-post__thumbnail__link\" href=\"https:\/\/www.vbgardens.org\/es\/the-queen-of-the-night-epiphyllum-hookeri\/\" tabindex=\"-1\" ><div class=\"elementor-post__thumbnail\"><img loading=\"lazy\" decoding=\"async\" width=\"800\" height=\"286\" src=\"https:\/\/www.vbgardens.org\/wp-content\/uploads\/2026\/03\/Titulo-1024x366.jpg\" class=\"attachment-large size-large wp-image-7601\" alt=\"\" srcset=\"https:\/\/www.vbgardens.org\/wp-content\/uploads\/2026\/03\/Titulo-1024x366.jpg 1024w, https:\/\/www.vbgardens.org\/wp-content\/uploads\/2026\/03\/Titulo-300x107.jpg 300w, https:\/\/www.vbgardens.org\/wp-content\/uploads\/2026\/03\/Titulo-768x274.jpg 768w, https:\/\/www.vbgardens.org\/wp-content\/uploads\/2026\/03\/Titulo-1536x548.jpg 1536w, https:\/\/www.vbgardens.org\/wp-content\/uploads\/2026\/03\/Titulo-18x6.jpg 18w, https:\/\/www.vbgardens.org\/wp-content\/uploads\/2026\/03\/Titulo.jpg 1588w\" sizes=\"(max-width: 800px) 100vw, 800px\" \/><\/div><\/a>\n\t\t\t\t<div class=\"elementor-post__badge\">Educaci\u00f3n y comunidad<\/div>\n\t\t\t\t<div class=\"elementor-post__text\">\n\t\t\t\t<h3 class=\"elementor-post__title\">\n\t\t\t<a href=\"https:\/\/www.vbgardens.org\/es\/the-queen-of-the-night-epiphyllum-hookeri\/\" >\n\t\t\t\tLa Reina de la Noche: Epiphyllum hookeri\t\t\t<\/a>\n\t\t<\/h3>\n\t\t\n\t\t<a class=\"elementor-post__read-more\" href=\"https:\/\/www.vbgardens.org\/es\/the-queen-of-the-night-epiphyllum-hookeri\/\" aria-label=\"Lea m\u00e1s sobre La Reina de la Noche: Epiphyllum hookeri\" tabindex=\"-1\" >\n\t\t\tLeer m\u00e1s \u00bb\t\t<\/a>\n\n\t\t\t\t<\/div>\n\t\t\t\t<div class=\"elementor-post__meta-data\">\n\t\t\t\t\t<span class=\"elementor-post-author\">\n\t\t\tEsthefania Beltr\u00e1n\t\t<\/span>\n\t\t\t\t<span class=\"elementor-post-date\">\n\t\t\t10 de marzo de 2026\t\t<\/span>\n\t\t\t\t<\/div>\n\t\t\t\t\t<\/div>\n\t\t<\/article>\n\t\t\t\t<article class=\"elementor-post elementor-grid-item post-7605 post type-post status-publish format-standard has-post-thumbnail hentry category-bird-of-the-month category-education-community category-wildlife-ecology tag-birdwatchers tag-setophaga-pitiayumi tag-tropical-parula\" role=\"listitem\">\n\t\t\t<div class=\"elementor-post__card\">\n\t\t\t\t<a class=\"elementor-post__thumbnail__link\" href=\"https:\/\/www.vbgardens.org\/es\/mexican-bird-of-the-month-tropical-parula\/\" tabindex=\"-1\" ><div class=\"elementor-post__thumbnail\"><img loading=\"lazy\" decoding=\"async\" width=\"800\" height=\"286\" src=\"https:\/\/www.vbgardens.org\/wp-content\/uploads\/2026\/04\/Titulo-25-1024x366.jpg\" class=\"attachment-large size-large wp-image-7607\" alt=\"\" srcset=\"https:\/\/www.vbgardens.org\/wp-content\/uploads\/2026\/04\/Titulo-25-1024x366.jpg 1024w, https:\/\/www.vbgardens.org\/wp-content\/uploads\/2026\/04\/Titulo-25-300x107.jpg 300w, https:\/\/www.vbgardens.org\/wp-content\/uploads\/2026\/04\/Titulo-25-768x274.jpg 768w, https:\/\/www.vbgardens.org\/wp-content\/uploads\/2026\/04\/Titulo-25-1536x548.jpg 1536w, https:\/\/www.vbgardens.org\/wp-content\/uploads\/2026\/04\/Titulo-25-18x6.jpg 18w, https:\/\/www.vbgardens.org\/wp-content\/uploads\/2026\/04\/Titulo-25.jpg 1588w\" sizes=\"(max-width: 800px) 100vw, 800px\" \/><\/div><\/a>\n\t\t\t\t<div class=\"elementor-post__badge\">Ave del mes<\/div>\n\t\t\t\t<div class=\"elementor-post__text\">\n\t\t\t\t<h3 class=\"elementor-post__title\">\n\t\t\t<a href=\"https:\/\/www.vbgardens.org\/es\/mexican-bird-of-the-month-tropical-parula\/\" >\n\t\t\t\tP\u00e1jaro Mexicano del Mes: Mascarita Tropical\t\t\t<\/a>\n\t\t<\/h3>\n\t\t\n\t\t<a class=\"elementor-post__read-more\" href=\"https:\/\/www.vbgardens.org\/es\/mexican-bird-of-the-month-tropical-parula\/\" aria-label=\"Lea m\u00e1s sobre el Ave Mexicana del Mes: Reinita Tropical\" tabindex=\"-1\" >\n\t\t\tLeer m\u00e1s \u00bb\t\t<\/a>\n\n\t\t\t\t<\/div>\n\t\t\t\t<div class=\"elementor-post__meta-data\">\n\t\t\t\t\t<span class=\"elementor-post-author\">\n\t\t\t\u00d3scar Rodr\u00edguez\t\t<\/span>\n\t\t\t\t<span class=\"elementor-post-date\">\n\t\t\t5 de marzo de 2026\t\t<\/span>\n\t\t\t\t<\/div>\n\t\t\t\t\t<\/div>\n\t\t<\/article>\n\t\t\t\t<article class=\"elementor-post elementor-grid-item post-7364 post type-post status-publish format-standard has-post-thumbnail hentry category-conservation-research category-education-community category-orchid-of-the-month category-wildlife-ecology tag-mexican-orchid tag-mexican-orchid-species tag-prosthechea-madrensis tag-the-shell-flower-of-the-sierra-madre\" role=\"listitem\">\n\t\t\t<div class=\"elementor-post__card\">\n\t\t\t\t<a class=\"elementor-post__thumbnail__link\" href=\"https:\/\/www.vbgardens.org\/es\/mexican-orchid-of-the-month-prosthechea-madrensis-the-shell-flower-of-the-sierra-madre\/\" tabindex=\"-1\" ><div class=\"elementor-post__thumbnail\"><img loading=\"lazy\" decoding=\"async\" width=\"800\" height=\"286\" src=\"https:\/\/www.vbgardens.org\/wp-content\/uploads\/2026\/04\/Titulo-24-1024x366.jpg\" class=\"attachment-large size-large wp-image-7588\" alt=\"\" srcset=\"https:\/\/www.vbgardens.org\/wp-content\/uploads\/2026\/04\/Titulo-24-1024x366.jpg 1024w, https:\/\/www.vbgardens.org\/wp-content\/uploads\/2026\/04\/Titulo-24-300x107.jpg 300w, https:\/\/www.vbgardens.org\/wp-content\/uploads\/2026\/04\/Titulo-24-768x274.jpg 768w, https:\/\/www.vbgardens.org\/wp-content\/uploads\/2026\/04\/Titulo-24-1536x548.jpg 1536w, https:\/\/www.vbgardens.org\/wp-content\/uploads\/2026\/04\/Titulo-24-18x6.jpg 18w, https:\/\/www.vbgardens.org\/wp-content\/uploads\/2026\/04\/Titulo-24.jpg 1588w\" sizes=\"(max-width: 800px) 100vw, 800px\" \/><\/div><\/a>\n\t\t\t\t<div class=\"elementor-post__badge\">Conservaci\u00f3n e Investigaci\u00f3n<\/div>\n\t\t\t\t<div class=\"elementor-post__text\">\n\t\t\t\t<h3 class=\"elementor-post__title\">\n\t\t\t<a href=\"https:\/\/www.vbgardens.org\/es\/mexican-orchid-of-the-month-prosthechea-madrensis-the-shell-flower-of-the-sierra-madre\/\" >\n\t\t\t\tOrqu\u00eddea Mexicana del Mes: Prosthechea madrensis \u2013 La Orqu\u00eddea de Concha de la Sierra Madre\t\t\t<\/a>\n\t\t<\/h3>\n\t\t\n\t\t<a class=\"elementor-post__read-more\" href=\"https:\/\/www.vbgardens.org\/es\/mexican-orchid-of-the-month-prosthechea-madrensis-the-shell-flower-of-the-sierra-madre\/\" aria-label=\"Lea m\u00e1s sobre la Orqu\u00eddea Mexicana del Mes: Prosthechea madrensis \u2013 La Flor Concha de la Sierra Madre\" tabindex=\"-1\" >\n\t\t\tLeer m\u00e1s \u00bb\t\t<\/a>\n\n\t\t\t\t<\/div>\n\t\t\t\t<div class=\"elementor-post__meta-data\">\n\t\t\t\t\t<span class=\"elementor-post-author\">\n\t\t\t\u00d3scar Rodr\u00edguez\t\t<\/span>\n\t\t\t\t<span class=\"elementor-post-date\">\n\t\t\t4 de marzo de 2026\t\t<\/span>\n\t\t\t\t<\/div>\n\t\t\t\t\t<\/div>\n\t\t<\/article>\n\t\t\t\t<article class=\"elementor-post elementor-grid-item post-7570 post type-post status-publish format-standard has-post-thumbnail hentry category-conservation-research category-education-community category-wildlife-ecology tag-mexican-orchid tag-mexican-orchid-species tag-mexican-orchids tag-platystele-stenostachya tag-tiny-orchid\" role=\"listitem\">\n\t\t\t<div class=\"elementor-post__card\">\n\t\t\t\t<a class=\"elementor-post__thumbnail__link\" href=\"https:\/\/www.vbgardens.org\/es\/platystele-stenostachya-the-tiny-orchid-that-challenges-the-eye\/\" tabindex=\"-1\" ><div class=\"elementor-post__thumbnail\"><img loading=\"lazy\" decoding=\"async\" width=\"800\" height=\"286\" src=\"https:\/\/www.vbgardens.org\/wp-content\/uploads\/2026\/04\/Titulo-23-1024x366.jpg\" class=\"attachment-large size-large wp-image-7573\" alt=\"\" srcset=\"https:\/\/www.vbgardens.org\/wp-content\/uploads\/2026\/04\/Titulo-23-1024x366.jpg 1024w, https:\/\/www.vbgardens.org\/wp-content\/uploads\/2026\/04\/Titulo-23-300x107.jpg 300w, https:\/\/www.vbgardens.org\/wp-content\/uploads\/2026\/04\/Titulo-23-768x274.jpg 768w, https:\/\/www.vbgardens.org\/wp-content\/uploads\/2026\/04\/Titulo-23-1536x548.jpg 1536w, https:\/\/www.vbgardens.org\/wp-content\/uploads\/2026\/04\/Titulo-23-18x6.jpg 18w, https:\/\/www.vbgardens.org\/wp-content\/uploads\/2026\/04\/Titulo-23.jpg 1588w\" sizes=\"(max-width: 800px) 100vw, 800px\" \/><\/div><\/a>\n\t\t\t\t<div class=\"elementor-post__badge\">Conservaci\u00f3n e Investigaci\u00f3n<\/div>\n\t\t\t\t<div class=\"elementor-post__text\">\n\t\t\t\t<h3 class=\"elementor-post__title\">\n\t\t\t<a href=\"https:\/\/www.vbgardens.org\/es\/platystele-stenostachya-the-tiny-orchid-that-challenges-the-eye\/\" >\n\t\t\t\tPlatystele stenostachya: La orqu\u00eddea diminuta que desaf\u00eda la vista\t\t\t<\/a>\n\t\t<\/h3>\n\t\t\n\t\t<a class=\"elementor-post__read-more\" href=\"https:\/\/www.vbgardens.org\/es\/platystele-stenostachya-the-tiny-orchid-that-challenges-the-eye\/\" aria-label=\"Lee m\u00e1s sobre Platystele stenostachya: La diminuta orqu\u00eddea que desaf\u00eda la vista\" tabindex=\"-1\" >\n\t\t\tLeer m\u00e1s \u00bb\t\t<\/a>\n\n\t\t\t\t<\/div>\n\t\t\t\t<div class=\"elementor-post__meta-data\">\n\t\t\t\t\t<span class=\"elementor-post-author\">\n\t\t\t\u00d3scar Rodr\u00edguez\t\t<\/span>\n\t\t\t\t<span class=\"elementor-post-date\">\n\t\t\t19 de febrero de 2026\t\t<\/span>\n\t\t\t\t<\/div>\n\t\t\t\t\t<\/div>\n\t\t<\/article>\n\t\t\t\t<article class=\"elementor-post elementor-grid-item post-7549 post type-post status-publish format-standard has-post-thumbnail hentry category-plant-spotlights tag-apocynaceae-family tag-ceropegia-woodii tag-string-of-hearts\" role=\"listitem\">\n\t\t\t<div class=\"elementor-post__card\">\n\t\t\t\t<a class=\"elementor-post__thumbnail__link\" href=\"https:\/\/www.vbgardens.org\/es\/ceropegia-woodii-the-string-of-hearts-that-charms-on-valentines-day-and-seduces-flies\/\" tabindex=\"-1\" ><div class=\"elementor-post__thumbnail\"><img loading=\"lazy\" decoding=\"async\" width=\"800\" height=\"286\" src=\"https:\/\/www.vbgardens.org\/wp-content\/uploads\/2026\/04\/Titulo-22-1024x366.jpg\" class=\"attachment-large size-large wp-image-7559\" alt=\"\" srcset=\"https:\/\/www.vbgardens.org\/wp-content\/uploads\/2026\/04\/Titulo-22-1024x366.jpg 1024w, https:\/\/www.vbgardens.org\/wp-content\/uploads\/2026\/04\/Titulo-22-300x107.jpg 300w, https:\/\/www.vbgardens.org\/wp-content\/uploads\/2026\/04\/Titulo-22-768x274.jpg 768w, https:\/\/www.vbgardens.org\/wp-content\/uploads\/2026\/04\/Titulo-22-1536x548.jpg 1536w, https:\/\/www.vbgardens.org\/wp-content\/uploads\/2026\/04\/Titulo-22-18x6.jpg 18w, https:\/\/www.vbgardens.org\/wp-content\/uploads\/2026\/04\/Titulo-22.jpg 1588w\" sizes=\"(max-width: 800px) 100vw, 800px\" \/><\/div><\/a>\n\t\t\t\t<div class=\"elementor-post__badge\">Focos de Plantas<\/div>\n\t\t\t\t<div class=\"elementor-post__text\">\n\t\t\t\t<h3 class=\"elementor-post__title\">\n\t\t\t<a href=\"https:\/\/www.vbgardens.org\/es\/ceropegia-woodii-the-string-of-hearts-that-charms-on-valentines-day-and-seduces-flies\/\" >\n\t\t\t\tCeropegia woodii: la \u201cCadena de Corazones\u201d que encanta en San Valent\u00edn\u2026 y seduce a las moscas.\t\t\t<\/a>\n\t\t<\/h3>\n\t\t\n\t\t<a class=\"elementor-post__read-more\" href=\"https:\/\/www.vbgardens.org\/es\/ceropegia-woodii-the-string-of-hearts-that-charms-on-valentines-day-and-seduces-flies\/\" aria-label=\"Lee m\u00e1s sobre Ceropegia woodii: la \u201cCadena de Corazones\u201d que encanta en San Valent\u00edn... y seduce moscas.\" tabindex=\"-1\" >\n\t\t\tLeer m\u00e1s \u00bb\t\t<\/a>\n\n\t\t\t\t<\/div>\n\t\t\t\t<div class=\"elementor-post__meta-data\">\n\t\t\t\t\t<span class=\"elementor-post-author\">\n\t\t\tEsthefania Beltr\u00e1n\t\t<\/span>\n\t\t\t\t<span class=\"elementor-post-date\">\n\t\t\t14 de febrero de 2026\t\t<\/span>\n\t\t\t\t<\/div>\n\t\t\t\t\t<\/div>\n\t\t<\/article>\n\t\t\t\t<article class=\"elementor-post elementor-grid-item post-7537 post type-post status-publish format-standard has-post-thumbnail hentry category-orchid-of-the-month category-wildlife-ecology tag-chorizo-con-huevo tag-epiphytic tag-mexican-orchid tag-mexican-orchid-species tag-trichocentrum-brachyphyllum\" role=\"listitem\">\n\t\t\t<div class=\"elementor-post__card\">\n\t\t\t\t<a class=\"elementor-post__thumbnail__link\" href=\"https:\/\/www.vbgardens.org\/es\/orchid-of-the-month-trichocentrum-brachyphyllum\/\" tabindex=\"-1\" ><div class=\"elementor-post__thumbnail\"><img loading=\"lazy\" decoding=\"async\" width=\"800\" height=\"286\" src=\"https:\/\/www.vbgardens.org\/wp-content\/uploads\/2026\/04\/Titulo-21-1024x366.jpg\" class=\"attachment-large size-large wp-image-7541\" alt=\"\" srcset=\"https:\/\/www.vbgardens.org\/wp-content\/uploads\/2026\/04\/Titulo-21-1024x366.jpg 1024w, https:\/\/www.vbgardens.org\/wp-content\/uploads\/2026\/04\/Titulo-21-300x107.jpg 300w, https:\/\/www.vbgardens.org\/wp-content\/uploads\/2026\/04\/Titulo-21-768x274.jpg 768w, https:\/\/www.vbgardens.org\/wp-content\/uploads\/2026\/04\/Titulo-21-1536x548.jpg 1536w, https:\/\/www.vbgardens.org\/wp-content\/uploads\/2026\/04\/Titulo-21-18x6.jpg 18w, https:\/\/www.vbgardens.org\/wp-content\/uploads\/2026\/04\/Titulo-21.jpg 1588w\" sizes=\"(max-width: 800px) 100vw, 800px\" \/><\/div><\/a>\n\t\t\t\t<div class=\"elementor-post__badge\">Orqu\u00eddea del mes<\/div>\n\t\t\t\t<div class=\"elementor-post__text\">\n\t\t\t\t<h3 class=\"elementor-post__title\">\n\t\t\t<a href=\"https:\/\/www.vbgardens.org\/es\/orchid-of-the-month-trichocentrum-brachyphyllum\/\" >\n\t\t\t\tOrqu\u00eddea del mes: Trichocentrum brachyphyllum\t\t\t<\/a>\n\t\t<\/h3>\n\t\t\n\t\t<a class=\"elementor-post__read-more\" href=\"https:\/\/www.vbgardens.org\/es\/orchid-of-the-month-trichocentrum-brachyphyllum\/\" aria-label=\"Lea m\u00e1s acerca de la Orqu\u00eddea del mes: Trichocentrum brachyphyllum\" tabindex=\"-1\" >\n\t\t\tLeer m\u00e1s \u00bb\t\t<\/a>\n\n\t\t\t\t<\/div>\n\t\t\t\t<div class=\"elementor-post__meta-data\">\n\t\t\t\t\t<span class=\"elementor-post-author\">\n\t\t\t\u00d3scar Rodr\u00edguez\t\t<\/span>\n\t\t\t\t<span class=\"elementor-post-date\">\n\t\t\t7 de febrero de 2026\t\t<\/span>\n\t\t\t\t<\/div>\n\t\t\t\t\t<\/div>\n\t\t<\/article>\n\t\t\t\t<article class=\"elementor-post elementor-grid-item post-7524 post type-post status-publish format-standard has-post-thumbnail hentry category-bird-of-the-month category-wildlife-ecology tag-birdwatching tag-hooded-oriole tag-icterus-cucullatus\" role=\"listitem\">\n\t\t\t<div class=\"elementor-post__card\">\n\t\t\t\t<a class=\"elementor-post__thumbnail__link\" href=\"https:\/\/www.vbgardens.org\/es\/bird-of-the-month-icterus-cucullatus\/\" tabindex=\"-1\" ><div class=\"elementor-post__thumbnail\"><img loading=\"lazy\" decoding=\"async\" width=\"800\" height=\"286\" src=\"https:\/\/www.vbgardens.org\/wp-content\/uploads\/2026\/04\/Titulo-20-1024x366.jpg\" class=\"attachment-large size-large wp-image-7531\" alt=\"\" srcset=\"https:\/\/www.vbgardens.org\/wp-content\/uploads\/2026\/04\/Titulo-20-1024x366.jpg 1024w, https:\/\/www.vbgardens.org\/wp-content\/uploads\/2026\/04\/Titulo-20-300x107.jpg 300w, https:\/\/www.vbgardens.org\/wp-content\/uploads\/2026\/04\/Titulo-20-768x274.jpg 768w, https:\/\/www.vbgardens.org\/wp-content\/uploads\/2026\/04\/Titulo-20-1536x548.jpg 1536w, https:\/\/www.vbgardens.org\/wp-content\/uploads\/2026\/04\/Titulo-20-18x6.jpg 18w, https:\/\/www.vbgardens.org\/wp-content\/uploads\/2026\/04\/Titulo-20.jpg 1588w\" sizes=\"(max-width: 800px) 100vw, 800px\" \/><\/div><\/a>\n\t\t\t\t<div class=\"elementor-post__badge\">Ave del mes<\/div>\n\t\t\t\t<div class=\"elementor-post__text\">\n\t\t\t\t<h3 class=\"elementor-post__title\">\n\t\t\t<a href=\"https:\/\/www.vbgardens.org\/es\/bird-of-the-month-icterus-cucullatus\/\" >\n\t\t\t\tAve del mes: Icterus cucullatus\t\t\t<\/a>\n\t\t<\/h3>\n\t\t\n\t\t<a class=\"elementor-post__read-more\" href=\"https:\/\/www.vbgardens.org\/es\/bird-of-the-month-icterus-cucullatus\/\" aria-label=\"Lee m\u00e1s sobre el Ave del mes: Bolsero dorsirrufo\" tabindex=\"-1\" >\n\t\t\tLeer m\u00e1s \u00bb\t\t<\/a>\n\n\t\t\t\t<\/div>\n\t\t\t\t<div class=\"elementor-post__meta-data\">\n\t\t\t\t\t<span class=\"elementor-post-author\">\n\t\t\t\u00d3scar Rodr\u00edguez\t\t<\/span>\n\t\t\t\t<span class=\"elementor-post-date\">\n\t\t\t4 de febrero de 2026\t\t<\/span>\n\t\t\t\t<\/div>\n\t\t\t\t\t<\/div>\n\t\t<\/article>\n\t\t\t\t<article class=\"elementor-post elementor-grid-item post-4742 post type-post status-publish format-standard has-post-thumbnail hentry category-orchid-of-the-month category-wildlife-ecology tag-barkeria-obovata tag-mexican-orchid tag-mexican-orchid-species\" role=\"listitem\">\n\t\t\t<div class=\"elementor-post__card\">\n\t\t\t\t<a class=\"elementor-post__thumbnail__link\" href=\"https:\/\/www.vbgardens.org\/es\/barkeria-obovata\/\" tabindex=\"-1\" ><div class=\"elementor-post__thumbnail\"><img loading=\"lazy\" decoding=\"async\" width=\"800\" height=\"600\" src=\"https:\/\/www.vbgardens.org\/wp-content\/uploads\/2025\/11\/Barkeria_obovata-1024x768.jpg\" class=\"attachment-large size-large wp-image-6299\" alt=\"\" srcset=\"https:\/\/www.vbgardens.org\/wp-content\/uploads\/2025\/11\/Barkeria_obovata-1024x768.jpg 1024w, https:\/\/www.vbgardens.org\/wp-content\/uploads\/2025\/11\/Barkeria_obovata-300x225.jpg 300w, https:\/\/www.vbgardens.org\/wp-content\/uploads\/2025\/11\/Barkeria_obovata-768x576.jpg 768w, https:\/\/www.vbgardens.org\/wp-content\/uploads\/2025\/11\/Barkeria_obovata-16x12.jpg 16w, https:\/\/www.vbgardens.org\/wp-content\/uploads\/2025\/11\/Barkeria_obovata.jpg 1200w\" sizes=\"(max-width: 800px) 100vw, 800px\" \/><\/div><\/a>\n\t\t\t\t<div class=\"elementor-post__badge\">Orqu\u00eddea del mes<\/div>\n\t\t\t\t<div class=\"elementor-post__text\">\n\t\t\t\t<h3 class=\"elementor-post__title\">\n\t\t\t<a href=\"https:\/\/www.vbgardens.org\/es\/barkeria-obovata\/\" >\n\t\t\t\tBarkeria obovata\t\t\t<\/a>\n\t\t<\/h3>\n\t\t\n\t\t<a class=\"elementor-post__read-more\" href=\"https:\/\/www.vbgardens.org\/es\/barkeria-obovata\/\" aria-label=\"M\u00e1s informaci\u00f3n sobre Barkeria obovata\" tabindex=\"-1\" >\n\t\t\tLeer m\u00e1s \u00bb\t\t<\/a>\n\n\t\t\t\t<\/div>\n\t\t\t\t<div class=\"elementor-post__meta-data\">\n\t\t\t\t\t<span class=\"elementor-post-author\">\n\t\t\tCrist\u00f3bal S\u00e1nchez\t\t<\/span>\n\t\t\t\t<span class=\"elementor-post-date\">\n\t\t\t21 de enero de 2026\t\t<\/span>\n\t\t\t\t<\/div>\n\t\t\t\t\t<\/div>\n\t\t<\/article>\n\t\t\t\t<article class=\"elementor-post elementor-grid-item post-4737 post type-post status-publish format-standard has-post-thumbnail hentry category-bird-of-the-month category-education-community category-wildlife-ecology tag-ara-militaris tag-birdwatchers tag-birdwatching tag-military-macaw tag-ric-chamblee\" role=\"listitem\">\n\t\t\t<div class=\"elementor-post__card\">\n\t\t\t\t<a class=\"elementor-post__thumbnail__link\" href=\"https:\/\/www.vbgardens.org\/es\/bird-of-the-month-ara-militaris\/\" tabindex=\"-1\" ><div class=\"elementor-post__thumbnail\"><img loading=\"lazy\" decoding=\"async\" width=\"800\" height=\"286\" src=\"https:\/\/www.vbgardens.org\/wp-content\/uploads\/2026\/01\/Titulo-1024x366.jpg\" class=\"attachment-large size-large wp-image-7508\" alt=\"\" srcset=\"https:\/\/www.vbgardens.org\/wp-content\/uploads\/2026\/01\/Titulo-1024x366.jpg 1024w, https:\/\/www.vbgardens.org\/wp-content\/uploads\/2026\/01\/Titulo-300x107.jpg 300w, https:\/\/www.vbgardens.org\/wp-content\/uploads\/2026\/01\/Titulo-768x274.jpg 768w, https:\/\/www.vbgardens.org\/wp-content\/uploads\/2026\/01\/Titulo-1536x548.jpg 1536w, https:\/\/www.vbgardens.org\/wp-content\/uploads\/2026\/01\/Titulo-18x6.jpg 18w, https:\/\/www.vbgardens.org\/wp-content\/uploads\/2026\/01\/Titulo.jpg 1588w\" sizes=\"(max-width: 800px) 100vw, 800px\" \/><\/div><\/a>\n\t\t\t\t<div class=\"elementor-post__badge\">Ave del mes<\/div>\n\t\t\t\t<div class=\"elementor-post__text\">\n\t\t\t\t<h3 class=\"elementor-post__title\">\n\t\t\t<a href=\"https:\/\/www.vbgardens.org\/es\/bird-of-the-month-ara-militaris\/\" >\n\t\t\t\tAve del mes: Ara militaris\t\t\t<\/a>\n\t\t<\/h3>\n\t\t\n\t\t<a class=\"elementor-post__read-more\" href=\"https:\/\/www.vbgardens.org\/es\/bird-of-the-month-ara-militaris\/\" aria-label=\"M\u00e1s informaci\u00f3n sobre el ave del mes: Ara militaris\" tabindex=\"-1\" >\n\t\t\tLeer m\u00e1s \u00bb\t\t<\/a>\n\n\t\t\t\t<\/div>\n\t\t\t\t<div class=\"elementor-post__meta-data\">\n\t\t\t\t\t<span class=\"elementor-post-author\">\n\t\t\tJes\u00fas \u00c1ngel Barajas\t\t<\/span>\n\t\t\t\t<span class=\"elementor-post-date\">\n\t\t\t7 de enero de 2026\t\t<\/span>\n\t\t\t\t<\/div>\n\t\t\t\t\t<\/div>\n\t\t<\/article>\n\t\t\t\t<article class=\"elementor-post elementor-grid-item post-4739 post type-post status-publish format-standard has-post-thumbnail hentry category-art-culture-history tag-ecological-planning tag-el-tamarindo tag-rafael-guzman-mejia tag-university-of-guadalajara\" role=\"listitem\">\n\t\t\t<div class=\"elementor-post__card\">\n\t\t\t\t<a class=\"elementor-post__thumbnail__link\" href=\"https:\/\/www.vbgardens.org\/es\/in-memoriam-rafael-guzman-mejia\/\" tabindex=\"-1\" ><div class=\"elementor-post__thumbnail\"><img loading=\"lazy\" decoding=\"async\" width=\"800\" height=\"286\" src=\"https:\/\/www.vbgardens.org\/wp-content\/uploads\/2025\/12\/Titulo-1-1024x366.jpg\" class=\"attachment-large size-large wp-image-7504\" alt=\"\" srcset=\"https:\/\/www.vbgardens.org\/wp-content\/uploads\/2025\/12\/Titulo-1-1024x366.jpg 1024w, https:\/\/www.vbgardens.org\/wp-content\/uploads\/2025\/12\/Titulo-1-300x107.jpg 300w, https:\/\/www.vbgardens.org\/wp-content\/uploads\/2025\/12\/Titulo-1-768x274.jpg 768w, https:\/\/www.vbgardens.org\/wp-content\/uploads\/2025\/12\/Titulo-1-1536x548.jpg 1536w, https:\/\/www.vbgardens.org\/wp-content\/uploads\/2025\/12\/Titulo-1-18x6.jpg 18w, https:\/\/www.vbgardens.org\/wp-content\/uploads\/2025\/12\/Titulo-1.jpg 1588w\" sizes=\"(max-width: 800px) 100vw, 800px\" \/><\/div><\/a>\n\t\t\t\t<div class=\"elementor-post__badge\">Arte, Cultura e Historia<\/div>\n\t\t\t\t<div class=\"elementor-post__text\">\n\t\t\t\t<h3 class=\"elementor-post__title\">\n\t\t\t<a href=\"https:\/\/www.vbgardens.org\/es\/in-memoriam-rafael-guzman-mejia\/\" >\n\t\t\t\tEn memoria de Rafael Guzm\u00e1n Mej\u00eda\t\t\t<\/a>\n\t\t<\/h3>\n\t\t\n\t\t<a class=\"elementor-post__read-more\" href=\"https:\/\/www.vbgardens.org\/es\/in-memoriam-rafael-guzman-mejia\/\" aria-label=\"M\u00e1s informaci\u00f3n sobre \u00abIn memoriam: Rafael Guzm\u00e1n Mej\u00eda\u00bb\" tabindex=\"-1\" >\n\t\t\tLeer m\u00e1s \u00bb\t\t<\/a>\n\n\t\t\t\t<\/div>\n\t\t\t\t<div class=\"elementor-post__meta-data\">\n\t\t\t\t\t<span class=\"elementor-post-author\">\n\t\t\tCarmen Anaya\t\t<\/span>\n\t\t\t\t<span class=\"elementor-post-date\">\n\t\t\t10 de diciembre de 2025\t\t<\/span>\n\t\t\t\t<\/div>\n\t\t\t\t\t<\/div>\n\t\t<\/article>\n\t\t\t\t<article class=\"elementor-post elementor-grid-item post-4669 post type-post status-publish format-standard has-post-thumbnail hentry category-conservation-research category-news-events tag-conservation tag-los-horcones-river tag-protected-natural-areas\" role=\"listitem\">\n\t\t\t<div class=\"elementor-post__card\">\n\t\t\t\t<a class=\"elementor-post__thumbnail__link\" href=\"https:\/\/www.vbgardens.org\/es\/the-los-horcones-river-basin-a-critical-conservation-project-seeking-committed-supporters\/\" tabindex=\"-1\" ><div class=\"elementor-post__thumbnail\"><img loading=\"lazy\" decoding=\"async\" width=\"800\" height=\"600\" src=\"https:\/\/www.vbgardens.org\/wp-content\/uploads\/2025\/12\/Sexta-Sesion-del-Consejo-Estatal-de-Areas-Naturales-Protegidas-y-Otros-Instrumentos-d-1024x768.jpg\" class=\"attachment-large size-large wp-image-6427\" alt=\"\" srcset=\"https:\/\/www.vbgardens.org\/wp-content\/uploads\/2025\/12\/Sexta-Sesion-del-Consejo-Estatal-de-Areas-Naturales-Protegidas-y-Otros-Instrumentos-d-1024x768.jpg 1024w, https:\/\/www.vbgardens.org\/wp-content\/uploads\/2025\/12\/Sexta-Sesion-del-Consejo-Estatal-de-Areas-Naturales-Protegidas-y-Otros-Instrumentos-d-300x225.jpg 300w, https:\/\/www.vbgardens.org\/wp-content\/uploads\/2025\/12\/Sexta-Sesion-del-Consejo-Estatal-de-Areas-Naturales-Protegidas-y-Otros-Instrumentos-d-768x576.jpg 768w, https:\/\/www.vbgardens.org\/wp-content\/uploads\/2025\/12\/Sexta-Sesion-del-Consejo-Estatal-de-Areas-Naturales-Protegidas-y-Otros-Instrumentos-d-16x12.jpg 16w, https:\/\/www.vbgardens.org\/wp-content\/uploads\/2025\/12\/Sexta-Sesion-del-Consejo-Estatal-de-Areas-Naturales-Protegidas-y-Otros-Instrumentos-d.jpg 1080w\" sizes=\"(max-width: 800px) 100vw, 800px\" \/><\/div><\/a>\n\t\t\t\t<div class=\"elementor-post__badge\">Conservaci\u00f3n e Investigaci\u00f3n<\/div>\n\t\t\t\t<div class=\"elementor-post__text\">\n\t\t\t\t<h3 class=\"elementor-post__title\">\n\t\t\t<a href=\"https:\/\/www.vbgardens.org\/es\/the-los-horcones-river-basin-a-critical-conservation-project-seeking-committed-supporters\/\" >\n\t\t\t\tLa cuenca del r\u00edo Los Horcones: un proyecto de conservaci\u00f3n fundamental que busca colaboradores comprometidos\t\t\t<\/a>\n\t\t<\/h3>\n\t\t\n\t\t<a class=\"elementor-post__read-more\" href=\"https:\/\/www.vbgardens.org\/es\/the-los-horcones-river-basin-a-critical-conservation-project-seeking-committed-supporters\/\" aria-label=\"M\u00e1s informaci\u00f3n sobre \u00abLa cuenca del r\u00edo Los Horcones: un proyecto de conservaci\u00f3n fundamental que busca colaboradores comprometidos\u00bb\" tabindex=\"-1\" >\n\t\t\tLeer m\u00e1s \u00bb\t\t<\/a>\n\n\t\t\t\t<\/div>\n\t\t\t\t<div class=\"elementor-post__meta-data\">\n\t\t\t\t\t<span class=\"elementor-post-author\">\n\t\t\tCrist\u00f3bal S\u00e1nchez\t\t<\/span>\n\t\t\t\t<span class=\"elementor-post-date\">\n\t\t\t10 de diciembre de 2025\t\t<\/span>\n\t\t\t\t<\/div>\n\t\t\t\t\t<\/div>\n\t\t<\/article>\n\t\t\t\t<article class=\"elementor-post elementor-grid-item post-7485 post type-post status-publish format-standard has-post-thumbnail hentry category-bird-of-the-month category-education-community category-wildlife-ecology tag-birdwatchers tag-birdwatching tag-icteria-virens tag-yellow-breasted-chat\" role=\"listitem\">\n\t\t\t<div class=\"elementor-post__card\">\n\t\t\t\t<a class=\"elementor-post__thumbnail__link\" href=\"https:\/\/www.vbgardens.org\/es\/prosthechea-sanchezii-3\/\" tabindex=\"-1\" ><div class=\"elementor-post__thumbnail\"><img loading=\"lazy\" decoding=\"async\" width=\"800\" height=\"286\" src=\"https:\/\/www.vbgardens.org\/wp-content\/uploads\/2026\/04\/Titulo-19-1024x366.jpg\" class=\"attachment-large size-large wp-image-7487\" alt=\"\" srcset=\"https:\/\/www.vbgardens.org\/wp-content\/uploads\/2026\/04\/Titulo-19-1024x366.jpg 1024w, https:\/\/www.vbgardens.org\/wp-content\/uploads\/2026\/04\/Titulo-19-300x107.jpg 300w, https:\/\/www.vbgardens.org\/wp-content\/uploads\/2026\/04\/Titulo-19-768x274.jpg 768w, https:\/\/www.vbgardens.org\/wp-content\/uploads\/2026\/04\/Titulo-19-1536x548.jpg 1536w, https:\/\/www.vbgardens.org\/wp-content\/uploads\/2026\/04\/Titulo-19-18x6.jpg 18w, https:\/\/www.vbgardens.org\/wp-content\/uploads\/2026\/04\/Titulo-19.jpg 1588w\" sizes=\"(max-width: 800px) 100vw, 800px\" \/><\/div><\/a>\n\t\t\t\t<div class=\"elementor-post__badge\">Ave del mes<\/div>\n\t\t\t\t<div class=\"elementor-post__text\">\n\t\t\t\t<h3 class=\"elementor-post__title\">\n\t\t\t<a href=\"https:\/\/www.vbgardens.org\/es\/prosthechea-sanchezii-3\/\" >\n\t\t\t\tAve del mes: Chipe de pecho amarillo\t\t\t<\/a>\n\t\t<\/h3>\n\t\t\n\t\t<a class=\"elementor-post__read-more\" href=\"https:\/\/www.vbgardens.org\/es\/prosthechea-sanchezii-3\/\" aria-label=\"Lee m\u00e1s sobre el Ave del Mes: chat de pecho amarillo\" tabindex=\"-1\" >\n\t\t\tLeer m\u00e1s \u00bb\t\t<\/a>\n\n\t\t\t\t<\/div>\n\t\t\t\t<div class=\"elementor-post__meta-data\">\n\t\t\t\t\t<span class=\"elementor-post-author\">\n\t\t\tJes\u00fas \u00c1ngel Barajas\t\t<\/span>\n\t\t\t\t<span class=\"elementor-post-date\">\n\t\t\t20 de noviembre de 2025\t\t<\/span>\n\t\t\t\t<\/div>\n\t\t\t\t\t<\/div>\n\t\t<\/article>\n\t\t\t\t<article class=\"elementor-post elementor-grid-item post-7474 post type-post status-publish format-standard has-post-thumbnail hentry category-education-community category-orchid-of-the-month category-wildlife-ecology tag-barkeria-scandens tag-in-vitro tag-mexican-orchid tag-mexican-orchid-species tag-propagation tag-seed\" role=\"listitem\">\n\t\t\t<div class=\"elementor-post__card\">\n\t\t\t\t<a class=\"elementor-post__thumbnail__link\" href=\"https:\/\/www.vbgardens.org\/es\/orchid-of-the-month-barkeria-scandens\/\" tabindex=\"-1\" ><div class=\"elementor-post__thumbnail\"><img loading=\"lazy\" decoding=\"async\" width=\"800\" height=\"286\" src=\"https:\/\/www.vbgardens.org\/wp-content\/uploads\/2026\/04\/Titulo-18-1024x366.jpg\" class=\"attachment-large size-large wp-image-7476\" alt=\"\" srcset=\"https:\/\/www.vbgardens.org\/wp-content\/uploads\/2026\/04\/Titulo-18-1024x366.jpg 1024w, https:\/\/www.vbgardens.org\/wp-content\/uploads\/2026\/04\/Titulo-18-300x107.jpg 300w, https:\/\/www.vbgardens.org\/wp-content\/uploads\/2026\/04\/Titulo-18-768x274.jpg 768w, https:\/\/www.vbgardens.org\/wp-content\/uploads\/2026\/04\/Titulo-18-1536x548.jpg 1536w, https:\/\/www.vbgardens.org\/wp-content\/uploads\/2026\/04\/Titulo-18-18x6.jpg 18w, https:\/\/www.vbgardens.org\/wp-content\/uploads\/2026\/04\/Titulo-18.jpg 1588w\" sizes=\"(max-width: 800px) 100vw, 800px\" \/><\/div><\/a>\n\t\t\t\t<div class=\"elementor-post__badge\">Educaci\u00f3n y comunidad<\/div>\n\t\t\t\t<div class=\"elementor-post__text\">\n\t\t\t\t<h3 class=\"elementor-post__title\">\n\t\t\t<a href=\"https:\/\/www.vbgardens.org\/es\/orchid-of-the-month-barkeria-scandens\/\" >\n\t\t\t\tOrqu\u00eddea del mes: Barkeria scandens\t\t\t<\/a>\n\t\t<\/h3>\n\t\t\n\t\t<a class=\"elementor-post__read-more\" href=\"https:\/\/www.vbgardens.org\/es\/orchid-of-the-month-barkeria-scandens\/\" aria-label=\"Lee m\u00e1s sobre la Orqu\u00eddea del mes: Barkeria scandens\" tabindex=\"-1\" >\n\t\t\tLeer m\u00e1s \u00bb\t\t<\/a>\n\n\t\t\t\t<\/div>\n\t\t\t\t<div class=\"elementor-post__meta-data\">\n\t\t\t\t\t<span class=\"elementor-post-author\">\n\t\t\tJes\u00fas \u00c1ngel Barajas\t\t<\/span>\n\t\t\t\t<span class=\"elementor-post-date\">\n\t\t\t18 de noviembre de 2025\t\t<\/span>\n\t\t\t\t<\/div>\n\t\t\t\t\t<\/div>\n\t\t<\/article>\n\t\t\t\t<article class=\"elementor-post elementor-grid-item post-7465 post type-post status-publish format-standard has-post-thumbnail hentry category-news-events tag-national-autonomous-university-of-mexico tag-technical-manager\" role=\"listitem\">\n\t\t\t<div class=\"elementor-post__card\">\n\t\t\t\t<a class=\"elementor-post__thumbnail__link\" href=\"https:\/\/www.vbgardens.org\/es\/new-technical-manager-at-the-vallarta-botanical-garden\/\" tabindex=\"-1\" ><div class=\"elementor-post__thumbnail\"><img loading=\"lazy\" decoding=\"async\" width=\"800\" height=\"286\" src=\"https:\/\/www.vbgardens.org\/wp-content\/uploads\/2026\/04\/Titulo-17-1024x366.jpg\" class=\"attachment-large size-large wp-image-7470\" alt=\"\" srcset=\"https:\/\/www.vbgardens.org\/wp-content\/uploads\/2026\/04\/Titulo-17-1024x366.jpg 1024w, https:\/\/www.vbgardens.org\/wp-content\/uploads\/2026\/04\/Titulo-17-300x107.jpg 300w, https:\/\/www.vbgardens.org\/wp-content\/uploads\/2026\/04\/Titulo-17-768x274.jpg 768w, https:\/\/www.vbgardens.org\/wp-content\/uploads\/2026\/04\/Titulo-17-1536x548.jpg 1536w, https:\/\/www.vbgardens.org\/wp-content\/uploads\/2026\/04\/Titulo-17-18x6.jpg 18w, https:\/\/www.vbgardens.org\/wp-content\/uploads\/2026\/04\/Titulo-17.jpg 1588w\" sizes=\"(max-width: 800px) 100vw, 800px\" \/><\/div><\/a>\n\t\t\t\t<div class=\"elementor-post__badge\">Noticias y Eventos<\/div>\n\t\t\t\t<div class=\"elementor-post__text\">\n\t\t\t\t<h3 class=\"elementor-post__title\">\n\t\t\t<a href=\"https:\/\/www.vbgardens.org\/es\/new-technical-manager-at-the-vallarta-botanical-garden\/\" >\n\t\t\t\tNuevo Gerente T\u00e9cnico en el Jard\u00edn Bot\u00e1nico de Vallarta\t\t\t<\/a>\n\t\t<\/h3>\n\t\t\n\t\t<a class=\"elementor-post__read-more\" href=\"https:\/\/www.vbgardens.org\/es\/new-technical-manager-at-the-vallarta-botanical-garden\/\" aria-label=\"Lee m\u00e1s sobre el Nuevo Gerente T\u00e9cnico en el Jard\u00edn Bot\u00e1nico de Vallarta.\" tabindex=\"-1\" >\n\t\t\tLeer m\u00e1s \u00bb\t\t<\/a>\n\n\t\t\t\t<\/div>\n\t\t\t\t<div class=\"elementor-post__meta-data\">\n\t\t\t\t\t<span class=\"elementor-post-author\">\n\t\t\tAntonio G\u00f3mez\t\t<\/span>\n\t\t\t\t<span class=\"elementor-post-date\">\n\t\t\t9 de noviembre de 2025\t\t<\/span>\n\t\t\t\t<\/div>\n\t\t\t\t\t<\/div>\n\t\t<\/article>\n\t\t\t\t<article class=\"elementor-post elementor-grid-item post-7437 post type-post status-publish format-standard has-post-thumbnail hentry category-conservation-research category-education-community tag-botanic-gardens-conservation-international tag-central-and-caribbean-botanical-garden tag-conservation tag-environmental-education tag-research\" role=\"listitem\">\n\t\t\t<div class=\"elementor-post__card\">\n\t\t\t\t<a class=\"elementor-post__thumbnail__link\" href=\"https:\/\/www.vbgardens.org\/es\/united-for-conservation-vbg-at-bgci-catie\/\" tabindex=\"-1\" ><div class=\"elementor-post__thumbnail\"><img loading=\"lazy\" decoding=\"async\" width=\"800\" height=\"297\" src=\"https:\/\/www.vbgardens.org\/wp-content\/uploads\/2026\/04\/IMG_7272-1-scaled-1-2048x759-2-1024x380.jpg\" class=\"attachment-large size-large wp-image-7454\" alt=\"\" srcset=\"https:\/\/www.vbgardens.org\/wp-content\/uploads\/2026\/04\/IMG_7272-1-scaled-1-2048x759-2-1024x380.jpg 1024w, https:\/\/www.vbgardens.org\/wp-content\/uploads\/2026\/04\/IMG_7272-1-scaled-1-2048x759-2-300x111.jpg 300w, https:\/\/www.vbgardens.org\/wp-content\/uploads\/2026\/04\/IMG_7272-1-scaled-1-2048x759-2-768x285.jpg 768w, https:\/\/www.vbgardens.org\/wp-content\/uploads\/2026\/04\/IMG_7272-1-scaled-1-2048x759-2-1536x569.jpg 1536w, https:\/\/www.vbgardens.org\/wp-content\/uploads\/2026\/04\/IMG_7272-1-scaled-1-2048x759-2-18x7.jpg 18w, https:\/\/www.vbgardens.org\/wp-content\/uploads\/2026\/04\/IMG_7272-1-scaled-1-2048x759-2.jpg 2048w\" sizes=\"(max-width: 800px) 100vw, 800px\" \/><\/div><\/a>\n\t\t\t\t<div class=\"elementor-post__badge\">Conservaci\u00f3n e Investigaci\u00f3n<\/div>\n\t\t\t\t<div class=\"elementor-post__text\">\n\t\t\t\t<h3 class=\"elementor-post__title\">\n\t\t\t<a href=\"https:\/\/www.vbgardens.org\/es\/united-for-conservation-vbg-at-bgci-catie\/\" >\n\t\t\t\tUnidos por la Conservaci\u00f3n: VBG en BGCI-CATIE\t\t\t<\/a>\n\t\t<\/h3>\n\t\t\n\t\t<a class=\"elementor-post__read-more\" href=\"https:\/\/www.vbgardens.org\/es\/united-for-conservation-vbg-at-bgci-catie\/\" aria-label=\"Lee m\u00e1s sobre Unidos por la Conservaci\u00f3n: VBG en BGCI-CATIE\" tabindex=\"-1\" >\n\t\t\tLeer m\u00e1s \u00bb\t\t<\/a>\n\n\t\t\t\t<\/div>\n\t\t\t\t<div class=\"elementor-post__meta-data\">\n\t\t\t\t\t<span class=\"elementor-post-author\">\n\t\t\tEvelyn Mart\u00ednez\t\t<\/span>\n\t\t\t\t<span class=\"elementor-post-date\">\n\t\t\t22 de octubre de 2025\t\t<\/span>\n\t\t\t\t<\/div>\n\t\t\t\t\t<\/div>\n\t\t<\/article>\n\t\t\t\t<article class=\"elementor-post elementor-grid-item post-7427 post type-post status-publish format-standard has-post-thumbnail hentry category-wildlife-ecology tag-birdwatchers tag-birdwatching tag-momotidae-family tag-momotus-mexicanus tag-russet-crowned-motmot\" role=\"listitem\">\n\t\t\t<div class=\"elementor-post__card\">\n\t\t\t\t<a class=\"elementor-post__thumbnail__link\" href=\"https:\/\/www.vbgardens.org\/es\/russet-crowned-motmot\/\" tabindex=\"-1\" ><div class=\"elementor-post__thumbnail\"><img loading=\"lazy\" decoding=\"async\" width=\"800\" height=\"286\" src=\"https:\/\/www.vbgardens.org\/wp-content\/uploads\/2026\/04\/Titulo-MOTMOT-1024x366.jpg\" class=\"attachment-large size-large wp-image-7430\" alt=\"\" srcset=\"https:\/\/www.vbgardens.org\/wp-content\/uploads\/2026\/04\/Titulo-MOTMOT-1024x366.jpg 1024w, https:\/\/www.vbgardens.org\/wp-content\/uploads\/2026\/04\/Titulo-MOTMOT-300x107.jpg 300w, https:\/\/www.vbgardens.org\/wp-content\/uploads\/2026\/04\/Titulo-MOTMOT-768x274.jpg 768w, https:\/\/www.vbgardens.org\/wp-content\/uploads\/2026\/04\/Titulo-MOTMOT-1536x548.jpg 1536w, https:\/\/www.vbgardens.org\/wp-content\/uploads\/2026\/04\/Titulo-MOTMOT-18x6.jpg 18w, https:\/\/www.vbgardens.org\/wp-content\/uploads\/2026\/04\/Titulo-MOTMOT.jpg 1588w\" sizes=\"(max-width: 800px) 100vw, 800px\" \/><\/div><\/a>\n\t\t\t\t<div class=\"elementor-post__badge\">Vida silvestre y ecolog\u00eda<\/div>\n\t\t\t\t<div class=\"elementor-post__text\">\n\t\t\t\t<h3 class=\"elementor-post__title\">\n\t\t\t<a href=\"https:\/\/www.vbgardens.org\/es\/russet-crowned-motmot\/\" >\n\t\t\t\tAlcaud\u00f3n real\t\t\t<\/a>\n\t\t<\/h3>\n\t\t\n\t\t<a class=\"elementor-post__read-more\" href=\"https:\/\/www.vbgardens.org\/es\/russet-crowned-motmot\/\" aria-label=\"Lee m\u00e1s sobre el Momoto coronirrufo\" tabindex=\"-1\" >\n\t\t\tLeer m\u00e1s \u00bb\t\t<\/a>\n\n\t\t\t\t<\/div>\n\t\t\t\t<div class=\"elementor-post__meta-data\">\n\t\t\t\t\t<span class=\"elementor-post-author\">\n\t\t\tEduardo Villegas\t\t<\/span>\n\t\t\t\t<span class=\"elementor-post-date\">\n\t\t\t5 de septiembre de 2025\t\t<\/span>\n\t\t\t\t<\/div>\n\t\t\t\t\t<\/div>\n\t\t<\/article>\n\t\t\t\t<\/div>\n\t\t\t\t\t<span class=\"e-load-more-spinner\">\n\t\t\t\t<svg aria-hidden=\"true\" class=\"e-font-icon-svg e-fas-spinner\" viewbox=\"0 0 512 512\" xmlns=\"http:\/\/www.w3.org\/2000\/svg\"><path d=\"M304 48c0 26.51-21.49 48-48 48s-48-21.49-48-48 21.49-48 48-48 48 21.49 48 48zm-48 368c-26.51 0-48 21.49-48 48s21.49 48 48 48 48-21.49 48-48-21.49-48-48-48zm208-208c-26.51 0-48 21.49-48 48s21.49 48 48 48 48-21.49 48-48-21.49-48-48-48zM96 256c0-26.51-21.49-48-48-48S0 229.49 0 256s21.49 48 48 48 48-21.49 48-48zm12.922 99.078c-26.51 0-48 21.49-48 48s21.49 48 48 48 48-21.49 48-48c0-26.509-21.491-48-48-48zm294.156 0c-26.51 0-48 21.49-48 48s21.49 48 48 48 48-21.49 48-48c0-26.509-21.49-48-48-48zM108.922 60.922c-26.51 0-48 21.49-48 48s21.49 48 48 48 48-21.49 48-48-21.491-48-48-48z\"><\/path><\/svg>\t\t\t<\/span>\n\t\t\n\t\t\t\t<div class=\"e-load-more-anchor\" data-page=\"1\" data-max-page=\"4\" data-next-page=\"https:\/\/www.vbgardens.org\/es\/wp-json\/wp\/v2\/pages\/469\/page\/2\/\"><\/div>\n\t\t\t\t<div class=\"elementor-button-wrapper\">\n\t\t\t<a class=\"elementor-button elementor-size-sm\" role=\"button\" id=\"julio 26, 2025\">\n\t\t\t\t\t\t<span class=\"elementor-button-content-wrapper\">\n\t\t\t\t\t\t\t\t\t<span class=\"elementor-button-text\">Load More<\/span>\n\t\t\t\t\t<\/span>\n\t\t\t\t\t<\/a>\n\t\t<\/div>\n\t\t\t\t<div class=\"e-load-more-message\"><\/div>\n\t\t\t\t\t\t<\/div>\n\t\t\t\t<\/div>\n\t\t\t\t<\/div>\n\t\t<div class=\"elementor-element elementor-element-f5de034 e-con-full e-flex e-con e-child\" data-id=\"f5de034\" data-element_type=\"container\" data-e-type=\"container\" data-settings=\"{&quot;background_background&quot;:&quot;classic&quot;}\">\n\t\t<div class=\"elementor-element elementor-element-0adf7c0 e-con-full e-flex e-con e-child\" data-id=\"0adf7c0\" data-element_type=\"container\" data-e-type=\"container\">\n\t\t\t\t<div class=\"elementor-element elementor-element-f47eece elementor-widget elementor-widget-heading\" data-id=\"f47eece\" data-element_type=\"widget\" data-e-type=\"widget\" data-widget_type=\"heading.default\">\n\t\t\t\t<div class=\"elementor-widget-container\">\n\t\t\t\t\t<h3 class=\"elementor-heading-title elementor-size-default\">Categor\u00edas<\/h3>\t\t\t\t<\/div>\n\t\t\t\t<\/div>\n\t\t\t\t<div class=\"elementor-element elementor-element-f5ac05a elementor-widget-divider--view-line elementor-widget elementor-widget-divider\" data-id=\"f5ac05a\" data-element_type=\"widget\" data-e-type=\"widget\" data-widget_type=\"divider.default\">\n\t\t\t\t<div class=\"elementor-widget-container\">\n\t\t\t\t\t\t\t<div class=\"elementor-divider\">\n\t\t\t<span class=\"elementor-divider-separator\">\n\t\t\t\t\t\t<\/span>\n\t\t<\/div>\n\t\t\t\t\t\t<\/div>\n\t\t\t\t<\/div>\n\t\t<div class=\"elementor-element elementor-element-b3bbec0 e-con-full e-flex e-con e-child\" data-id=\"b3bbec0\" data-element_type=\"container\" data-e-type=\"container\">\n\t\t\t\t<div class=\"elementor-element elementor-element-505ba73 elementor-widget elementor-widget-text-editor\" data-id=\"505ba73\" data-element_type=\"widget\" data-e-type=\"widget\" data-widget_type=\"text-editor.default\">\n\t\t\t\t<div class=\"elementor-widget-container\">\n\t\t\t\t\t\t\t\t\t<h4>Bird of The Month<\/h4>\t\t\t\t\t\t\t\t<\/div>\n\t\t\t\t<\/div>\n\t\t\t\t<div class=\"elementor-element elementor-element-9f9afb6 elementor-grid-1 elementor-posts--thumbnail-none elementor-grid-tablet-2 elementor-grid-mobile-1 elementor-widget elementor-widget-posts\" data-id=\"9f9afb6\" data-element_type=\"widget\" data-e-type=\"widget\" data-settings=\"{&quot;classic_columns&quot;:&quot;1&quot;,&quot;classic_columns_tablet&quot;:&quot;2&quot;,&quot;classic_columns_mobile&quot;:&quot;1&quot;,&quot;classic_row_gap&quot;:{&quot;unit&quot;:&quot;px&quot;,&quot;size&quot;:35,&quot;sizes&quot;:[]},&quot;classic_row_gap_tablet&quot;:{&quot;unit&quot;:&quot;px&quot;,&quot;size&quot;:&quot;&quot;,&quot;sizes&quot;:[]},&quot;classic_row_gap_mobile&quot;:{&quot;unit&quot;:&quot;px&quot;,&quot;size&quot;:&quot;&quot;,&quot;sizes&quot;:[]}}\" data-widget_type=\"posts.classic\">\n\t\t\t\t<div class=\"elementor-widget-container\">\n\t\t\t\t\t\t\t<div class=\"elementor-posts-container elementor-posts elementor-posts--skin-classic elementor-grid\" role=\"list\">\n\t\t\t\t<article class=\"elementor-post elementor-grid-item post-7625 post type-post status-publish format-standard has-post-thumbnail hentry category-bird-of-the-month category-conservation-research category-education-community category-wildlife-ecology tag-broad-billed-hummingbird tag-cynanthus-latirostris tag-ecology\" role=\"listitem\">\n\t\t\t\t<div class=\"elementor-post__text\">\n\t\t\t\t<p class=\"elementor-post__title\">\n\t\t\t<a href=\"https:\/\/www.vbgardens.org\/es\/mexican-bird-of-the-month-cynanthus-latirostris\/\" >\n\t\t\t\tP\u00e1jaro Mexicano del Mes: Cynanthus latirostris\t\t\t<\/a>\n\t\t<\/p>\n\t\t\t\t<div class=\"elementor-post__meta-data\">\n\t\t\t\t\t<span class=\"elementor-post-author\">\n\t\t\t\u00d3scar Rodr\u00edguez\t\t<\/span>\n\t\t\t\t<span class=\"elementor-post-date\">\n\t\t\t1 de abril de 2026\t\t<\/span>\n\t\t\t\t<\/div>\n\t\t\n\t\t<a class=\"elementor-post__read-more\" href=\"https:\/\/www.vbgardens.org\/es\/mexican-bird-of-the-month-cynanthus-latirostris\/\" aria-label=\"M\u00e1s informaci\u00f3n sobre el Ave Mexicana del Mes: *Cynanthus latirostris*\" tabindex=\"-1\" >\n\t\t\tLeer m\u00e1s \u00bb\t\t<\/a>\n\n\t\t\t\t<\/div>\n\t\t\t\t<\/article>\n\t\t\t\t<article class=\"elementor-post elementor-grid-item post-7605 post type-post status-publish format-standard has-post-thumbnail hentry category-bird-of-the-month category-education-community category-wildlife-ecology tag-birdwatchers tag-setophaga-pitiayumi tag-tropical-parula\" role=\"listitem\">\n\t\t\t\t<div class=\"elementor-post__text\">\n\t\t\t\t<p class=\"elementor-post__title\">\n\t\t\t<a href=\"https:\/\/www.vbgardens.org\/es\/mexican-bird-of-the-month-tropical-parula\/\" >\n\t\t\t\tP\u00e1jaro Mexicano del Mes: Mascarita Tropical\t\t\t<\/a>\n\t\t<\/p>\n\t\t\t\t<div class=\"elementor-post__meta-data\">\n\t\t\t\t\t<span class=\"elementor-post-author\">\n\t\t\t\u00d3scar Rodr\u00edguez\t\t<\/span>\n\t\t\t\t<span class=\"elementor-post-date\">\n\t\t\t5 de marzo de 2026\t\t<\/span>\n\t\t\t\t<\/div>\n\t\t\n\t\t<a class=\"elementor-post__read-more\" href=\"https:\/\/www.vbgardens.org\/es\/mexican-bird-of-the-month-tropical-parula\/\" aria-label=\"Lea m\u00e1s sobre el Ave Mexicana del Mes: Reinita Tropical\" tabindex=\"-1\" >\n\t\t\tLeer m\u00e1s \u00bb\t\t<\/a>\n\n\t\t\t\t<\/div>\n\t\t\t\t<\/article>\n\t\t\t\t<article class=\"elementor-post elementor-grid-item post-7524 post type-post status-publish format-standard has-post-thumbnail hentry category-bird-of-the-month category-wildlife-ecology tag-birdwatching tag-hooded-oriole tag-icterus-cucullatus\" role=\"listitem\">\n\t\t\t\t<div class=\"elementor-post__text\">\n\t\t\t\t<p class=\"elementor-post__title\">\n\t\t\t<a href=\"https:\/\/www.vbgardens.org\/es\/bird-of-the-month-icterus-cucullatus\/\" >\n\t\t\t\tAve del mes: Icterus cucullatus\t\t\t<\/a>\n\t\t<\/p>\n\t\t\t\t<div class=\"elementor-post__meta-data\">\n\t\t\t\t\t<span class=\"elementor-post-author\">\n\t\t\t\u00d3scar Rodr\u00edguez\t\t<\/span>\n\t\t\t\t<span class=\"elementor-post-date\">\n\t\t\t4 de febrero de 2026\t\t<\/span>\n\t\t\t\t<\/div>\n\t\t\n\t\t<a class=\"elementor-post__read-more\" href=\"https:\/\/www.vbgardens.org\/es\/bird-of-the-month-icterus-cucullatus\/\" aria-label=\"Lee m\u00e1s sobre el Ave del mes: Bolsero dorsirrufo\" tabindex=\"-1\" >\n\t\t\tLeer m\u00e1s \u00bb\t\t<\/a>\n\n\t\t\t\t<\/div>\n\t\t\t\t<\/article>\n\t\t\t\t<\/div>\n\t\t\n\t\t\t\t\t\t<\/div>\n\t\t\t\t<\/div>\n\t\t\t\t<div class=\"elementor-element elementor-element-d85d955 elementor-widget-divider--view-line elementor-widget elementor-widget-divider\" data-id=\"d85d955\" data-element_type=\"widget\" data-e-type=\"widget\" data-widget_type=\"divider.default\">\n\t\t\t\t<div class=\"elementor-widget-container\">\n\t\t\t\t\t\t\t<div class=\"elementor-divider\">\n\t\t\t<span class=\"elementor-divider-separator\">\n\t\t\t\t\t\t<\/span>\n\t\t<\/div>\n\t\t\t\t\t\t<\/div>\n\t\t\t\t<\/div>\n\t\t\t\t<\/div>\n\t\t\t\t<div class=\"elementor-element elementor-element-c9d68eb elementor-widget elementor-widget-text-editor\" data-id=\"c9d68eb\" data-element_type=\"widget\" data-e-type=\"widget\" data-widget_type=\"text-editor.default\">\n\t\t\t\t<div class=\"elementor-widget-container\">\n\t\t\t\t\t\t\t\t\t<h4>Orchid of The Month<\/h4>\t\t\t\t\t\t\t\t<\/div>\n\t\t\t\t<\/div>\n\t\t\t\t<div class=\"elementor-element elementor-element-1c7da67 elementor-grid-1 elementor-posts--thumbnail-none elementor-grid-tablet-2 elementor-grid-mobile-1 elementor-widget elementor-widget-posts\" data-id=\"1c7da67\" data-element_type=\"widget\" data-e-type=\"widget\" data-settings=\"{&quot;classic_columns&quot;:&quot;1&quot;,&quot;classic_columns_tablet&quot;:&quot;2&quot;,&quot;classic_columns_mobile&quot;:&quot;1&quot;,&quot;classic_row_gap&quot;:{&quot;unit&quot;:&quot;px&quot;,&quot;size&quot;:35,&quot;sizes&quot;:[]},&quot;classic_row_gap_tablet&quot;:{&quot;unit&quot;:&quot;px&quot;,&quot;size&quot;:&quot;&quot;,&quot;sizes&quot;:[]},&quot;classic_row_gap_mobile&quot;:{&quot;unit&quot;:&quot;px&quot;,&quot;size&quot;:&quot;&quot;,&quot;sizes&quot;:[]}}\" data-widget_type=\"posts.classic\">\n\t\t\t\t<div class=\"elementor-widget-container\">\n\t\t\t\t\t\t\t<div class=\"elementor-posts-container elementor-posts elementor-posts--skin-classic elementor-grid\" role=\"list\">\n\t\t\t\t<article class=\"elementor-post elementor-grid-item post-7640 post type-post status-publish format-standard has-post-thumbnail hentry category-conservation-research category-education-community category-orchid-of-the-month category-plant-spotlights tag-canelita tag-endemic-to-mexico tag-haired-orchid tag-lycaste-crinita tag-mexican-orchid tag-mexican-orchid-species\" role=\"listitem\">\n\t\t\t\t<div class=\"elementor-post__text\">\n\t\t\t\t<p class=\"elementor-post__title\">\n\t\t\t<a href=\"https:\/\/www.vbgardens.org\/es\/mexican-orchid-of-the-month-lycaste-crinita\/\" >\n\t\t\t\tOrqu\u00eddea Mexicana del Mes: Lycaste crinita\t\t\t<\/a>\n\t\t<\/p>\n\t\t\t\t<div class=\"elementor-post__meta-data\">\n\t\t\t\t\t<span class=\"elementor-post-author\">\n\t\t\t\u00d3scar Rodr\u00edguez\t\t<\/span>\n\t\t\t\t<span class=\"elementor-post-date\">\n\t\t\t4 de abril de 2026\t\t<\/span>\n\t\t\t\t<\/div>\n\t\t\n\t\t<a class=\"elementor-post__read-more\" href=\"https:\/\/www.vbgardens.org\/es\/mexican-orchid-of-the-month-lycaste-crinita\/\" aria-label=\"Lea m\u00e1s sobre la Orqu\u00eddea Mexicana del Mes: Lycaste crinita\" tabindex=\"-1\" >\n\t\t\tLeer m\u00e1s \u00bb\t\t<\/a>\n\n\t\t\t\t<\/div>\n\t\t\t\t<\/article>\n\t\t\t\t<article class=\"elementor-post elementor-grid-item post-7364 post type-post status-publish format-standard has-post-thumbnail hentry category-conservation-research category-education-community category-orchid-of-the-month category-wildlife-ecology tag-mexican-orchid tag-mexican-orchid-species tag-prosthechea-madrensis tag-the-shell-flower-of-the-sierra-madre\" role=\"listitem\">\n\t\t\t\t<div class=\"elementor-post__text\">\n\t\t\t\t<p class=\"elementor-post__title\">\n\t\t\t<a href=\"https:\/\/www.vbgardens.org\/es\/mexican-orchid-of-the-month-prosthechea-madrensis-the-shell-flower-of-the-sierra-madre\/\" >\n\t\t\t\tOrqu\u00eddea Mexicana del Mes: Prosthechea madrensis \u2013 La Orqu\u00eddea de Concha de la Sierra Madre\t\t\t<\/a>\n\t\t<\/p>\n\t\t\t\t<div class=\"elementor-post__meta-data\">\n\t\t\t\t\t<span class=\"elementor-post-author\">\n\t\t\t\u00d3scar Rodr\u00edguez\t\t<\/span>\n\t\t\t\t<span class=\"elementor-post-date\">\n\t\t\t4 de marzo de 2026\t\t<\/span>\n\t\t\t\t<\/div>\n\t\t\n\t\t<a class=\"elementor-post__read-more\" href=\"https:\/\/www.vbgardens.org\/es\/mexican-orchid-of-the-month-prosthechea-madrensis-the-shell-flower-of-the-sierra-madre\/\" aria-label=\"Lea m\u00e1s sobre la Orqu\u00eddea Mexicana del Mes: Prosthechea madrensis \u2013 La Flor Concha de la Sierra Madre\" tabindex=\"-1\" >\n\t\t\tLeer m\u00e1s \u00bb\t\t<\/a>\n\n\t\t\t\t<\/div>\n\t\t\t\t<\/article>\n\t\t\t\t<article class=\"elementor-post elementor-grid-item post-7537 post type-post status-publish format-standard has-post-thumbnail hentry category-orchid-of-the-month category-wildlife-ecology tag-chorizo-con-huevo tag-epiphytic tag-mexican-orchid tag-mexican-orchid-species tag-trichocentrum-brachyphyllum\" role=\"listitem\">\n\t\t\t\t<div class=\"elementor-post__text\">\n\t\t\t\t<p class=\"elementor-post__title\">\n\t\t\t<a href=\"https:\/\/www.vbgardens.org\/es\/orchid-of-the-month-trichocentrum-brachyphyllum\/\" >\n\t\t\t\tOrqu\u00eddea del mes: Trichocentrum brachyphyllum\t\t\t<\/a>\n\t\t<\/p>\n\t\t\t\t<div class=\"elementor-post__meta-data\">\n\t\t\t\t\t<span class=\"elementor-post-author\">\n\t\t\t\u00d3scar Rodr\u00edguez\t\t<\/span>\n\t\t\t\t<span class=\"elementor-post-date\">\n\t\t\t7 de febrero de 2026\t\t<\/span>\n\t\t\t\t<\/div>\n\t\t\n\t\t<a class=\"elementor-post__read-more\" href=\"https:\/\/www.vbgardens.org\/es\/orchid-of-the-month-trichocentrum-brachyphyllum\/\" aria-label=\"Lea m\u00e1s acerca de la Orqu\u00eddea del mes: Trichocentrum brachyphyllum\" tabindex=\"-1\" >\n\t\t\tLeer m\u00e1s \u00bb\t\t<\/a>\n\n\t\t\t\t<\/div>\n\t\t\t\t<\/article>\n\t\t\t\t<\/div>\n\t\t\n\t\t\t\t\t\t<\/div>\n\t\t\t\t<\/div>\n\t\t\t\t<div class=\"elementor-element elementor-element-698f5c9 elementor-widget-divider--view-line elementor-widget elementor-widget-divider\" data-id=\"698f5c9\" data-element_type=\"widget\" data-e-type=\"widget\" data-widget_type=\"divider.default\">\n\t\t\t\t<div class=\"elementor-widget-container\">\n\t\t\t\t\t\t\t<div class=\"elementor-divider\">\n\t\t\t<span class=\"elementor-divider-separator\">\n\t\t\t\t\t\t<\/span>\n\t\t<\/div>\n\t\t\t\t\t\t<\/div>\n\t\t\t\t<\/div>\n\t\t\t\t<\/div>\n\t\t<div class=\"elementor-element elementor-element-5c43d2c e-con-full e-flex e-con e-child\" data-id=\"5c43d2c\" data-element_type=\"container\" data-e-type=\"container\">\n\t\t\t\t<\/div>\n\t\t<div class=\"elementor-element elementor-element-b2d3fe8 e-con-full e-flex e-con e-child\" data-id=\"b2d3fe8\" data-element_type=\"container\" data-e-type=\"container\">\n\t\t\t\t<\/div>\n\t\t<div class=\"elementor-element elementor-element-1733fd5 e-con-full e-flex e-con e-child\" data-id=\"1733fd5\" data-element_type=\"container\" data-e-type=\"container\">\n\t\t\t\t<\/div>\n\t\t\t\t<\/div>\n\t\t\t\t\t<\/div>\n\t\t\t\t<\/div>\n\t\t\t\t<section class=\"elementor-section elementor-top-section elementor-element elementor-element-2bad8e23 elementor-section-boxed elementor-section-height-default elementor-section-height-default\" data-id=\"2bad8e23\" data-element_type=\"section\" data-e-type=\"section\">\n\t\t\t\t\t\t<div class=\"elementor-container elementor-column-gap-default\">\n\t\t\t\t\t<div class=\"elementor-column elementor-col-100 elementor-top-column elementor-element elementor-element-25bed8f4\" data-id=\"25bed8f4\" data-element_type=\"column\" data-e-type=\"column\" data-settings=\"{&quot;background_background&quot;:&quot;classic&quot;}\">\n\t\t\t<div class=\"elementor-widget-wrap elementor-element-populated\">\n\t\t\t\t\t\t<div class=\"elementor-element elementor-element-d009229 elementor-grid-3 elementor-grid-tablet-2 elementor-grid-mobile-1 elementor-posts--thumbnail-top elementor-card-shadow-yes elementor-posts__hover-gradient elementor-widget elementor-widget-posts\" data-id=\"d009229\" data-element_type=\"widget\" data-e-type=\"widget\" data-settings=\"{&quot;cards_row_gap&quot;:{&quot;unit&quot;:&quot;px&quot;,&quot;size&quot;:30,&quot;sizes&quot;:[]},&quot;cards_columns&quot;:&quot;3&quot;,&quot;cards_columns_tablet&quot;:&quot;2&quot;,&quot;cards_columns_mobile&quot;:&quot;1&quot;,&quot;cards_row_gap_tablet&quot;:{&quot;unit&quot;:&quot;px&quot;,&quot;size&quot;:&quot;&quot;,&quot;sizes&quot;:[]},&quot;cards_row_gap_mobile&quot;:{&quot;unit&quot;:&quot;px&quot;,&quot;size&quot;:&quot;&quot;,&quot;sizes&quot;:[]}}\" data-widget_type=\"posts.cards\">\n\t\t\t\t<div class=\"elementor-widget-container\">\n\t\t\t\t\t\t\t<div class=\"elementor-posts-container elementor-posts elementor-posts--skin-cards elementor-grid\" role=\"list\">\n\t\t\t\t<article class=\"elementor-post elementor-grid-item post-8353 post type-post status-publish format-standard has-post-thumbnail hentry category-education-community tag-mexican-orchid tag-mexican-orchid-species tag-polinators tag-vanilla-orchid\" role=\"listitem\">\n\t\t\t<div class=\"elementor-post__card\">\n\t\t\t\t<a class=\"elementor-post__thumbnail__link\" href=\"https:\/\/www.vbgardens.org\/es\/vainilla-mas-que-un-aroma-un-legado-de-1500-anos-floreciendo\/\" tabindex=\"-1\" ><div class=\"elementor-post__thumbnail\"><img loading=\"lazy\" decoding=\"async\" width=\"1588\" height=\"567\" src=\"https:\/\/www.vbgardens.org\/wp-content\/uploads\/2026\/04\/VBG-Vanilla-Planifolia-cover-2.jpg\" class=\"attachment-full size-full wp-image-8388\" alt=\"\" srcset=\"https:\/\/www.vbgardens.org\/wp-content\/uploads\/2026\/04\/VBG-Vanilla-Planifolia-cover-2.jpg 1588w, https:\/\/www.vbgardens.org\/wp-content\/uploads\/2026\/04\/VBG-Vanilla-Planifolia-cover-2-300x107.jpg 300w, https:\/\/www.vbgardens.org\/wp-content\/uploads\/2026\/04\/VBG-Vanilla-Planifolia-cover-2-1024x366.jpg 1024w, https:\/\/www.vbgardens.org\/wp-content\/uploads\/2026\/04\/VBG-Vanilla-Planifolia-cover-2-768x274.jpg 768w, https:\/\/www.vbgardens.org\/wp-content\/uploads\/2026\/04\/VBG-Vanilla-Planifolia-cover-2-1536x548.jpg 1536w, https:\/\/www.vbgardens.org\/wp-content\/uploads\/2026\/04\/VBG-Vanilla-Planifolia-cover-2-18x6.jpg 18w\" sizes=\"(max-width: 1588px) 100vw, 1588px\" \/><\/div><\/a>\n\t\t\t\t<div class=\"elementor-post__badge\">Educaci\u00f3n y comunidad<\/div>\n\t\t\t\t<div class=\"elementor-post__text\">\n\t\t\t\t<h3 class=\"elementor-post__title\">\n\t\t\t<a href=\"https:\/\/www.vbgardens.org\/es\/vainilla-mas-que-un-aroma-un-legado-de-1500-anos-floreciendo\/\" >\n\t\t\t\tVainilla: m\u00e1s que una fragancia, un legado de 1.500 a\u00f1os\t\t\t<\/a>\n\t\t<\/h3>\n\t\t\t\t\t<div class=\"elementor-post__read-more-wrapper\">\n\t\t\n\t\t<a class=\"elementor-post__read-more\" href=\"https:\/\/www.vbgardens.org\/es\/vainilla-mas-que-un-aroma-un-legado-de-1500-anos-floreciendo\/\" aria-label=\"Read more about Vanilla:\u00a0More than a Fragrance, a 1,500-Year Legacy\" tabindex=\"-1\" >\n\t\t\tLeer m\u00e1s \u00bb\t\t<\/a>\n\n\t\t\t\t\t<\/div>\n\t\t\t\t<\/div>\n\t\t\t\t<div class=\"elementor-post__meta-data\">\n\t\t\t\t\t<span class=\"elementor-post-author\">\n\t\t\tAntonio G\u00f3mez\t\t<\/span>\n\t\t\t\t<span class=\"elementor-post-date\">\n\t\t\t30 de abril de 2026\t\t<\/span>\n\t\t\t\t<\/div>\n\t\t\t\t\t<\/div>\n\t\t<\/article>\n\t\t\t\t<article class=\"elementor-post elementor-grid-item post-7797 post type-post status-publish format-standard has-post-thumbnail hentry category-conservation-research category-education-community category-plant-spotlights category-visitor-guides-experience category-wildlife-ecology tag-biodiversity tag-frog tag-microhabitats tag-ursulaea-macvaughii\" role=\"listitem\">\n\t\t\t<div class=\"elementor-post__card\">\n\t\t\t\t<a class=\"elementor-post__thumbnail__link\" href=\"https:\/\/www.vbgardens.org\/es\/where-a-frog-sleeps-microhabitats-that-shape-mexicos-biodiversity\/\" tabindex=\"-1\" ><div class=\"elementor-post__thumbnail\"><img loading=\"lazy\" decoding=\"async\" width=\"1588\" height=\"567\" src=\"https:\/\/www.vbgardens.org\/wp-content\/uploads\/2026\/04\/Titulo-28.jpg\" class=\"attachment-full size-full wp-image-7661\" alt=\"\" srcset=\"https:\/\/www.vbgardens.org\/wp-content\/uploads\/2026\/04\/Titulo-28.jpg 1588w, https:\/\/www.vbgardens.org\/wp-content\/uploads\/2026\/04\/Titulo-28-300x107.jpg 300w, https:\/\/www.vbgardens.org\/wp-content\/uploads\/2026\/04\/Titulo-28-1024x366.jpg 1024w, https:\/\/www.vbgardens.org\/wp-content\/uploads\/2026\/04\/Titulo-28-768x274.jpg 768w, https:\/\/www.vbgardens.org\/wp-content\/uploads\/2026\/04\/Titulo-28-1536x548.jpg 1536w, https:\/\/www.vbgardens.org\/wp-content\/uploads\/2026\/04\/Titulo-28-18x6.jpg 18w\" sizes=\"(max-width: 1588px) 100vw, 1588px\" \/><\/div><\/a>\n\t\t\t\t<div class=\"elementor-post__badge\">Conservaci\u00f3n e Investigaci\u00f3n<\/div>\n\t\t\t\t<div class=\"elementor-post__text\">\n\t\t\t\t<h3 class=\"elementor-post__title\">\n\t\t\t<a href=\"https:\/\/www.vbgardens.org\/es\/where-a-frog-sleeps-microhabitats-that-shape-mexicos-biodiversity\/\" >\n\t\t\t\tDonde Duerme una Rana: Microh\u00e1bitats que Moldean la Biodiversidad de M\u00e9xico\t\t\t<\/a>\n\t\t<\/h3>\n\t\t\t\t\t<div class=\"elementor-post__read-more-wrapper\">\n\t\t\n\t\t<a class=\"elementor-post__read-more\" href=\"https:\/\/www.vbgardens.org\/es\/where-a-frog-sleeps-microhabitats-that-shape-mexicos-biodiversity\/\" aria-label=\"Lea m\u00e1s sobre D\u00f3nde duerme una rana: Microh\u00e1bitats que dan forma a la biodiversidad de M\u00e9xico\" tabindex=\"-1\" >\n\t\t\tLeer m\u00e1s \u00bb\t\t<\/a>\n\n\t\t\t\t\t<\/div>\n\t\t\t\t<\/div>\n\t\t\t\t<div class=\"elementor-post__meta-data\">\n\t\t\t\t\t<span class=\"elementor-post-author\">\n\t\t\tEsthefania Beltr\u00e1n\t\t<\/span>\n\t\t\t\t<span class=\"elementor-post-date\">\n\t\t\t9 de abril de 2026\t\t<\/span>\n\t\t\t\t<\/div>\n\t\t\t\t\t<\/div>\n\t\t<\/article>\n\t\t\t\t<article class=\"elementor-post elementor-grid-item post-7640 post type-post status-publish format-standard has-post-thumbnail hentry category-conservation-research category-education-community category-orchid-of-the-month category-plant-spotlights tag-canelita tag-endemic-to-mexico tag-haired-orchid tag-lycaste-crinita tag-mexican-orchid tag-mexican-orchid-species\" role=\"listitem\">\n\t\t\t<div class=\"elementor-post__card\">\n\t\t\t\t<a class=\"elementor-post__thumbnail__link\" href=\"https:\/\/www.vbgardens.org\/es\/mexican-orchid-of-the-month-lycaste-crinita\/\" tabindex=\"-1\" ><div class=\"elementor-post__thumbnail\"><img loading=\"lazy\" decoding=\"async\" width=\"1588\" height=\"567\" src=\"https:\/\/www.vbgardens.org\/wp-content\/uploads\/2026\/04\/Titulo-27.jpg\" class=\"attachment-full size-full wp-image-7650\" alt=\"\" srcset=\"https:\/\/www.vbgardens.org\/wp-content\/uploads\/2026\/04\/Titulo-27.jpg 1588w, https:\/\/www.vbgardens.org\/wp-content\/uploads\/2026\/04\/Titulo-27-300x107.jpg 300w, https:\/\/www.vbgardens.org\/wp-content\/uploads\/2026\/04\/Titulo-27-1024x366.jpg 1024w, https:\/\/www.vbgardens.org\/wp-content\/uploads\/2026\/04\/Titulo-27-768x274.jpg 768w, https:\/\/www.vbgardens.org\/wp-content\/uploads\/2026\/04\/Titulo-27-1536x548.jpg 1536w, https:\/\/www.vbgardens.org\/wp-content\/uploads\/2026\/04\/Titulo-27-18x6.jpg 18w\" sizes=\"(max-width: 1588px) 100vw, 1588px\" \/><\/div><\/a>\n\t\t\t\t<div class=\"elementor-post__badge\">Conservaci\u00f3n e Investigaci\u00f3n<\/div>\n\t\t\t\t<div class=\"elementor-post__text\">\n\t\t\t\t<h3 class=\"elementor-post__title\">\n\t\t\t<a href=\"https:\/\/www.vbgardens.org\/es\/mexican-orchid-of-the-month-lycaste-crinita\/\" >\n\t\t\t\tOrqu\u00eddea Mexicana del Mes: Lycaste crinita\t\t\t<\/a>\n\t\t<\/h3>\n\t\t\t\t\t<div class=\"elementor-post__read-more-wrapper\">\n\t\t\n\t\t<a class=\"elementor-post__read-more\" href=\"https:\/\/www.vbgardens.org\/es\/mexican-orchid-of-the-month-lycaste-crinita\/\" aria-label=\"Lea m\u00e1s sobre la Orqu\u00eddea Mexicana del Mes: Lycaste crinita\" tabindex=\"-1\" >\n\t\t\tLeer m\u00e1s \u00bb\t\t<\/a>\n\n\t\t\t\t\t<\/div>\n\t\t\t\t<\/div>\n\t\t\t\t<div class=\"elementor-post__meta-data\">\n\t\t\t\t\t<span class=\"elementor-post-author\">\n\t\t\t\u00d3scar Rodr\u00edguez\t\t<\/span>\n\t\t\t\t<span class=\"elementor-post-date\">\n\t\t\t4 de abril de 2026\t\t<\/span>\n\t\t\t\t<\/div>\n\t\t\t\t\t<\/div>\n\t\t<\/article>\n\t\t\t\t<article class=\"elementor-post elementor-grid-item post-7625 post type-post status-publish format-standard has-post-thumbnail hentry category-bird-of-the-month category-conservation-research category-education-community category-wildlife-ecology tag-broad-billed-hummingbird tag-cynanthus-latirostris tag-ecology\" role=\"listitem\">\n\t\t\t<div class=\"elementor-post__card\">\n\t\t\t\t<a class=\"elementor-post__thumbnail__link\" href=\"https:\/\/www.vbgardens.org\/es\/mexican-bird-of-the-month-cynanthus-latirostris\/\" tabindex=\"-1\" ><div class=\"elementor-post__thumbnail\"><img loading=\"lazy\" decoding=\"async\" width=\"2048\" height=\"1366\" src=\"https:\/\/www.vbgardens.org\/wp-content\/uploads\/2026\/04\/Ave-Mes_Abril-2048x1366-1.jpg\" class=\"attachment-full size-full wp-image-7626\" alt=\"\" srcset=\"https:\/\/www.vbgardens.org\/wp-content\/uploads\/2026\/04\/Ave-Mes_Abril-2048x1366-1.jpg 2048w, https:\/\/www.vbgardens.org\/wp-content\/uploads\/2026\/04\/Ave-Mes_Abril-2048x1366-1-300x200.jpg 300w, https:\/\/www.vbgardens.org\/wp-content\/uploads\/2026\/04\/Ave-Mes_Abril-2048x1366-1-1024x683.jpg 1024w, https:\/\/www.vbgardens.org\/wp-content\/uploads\/2026\/04\/Ave-Mes_Abril-2048x1366-1-768x512.jpg 768w, https:\/\/www.vbgardens.org\/wp-content\/uploads\/2026\/04\/Ave-Mes_Abril-2048x1366-1-1536x1025.jpg 1536w, https:\/\/www.vbgardens.org\/wp-content\/uploads\/2026\/04\/Ave-Mes_Abril-2048x1366-1-18x12.jpg 18w\" sizes=\"(max-width: 2048px) 100vw, 2048px\" \/><\/div><\/a>\n\t\t\t\t<div class=\"elementor-post__badge\">Ave del mes<\/div>\n\t\t\t\t<div class=\"elementor-post__text\">\n\t\t\t\t<h3 class=\"elementor-post__title\">\n\t\t\t<a href=\"https:\/\/www.vbgardens.org\/es\/mexican-bird-of-the-month-cynanthus-latirostris\/\" >\n\t\t\t\tP\u00e1jaro Mexicano del Mes: Cynanthus latirostris\t\t\t<\/a>\n\t\t<\/h3>\n\t\t\t\t\t<div class=\"elementor-post__read-more-wrapper\">\n\t\t\n\t\t<a class=\"elementor-post__read-more\" href=\"https:\/\/www.vbgardens.org\/es\/mexican-bird-of-the-month-cynanthus-latirostris\/\" aria-label=\"M\u00e1s informaci\u00f3n sobre el Ave Mexicana del Mes: *Cynanthus latirostris*\" tabindex=\"-1\" >\n\t\t\tLeer m\u00e1s \u00bb\t\t<\/a>\n\n\t\t\t\t\t<\/div>\n\t\t\t\t<\/div>\n\t\t\t\t<div class=\"elementor-post__meta-data\">\n\t\t\t\t\t<span class=\"elementor-post-author\">\n\t\t\t\u00d3scar Rodr\u00edguez\t\t<\/span>\n\t\t\t\t<span class=\"elementor-post-date\">\n\t\t\t1 de abril de 2026\t\t<\/span>\n\t\t\t\t<\/div>\n\t\t\t\t\t<\/div>\n\t\t<\/article>\n\t\t\t\t<article class=\"elementor-post elementor-grid-item post-7617 post type-post status-publish format-standard has-post-thumbnail hentry category-conservation-research category-education-community category-wildlife-ecology tag-donation tag-ecology tag-rio-los-horcones\" role=\"listitem\">\n\t\t\t<div class=\"elementor-post__card\">\n\t\t\t\t<a class=\"elementor-post__thumbnail__link\" href=\"https:\/\/www.vbgardens.org\/es\/the-queen-of-the-night-epiphyllum-hookeri-2\/\" tabindex=\"-1\" ><div class=\"elementor-post__thumbnail\"><img loading=\"lazy\" decoding=\"async\" width=\"1588\" height=\"567\" src=\"https:\/\/www.vbgardens.org\/wp-content\/uploads\/2026\/03\/Titulo2.jpg\" class=\"attachment-full size-full wp-image-7665\" alt=\"\" srcset=\"https:\/\/www.vbgardens.org\/wp-content\/uploads\/2026\/03\/Titulo2.jpg 1588w, https:\/\/www.vbgardens.org\/wp-content\/uploads\/2026\/03\/Titulo2-300x107.jpg 300w, https:\/\/www.vbgardens.org\/wp-content\/uploads\/2026\/03\/Titulo2-1024x366.jpg 1024w, https:\/\/www.vbgardens.org\/wp-content\/uploads\/2026\/03\/Titulo2-768x274.jpg 768w, https:\/\/www.vbgardens.org\/wp-content\/uploads\/2026\/03\/Titulo2-1536x548.jpg 1536w, https:\/\/www.vbgardens.org\/wp-content\/uploads\/2026\/03\/Titulo2-18x6.jpg 18w\" sizes=\"(max-width: 1588px) 100vw, 1588px\" \/><\/div><\/a>\n\t\t\t\t<div class=\"elementor-post__badge\">Conservaci\u00f3n e Investigaci\u00f3n<\/div>\n\t\t\t\t<div class=\"elementor-post__text\">\n\t\t\t\t<h3 class=\"elementor-post__title\">\n\t\t\t<a href=\"https:\/\/www.vbgardens.org\/es\/the-queen-of-the-night-epiphyllum-hookeri-2\/\" >\n\t\t\t\tR\u00edo Los Horcones: Un r\u00edo de libre flujo que sustenta la vida en Puerto Vallarta\t\t\t<\/a>\n\t\t<\/h3>\n\t\t\t\t\t<div class=\"elementor-post__read-more-wrapper\">\n\t\t\n\t\t<a class=\"elementor-post__read-more\" href=\"https:\/\/www.vbgardens.org\/es\/the-queen-of-the-night-epiphyllum-hookeri-2\/\" aria-label=\"Lea m\u00e1s sobre el R\u00edo Los Horcones: Un r\u00edo de flujo libre que sostiene la vida en Puerto Vallarta\" tabindex=\"-1\" >\n\t\t\tLeer m\u00e1s \u00bb\t\t<\/a>\n\n\t\t\t\t\t<\/div>\n\t\t\t\t<\/div>\n\t\t\t\t<div class=\"elementor-post__meta-data\">\n\t\t\t\t\t<span class=\"elementor-post-author\">\n\t\t\tEsthefania Beltr\u00e1n\t\t<\/span>\n\t\t\t\t<span class=\"elementor-post-date\">\n\t\t\t20 de marzo de 2026\t\t<\/span>\n\t\t\t\t<\/div>\n\t\t\t\t\t<\/div>\n\t\t<\/article>\n\t\t\t\t<article class=\"elementor-post elementor-grid-item post-7593 post type-post status-publish format-standard has-post-thumbnail hentry category-education-community category-plant-spotlights tag-epiphyllum-hookeri tag-native-to-mexico tag-the-queen-of-the-night\" role=\"listitem\">\n\t\t\t<div class=\"elementor-post__card\">\n\t\t\t\t<a class=\"elementor-post__thumbnail__link\" href=\"https:\/\/www.vbgardens.org\/es\/the-queen-of-the-night-epiphyllum-hookeri\/\" tabindex=\"-1\" ><div class=\"elementor-post__thumbnail\"><img loading=\"lazy\" decoding=\"async\" width=\"1588\" height=\"567\" src=\"https:\/\/www.vbgardens.org\/wp-content\/uploads\/2026\/03\/Titulo.jpg\" class=\"attachment-full size-full wp-image-7601\" alt=\"\" srcset=\"https:\/\/www.vbgardens.org\/wp-content\/uploads\/2026\/03\/Titulo.jpg 1588w, https:\/\/www.vbgardens.org\/wp-content\/uploads\/2026\/03\/Titulo-300x107.jpg 300w, https:\/\/www.vbgardens.org\/wp-content\/uploads\/2026\/03\/Titulo-1024x366.jpg 1024w, https:\/\/www.vbgardens.org\/wp-content\/uploads\/2026\/03\/Titulo-768x274.jpg 768w, https:\/\/www.vbgardens.org\/wp-content\/uploads\/2026\/03\/Titulo-1536x548.jpg 1536w, https:\/\/www.vbgardens.org\/wp-content\/uploads\/2026\/03\/Titulo-18x6.jpg 18w\" sizes=\"(max-width: 1588px) 100vw, 1588px\" \/><\/div><\/a>\n\t\t\t\t<div class=\"elementor-post__badge\">Educaci\u00f3n y comunidad<\/div>\n\t\t\t\t<div class=\"elementor-post__text\">\n\t\t\t\t<h3 class=\"elementor-post__title\">\n\t\t\t<a href=\"https:\/\/www.vbgardens.org\/es\/the-queen-of-the-night-epiphyllum-hookeri\/\" >\n\t\t\t\tLa Reina de la Noche: Epiphyllum hookeri\t\t\t<\/a>\n\t\t<\/h3>\n\t\t\t\t\t<div class=\"elementor-post__read-more-wrapper\">\n\t\t\n\t\t<a class=\"elementor-post__read-more\" href=\"https:\/\/www.vbgardens.org\/es\/the-queen-of-the-night-epiphyllum-hookeri\/\" aria-label=\"Lea m\u00e1s sobre La Reina de la Noche: Epiphyllum hookeri\" tabindex=\"-1\" >\n\t\t\tLeer m\u00e1s \u00bb\t\t<\/a>\n\n\t\t\t\t\t<\/div>\n\t\t\t\t<\/div>\n\t\t\t\t<div class=\"elementor-post__meta-data\">\n\t\t\t\t\t<span class=\"elementor-post-author\">\n\t\t\tEsthefania Beltr\u00e1n\t\t<\/span>\n\t\t\t\t<span class=\"elementor-post-date\">\n\t\t\t10 de marzo de 2026\t\t<\/span>\n\t\t\t\t<\/div>\n\t\t\t\t\t<\/div>\n\t\t<\/article>\n\t\t\t\t<article class=\"elementor-post elementor-grid-item post-7605 post type-post status-publish format-standard has-post-thumbnail hentry category-bird-of-the-month category-education-community category-wildlife-ecology tag-birdwatchers tag-setophaga-pitiayumi tag-tropical-parula\" role=\"listitem\">\n\t\t\t<div class=\"elementor-post__card\">\n\t\t\t\t<a class=\"elementor-post__thumbnail__link\" href=\"https:\/\/www.vbgardens.org\/es\/mexican-bird-of-the-month-tropical-parula\/\" tabindex=\"-1\" ><div class=\"elementor-post__thumbnail\"><img loading=\"lazy\" decoding=\"async\" width=\"1588\" height=\"567\" src=\"https:\/\/www.vbgardens.org\/wp-content\/uploads\/2026\/04\/Titulo-25.jpg\" class=\"attachment-full size-full wp-image-7607\" alt=\"\" srcset=\"https:\/\/www.vbgardens.org\/wp-content\/uploads\/2026\/04\/Titulo-25.jpg 1588w, https:\/\/www.vbgardens.org\/wp-content\/uploads\/2026\/04\/Titulo-25-300x107.jpg 300w, https:\/\/www.vbgardens.org\/wp-content\/uploads\/2026\/04\/Titulo-25-1024x366.jpg 1024w, https:\/\/www.vbgardens.org\/wp-content\/uploads\/2026\/04\/Titulo-25-768x274.jpg 768w, https:\/\/www.vbgardens.org\/wp-content\/uploads\/2026\/04\/Titulo-25-1536x548.jpg 1536w, https:\/\/www.vbgardens.org\/wp-content\/uploads\/2026\/04\/Titulo-25-18x6.jpg 18w\" sizes=\"(max-width: 1588px) 100vw, 1588px\" \/><\/div><\/a>\n\t\t\t\t<div class=\"elementor-post__badge\">Ave del mes<\/div>\n\t\t\t\t<div class=\"elementor-post__text\">\n\t\t\t\t<h3 class=\"elementor-post__title\">\n\t\t\t<a href=\"https:\/\/www.vbgardens.org\/es\/mexican-bird-of-the-month-tropical-parula\/\" >\n\t\t\t\tP\u00e1jaro Mexicano del Mes: Mascarita Tropical\t\t\t<\/a>\n\t\t<\/h3>\n\t\t\t\t\t<div class=\"elementor-post__read-more-wrapper\">\n\t\t\n\t\t<a class=\"elementor-post__read-more\" href=\"https:\/\/www.vbgardens.org\/es\/mexican-bird-of-the-month-tropical-parula\/\" aria-label=\"Lea m\u00e1s sobre el Ave Mexicana del Mes: Reinita Tropical\" tabindex=\"-1\" >\n\t\t\tLeer m\u00e1s \u00bb\t\t<\/a>\n\n\t\t\t\t\t<\/div>\n\t\t\t\t<\/div>\n\t\t\t\t<div class=\"elementor-post__meta-data\">\n\t\t\t\t\t<span class=\"elementor-post-author\">\n\t\t\t\u00d3scar Rodr\u00edguez\t\t<\/span>\n\t\t\t\t<span class=\"elementor-post-date\">\n\t\t\t5 de marzo de 2026\t\t<\/span>\n\t\t\t\t<\/div>\n\t\t\t\t\t<\/div>\n\t\t<\/article>\n\t\t\t\t<article class=\"elementor-post elementor-grid-item post-7364 post type-post status-publish format-standard has-post-thumbnail hentry category-conservation-research category-education-community category-orchid-of-the-month category-wildlife-ecology tag-mexican-orchid tag-mexican-orchid-species tag-prosthechea-madrensis tag-the-shell-flower-of-the-sierra-madre\" role=\"listitem\">\n\t\t\t<div class=\"elementor-post__card\">\n\t\t\t\t<a class=\"elementor-post__thumbnail__link\" href=\"https:\/\/www.vbgardens.org\/es\/mexican-orchid-of-the-month-prosthechea-madrensis-the-shell-flower-of-the-sierra-madre\/\" tabindex=\"-1\" ><div class=\"elementor-post__thumbnail\"><img loading=\"lazy\" decoding=\"async\" width=\"1588\" height=\"567\" src=\"https:\/\/www.vbgardens.org\/wp-content\/uploads\/2026\/04\/Titulo-24.jpg\" class=\"attachment-full size-full wp-image-7588\" alt=\"\" srcset=\"https:\/\/www.vbgardens.org\/wp-content\/uploads\/2026\/04\/Titulo-24.jpg 1588w, https:\/\/www.vbgardens.org\/wp-content\/uploads\/2026\/04\/Titulo-24-300x107.jpg 300w, https:\/\/www.vbgardens.org\/wp-content\/uploads\/2026\/04\/Titulo-24-1024x366.jpg 1024w, https:\/\/www.vbgardens.org\/wp-content\/uploads\/2026\/04\/Titulo-24-768x274.jpg 768w, https:\/\/www.vbgardens.org\/wp-content\/uploads\/2026\/04\/Titulo-24-1536x548.jpg 1536w, https:\/\/www.vbgardens.org\/wp-content\/uploads\/2026\/04\/Titulo-24-18x6.jpg 18w\" sizes=\"(max-width: 1588px) 100vw, 1588px\" \/><\/div><\/a>\n\t\t\t\t<div class=\"elementor-post__badge\">Conservaci\u00f3n e Investigaci\u00f3n<\/div>\n\t\t\t\t<div class=\"elementor-post__text\">\n\t\t\t\t<h3 class=\"elementor-post__title\">\n\t\t\t<a href=\"https:\/\/www.vbgardens.org\/es\/mexican-orchid-of-the-month-prosthechea-madrensis-the-shell-flower-of-the-sierra-madre\/\" >\n\t\t\t\tOrqu\u00eddea Mexicana del Mes: Prosthechea madrensis \u2013 La Orqu\u00eddea de Concha de la Sierra Madre\t\t\t<\/a>\n\t\t<\/h3>\n\t\t\t\t\t<div class=\"elementor-post__read-more-wrapper\">\n\t\t\n\t\t<a class=\"elementor-post__read-more\" href=\"https:\/\/www.vbgardens.org\/es\/mexican-orchid-of-the-month-prosthechea-madrensis-the-shell-flower-of-the-sierra-madre\/\" aria-label=\"Lea m\u00e1s sobre la Orqu\u00eddea Mexicana del Mes: Prosthechea madrensis \u2013 La Flor Concha de la Sierra Madre\" tabindex=\"-1\" >\n\t\t\tLeer m\u00e1s \u00bb\t\t<\/a>\n\n\t\t\t\t\t<\/div>\n\t\t\t\t<\/div>\n\t\t\t\t<div class=\"elementor-post__meta-data\">\n\t\t\t\t\t<span class=\"elementor-post-author\">\n\t\t\t\u00d3scar Rodr\u00edguez\t\t<\/span>\n\t\t\t\t<span class=\"elementor-post-date\">\n\t\t\t4 de marzo de 2026\t\t<\/span>\n\t\t\t\t<\/div>\n\t\t\t\t\t<\/div>\n\t\t<\/article>\n\t\t\t\t<article class=\"elementor-post elementor-grid-item post-7570 post type-post status-publish format-standard has-post-thumbnail hentry category-conservation-research category-education-community category-wildlife-ecology tag-mexican-orchid tag-mexican-orchid-species tag-mexican-orchids tag-platystele-stenostachya tag-tiny-orchid\" role=\"listitem\">\n\t\t\t<div class=\"elementor-post__card\">\n\t\t\t\t<a class=\"elementor-post__thumbnail__link\" href=\"https:\/\/www.vbgardens.org\/es\/platystele-stenostachya-the-tiny-orchid-that-challenges-the-eye\/\" tabindex=\"-1\" ><div class=\"elementor-post__thumbnail\"><img loading=\"lazy\" decoding=\"async\" width=\"1588\" height=\"567\" src=\"https:\/\/www.vbgardens.org\/wp-content\/uploads\/2026\/04\/Titulo-23.jpg\" class=\"attachment-full size-full wp-image-7573\" alt=\"\" srcset=\"https:\/\/www.vbgardens.org\/wp-content\/uploads\/2026\/04\/Titulo-23.jpg 1588w, https:\/\/www.vbgardens.org\/wp-content\/uploads\/2026\/04\/Titulo-23-300x107.jpg 300w, https:\/\/www.vbgardens.org\/wp-content\/uploads\/2026\/04\/Titulo-23-1024x366.jpg 1024w, https:\/\/www.vbgardens.org\/wp-content\/uploads\/2026\/04\/Titulo-23-768x274.jpg 768w, https:\/\/www.vbgardens.org\/wp-content\/uploads\/2026\/04\/Titulo-23-1536x548.jpg 1536w, https:\/\/www.vbgardens.org\/wp-content\/uploads\/2026\/04\/Titulo-23-18x6.jpg 18w\" sizes=\"(max-width: 1588px) 100vw, 1588px\" \/><\/div><\/a>\n\t\t\t\t<div class=\"elementor-post__badge\">Conservaci\u00f3n e Investigaci\u00f3n<\/div>\n\t\t\t\t<div class=\"elementor-post__text\">\n\t\t\t\t<h3 class=\"elementor-post__title\">\n\t\t\t<a href=\"https:\/\/www.vbgardens.org\/es\/platystele-stenostachya-the-tiny-orchid-that-challenges-the-eye\/\" >\n\t\t\t\tPlatystele stenostachya: La orqu\u00eddea diminuta que desaf\u00eda la vista\t\t\t<\/a>\n\t\t<\/h3>\n\t\t\t\t\t<div class=\"elementor-post__read-more-wrapper\">\n\t\t\n\t\t<a class=\"elementor-post__read-more\" href=\"https:\/\/www.vbgardens.org\/es\/platystele-stenostachya-the-tiny-orchid-that-challenges-the-eye\/\" aria-label=\"Lee m\u00e1s sobre Platystele stenostachya: La diminuta orqu\u00eddea que desaf\u00eda la vista\" tabindex=\"-1\" >\n\t\t\tLeer m\u00e1s \u00bb\t\t<\/a>\n\n\t\t\t\t\t<\/div>\n\t\t\t\t<\/div>\n\t\t\t\t<div class=\"elementor-post__meta-data\">\n\t\t\t\t\t<span class=\"elementor-post-author\">\n\t\t\t\u00d3scar Rodr\u00edguez\t\t<\/span>\n\t\t\t\t<span class=\"elementor-post-date\">\n\t\t\t19 de febrero de 2026\t\t<\/span>\n\t\t\t\t<\/div>\n\t\t\t\t\t<\/div>\n\t\t<\/article>\n\t\t\t\t<article class=\"elementor-post elementor-grid-item post-7549 post type-post status-publish format-standard has-post-thumbnail hentry category-plant-spotlights tag-apocynaceae-family tag-ceropegia-woodii tag-string-of-hearts\" role=\"listitem\">\n\t\t\t<div class=\"elementor-post__card\">\n\t\t\t\t<a class=\"elementor-post__thumbnail__link\" href=\"https:\/\/www.vbgardens.org\/es\/ceropegia-woodii-the-string-of-hearts-that-charms-on-valentines-day-and-seduces-flies\/\" tabindex=\"-1\" ><div class=\"elementor-post__thumbnail\"><img loading=\"lazy\" decoding=\"async\" width=\"1588\" height=\"567\" src=\"https:\/\/www.vbgardens.org\/wp-content\/uploads\/2026\/04\/Titulo-22.jpg\" class=\"attachment-full size-full wp-image-7559\" alt=\"\" srcset=\"https:\/\/www.vbgardens.org\/wp-content\/uploads\/2026\/04\/Titulo-22.jpg 1588w, https:\/\/www.vbgardens.org\/wp-content\/uploads\/2026\/04\/Titulo-22-300x107.jpg 300w, https:\/\/www.vbgardens.org\/wp-content\/uploads\/2026\/04\/Titulo-22-1024x366.jpg 1024w, https:\/\/www.vbgardens.org\/wp-content\/uploads\/2026\/04\/Titulo-22-768x274.jpg 768w, https:\/\/www.vbgardens.org\/wp-content\/uploads\/2026\/04\/Titulo-22-1536x548.jpg 1536w, https:\/\/www.vbgardens.org\/wp-content\/uploads\/2026\/04\/Titulo-22-18x6.jpg 18w\" sizes=\"(max-width: 1588px) 100vw, 1588px\" \/><\/div><\/a>\n\t\t\t\t<div class=\"elementor-post__badge\">Focos de Plantas<\/div>\n\t\t\t\t<div class=\"elementor-post__text\">\n\t\t\t\t<h3 class=\"elementor-post__title\">\n\t\t\t<a href=\"https:\/\/www.vbgardens.org\/es\/ceropegia-woodii-the-string-of-hearts-that-charms-on-valentines-day-and-seduces-flies\/\" >\n\t\t\t\tCeropegia woodii: la \u201cCadena de Corazones\u201d que encanta en San Valent\u00edn\u2026 y seduce a las moscas.\t\t\t<\/a>\n\t\t<\/h3>\n\t\t\t\t\t<div class=\"elementor-post__read-more-wrapper\">\n\t\t\n\t\t<a class=\"elementor-post__read-more\" href=\"https:\/\/www.vbgardens.org\/es\/ceropegia-woodii-the-string-of-hearts-that-charms-on-valentines-day-and-seduces-flies\/\" aria-label=\"Lee m\u00e1s sobre Ceropegia woodii: la \u201cCadena de Corazones\u201d que encanta en San Valent\u00edn... y seduce moscas.\" tabindex=\"-1\" >\n\t\t\tLeer m\u00e1s \u00bb\t\t<\/a>\n\n\t\t\t\t\t<\/div>\n\t\t\t\t<\/div>\n\t\t\t\t<div class=\"elementor-post__meta-data\">\n\t\t\t\t\t<span class=\"elementor-post-author\">\n\t\t\tEsthefania Beltr\u00e1n\t\t<\/span>\n\t\t\t\t<span class=\"elementor-post-date\">\n\t\t\t14 de febrero de 2026\t\t<\/span>\n\t\t\t\t<\/div>\n\t\t\t\t\t<\/div>\n\t\t<\/article>\n\t\t\t\t<article class=\"elementor-post elementor-grid-item post-7537 post type-post status-publish format-standard has-post-thumbnail hentry category-orchid-of-the-month category-wildlife-ecology tag-chorizo-con-huevo tag-epiphytic tag-mexican-orchid tag-mexican-orchid-species tag-trichocentrum-brachyphyllum\" role=\"listitem\">\n\t\t\t<div class=\"elementor-post__card\">\n\t\t\t\t<a class=\"elementor-post__thumbnail__link\" href=\"https:\/\/www.vbgardens.org\/es\/orchid-of-the-month-trichocentrum-brachyphyllum\/\" tabindex=\"-1\" ><div class=\"elementor-post__thumbnail\"><img loading=\"lazy\" decoding=\"async\" width=\"1588\" height=\"567\" src=\"https:\/\/www.vbgardens.org\/wp-content\/uploads\/2026\/04\/Titulo-21.jpg\" class=\"attachment-full size-full wp-image-7541\" alt=\"\" srcset=\"https:\/\/www.vbgardens.org\/wp-content\/uploads\/2026\/04\/Titulo-21.jpg 1588w, https:\/\/www.vbgardens.org\/wp-content\/uploads\/2026\/04\/Titulo-21-300x107.jpg 300w, https:\/\/www.vbgardens.org\/wp-content\/uploads\/2026\/04\/Titulo-21-1024x366.jpg 1024w, https:\/\/www.vbgardens.org\/wp-content\/uploads\/2026\/04\/Titulo-21-768x274.jpg 768w, https:\/\/www.vbgardens.org\/wp-content\/uploads\/2026\/04\/Titulo-21-1536x548.jpg 1536w, https:\/\/www.vbgardens.org\/wp-content\/uploads\/2026\/04\/Titulo-21-18x6.jpg 18w\" sizes=\"(max-width: 1588px) 100vw, 1588px\" \/><\/div><\/a>\n\t\t\t\t<div class=\"elementor-post__badge\">Orqu\u00eddea del mes<\/div>\n\t\t\t\t<div class=\"elementor-post__text\">\n\t\t\t\t<h3 class=\"elementor-post__title\">\n\t\t\t<a href=\"https:\/\/www.vbgardens.org\/es\/orchid-of-the-month-trichocentrum-brachyphyllum\/\" >\n\t\t\t\tOrqu\u00eddea del mes: Trichocentrum brachyphyllum\t\t\t<\/a>\n\t\t<\/h3>\n\t\t\t\t\t<div class=\"elementor-post__read-more-wrapper\">\n\t\t\n\t\t<a class=\"elementor-post__read-more\" href=\"https:\/\/www.vbgardens.org\/es\/orchid-of-the-month-trichocentrum-brachyphyllum\/\" aria-label=\"Lea m\u00e1s acerca de la Orqu\u00eddea del mes: Trichocentrum brachyphyllum\" tabindex=\"-1\" >\n\t\t\tLeer m\u00e1s \u00bb\t\t<\/a>\n\n\t\t\t\t\t<\/div>\n\t\t\t\t<\/div>\n\t\t\t\t<div class=\"elementor-post__meta-data\">\n\t\t\t\t\t<span class=\"elementor-post-author\">\n\t\t\t\u00d3scar Rodr\u00edguez\t\t<\/span>\n\t\t\t\t<span class=\"elementor-post-date\">\n\t\t\t7 de febrero de 2026\t\t<\/span>\n\t\t\t\t<\/div>\n\t\t\t\t\t<\/div>\n\t\t<\/article>\n\t\t\t\t<article class=\"elementor-post elementor-grid-item post-7524 post type-post status-publish format-standard has-post-thumbnail hentry category-bird-of-the-month category-wildlife-ecology tag-birdwatching tag-hooded-oriole tag-icterus-cucullatus\" role=\"listitem\">\n\t\t\t<div class=\"elementor-post__card\">\n\t\t\t\t<a class=\"elementor-post__thumbnail__link\" href=\"https:\/\/www.vbgardens.org\/es\/bird-of-the-month-icterus-cucullatus\/\" tabindex=\"-1\" ><div class=\"elementor-post__thumbnail\"><img loading=\"lazy\" decoding=\"async\" width=\"1588\" height=\"567\" src=\"https:\/\/www.vbgardens.org\/wp-content\/uploads\/2026\/04\/Titulo-20.jpg\" class=\"attachment-full size-full wp-image-7531\" alt=\"\" srcset=\"https:\/\/www.vbgardens.org\/wp-content\/uploads\/2026\/04\/Titulo-20.jpg 1588w, https:\/\/www.vbgardens.org\/wp-content\/uploads\/2026\/04\/Titulo-20-300x107.jpg 300w, https:\/\/www.vbgardens.org\/wp-content\/uploads\/2026\/04\/Titulo-20-1024x366.jpg 1024w, https:\/\/www.vbgardens.org\/wp-content\/uploads\/2026\/04\/Titulo-20-768x274.jpg 768w, https:\/\/www.vbgardens.org\/wp-content\/uploads\/2026\/04\/Titulo-20-1536x548.jpg 1536w, https:\/\/www.vbgardens.org\/wp-content\/uploads\/2026\/04\/Titulo-20-18x6.jpg 18w\" sizes=\"(max-width: 1588px) 100vw, 1588px\" \/><\/div><\/a>\n\t\t\t\t<div class=\"elementor-post__badge\">Ave del mes<\/div>\n\t\t\t\t<div class=\"elementor-post__text\">\n\t\t\t\t<h3 class=\"elementor-post__title\">\n\t\t\t<a href=\"https:\/\/www.vbgardens.org\/es\/bird-of-the-month-icterus-cucullatus\/\" >\n\t\t\t\tAve del mes: Icterus cucullatus\t\t\t<\/a>\n\t\t<\/h3>\n\t\t\t\t\t<div class=\"elementor-post__read-more-wrapper\">\n\t\t\n\t\t<a class=\"elementor-post__read-more\" href=\"https:\/\/www.vbgardens.org\/es\/bird-of-the-month-icterus-cucullatus\/\" aria-label=\"Lee m\u00e1s sobre el Ave del mes: Bolsero dorsirrufo\" tabindex=\"-1\" >\n\t\t\tLeer m\u00e1s \u00bb\t\t<\/a>\n\n\t\t\t\t\t<\/div>\n\t\t\t\t<\/div>\n\t\t\t\t<div class=\"elementor-post__meta-data\">\n\t\t\t\t\t<span class=\"elementor-post-author\">\n\t\t\t\u00d3scar Rodr\u00edguez\t\t<\/span>\n\t\t\t\t<span class=\"elementor-post-date\">\n\t\t\t4 de febrero de 2026\t\t<\/span>\n\t\t\t\t<\/div>\n\t\t\t\t\t<\/div>\n\t\t<\/article>\n\t\t\t\t<article class=\"elementor-post elementor-grid-item post-4742 post type-post status-publish format-standard has-post-thumbnail hentry category-orchid-of-the-month category-wildlife-ecology tag-barkeria-obovata tag-mexican-orchid tag-mexican-orchid-species\" role=\"listitem\">\n\t\t\t<div class=\"elementor-post__card\">\n\t\t\t\t<a class=\"elementor-post__thumbnail__link\" href=\"https:\/\/www.vbgardens.org\/es\/barkeria-obovata\/\" tabindex=\"-1\" ><div class=\"elementor-post__thumbnail\"><img loading=\"lazy\" decoding=\"async\" width=\"1200\" height=\"900\" src=\"https:\/\/www.vbgardens.org\/wp-content\/uploads\/2025\/11\/Barkeria_obovata.jpg\" class=\"attachment-full size-full wp-image-6299\" alt=\"\" srcset=\"https:\/\/www.vbgardens.org\/wp-content\/uploads\/2025\/11\/Barkeria_obovata.jpg 1200w, https:\/\/www.vbgardens.org\/wp-content\/uploads\/2025\/11\/Barkeria_obovata-300x225.jpg 300w, https:\/\/www.vbgardens.org\/wp-content\/uploads\/2025\/11\/Barkeria_obovata-1024x768.jpg 1024w, https:\/\/www.vbgardens.org\/wp-content\/uploads\/2025\/11\/Barkeria_obovata-768x576.jpg 768w, https:\/\/www.vbgardens.org\/wp-content\/uploads\/2025\/11\/Barkeria_obovata-16x12.jpg 16w\" sizes=\"(max-width: 1200px) 100vw, 1200px\" \/><\/div><\/a>\n\t\t\t\t<div class=\"elementor-post__badge\">Orqu\u00eddea del mes<\/div>\n\t\t\t\t<div class=\"elementor-post__text\">\n\t\t\t\t<h3 class=\"elementor-post__title\">\n\t\t\t<a href=\"https:\/\/www.vbgardens.org\/es\/barkeria-obovata\/\" >\n\t\t\t\tBarkeria obovata\t\t\t<\/a>\n\t\t<\/h3>\n\t\t\t\t\t<div class=\"elementor-post__read-more-wrapper\">\n\t\t\n\t\t<a class=\"elementor-post__read-more\" href=\"https:\/\/www.vbgardens.org\/es\/barkeria-obovata\/\" aria-label=\"M\u00e1s informaci\u00f3n sobre Barkeria obovata\" tabindex=\"-1\" >\n\t\t\tLeer m\u00e1s \u00bb\t\t<\/a>\n\n\t\t\t\t\t<\/div>\n\t\t\t\t<\/div>\n\t\t\t\t<div class=\"elementor-post__meta-data\">\n\t\t\t\t\t<span class=\"elementor-post-author\">\n\t\t\tCrist\u00f3bal S\u00e1nchez\t\t<\/span>\n\t\t\t\t<span class=\"elementor-post-date\">\n\t\t\t21 de enero de 2026\t\t<\/span>\n\t\t\t\t<\/div>\n\t\t\t\t\t<\/div>\n\t\t<\/article>\n\t\t\t\t<article class=\"elementor-post elementor-grid-item post-4737 post type-post status-publish format-standard has-post-thumbnail hentry category-bird-of-the-month category-education-community category-wildlife-ecology tag-ara-militaris tag-birdwatchers tag-birdwatching tag-military-macaw tag-ric-chamblee\" role=\"listitem\">\n\t\t\t<div class=\"elementor-post__card\">\n\t\t\t\t<a class=\"elementor-post__thumbnail__link\" href=\"https:\/\/www.vbgardens.org\/es\/bird-of-the-month-ara-militaris\/\" tabindex=\"-1\" ><div class=\"elementor-post__thumbnail\"><img loading=\"lazy\" decoding=\"async\" width=\"1588\" height=\"567\" src=\"https:\/\/www.vbgardens.org\/wp-content\/uploads\/2026\/01\/Titulo.jpg\" class=\"attachment-full size-full wp-image-7508\" alt=\"\" srcset=\"https:\/\/www.vbgardens.org\/wp-content\/uploads\/2026\/01\/Titulo.jpg 1588w, https:\/\/www.vbgardens.org\/wp-content\/uploads\/2026\/01\/Titulo-300x107.jpg 300w, https:\/\/www.vbgardens.org\/wp-content\/uploads\/2026\/01\/Titulo-1024x366.jpg 1024w, https:\/\/www.vbgardens.org\/wp-content\/uploads\/2026\/01\/Titulo-768x274.jpg 768w, https:\/\/www.vbgardens.org\/wp-content\/uploads\/2026\/01\/Titulo-1536x548.jpg 1536w, https:\/\/www.vbgardens.org\/wp-content\/uploads\/2026\/01\/Titulo-18x6.jpg 18w\" sizes=\"(max-width: 1588px) 100vw, 1588px\" \/><\/div><\/a>\n\t\t\t\t<div class=\"elementor-post__badge\">Ave del mes<\/div>\n\t\t\t\t<div class=\"elementor-post__text\">\n\t\t\t\t<h3 class=\"elementor-post__title\">\n\t\t\t<a href=\"https:\/\/www.vbgardens.org\/es\/bird-of-the-month-ara-militaris\/\" >\n\t\t\t\tAve del mes: Ara militaris\t\t\t<\/a>\n\t\t<\/h3>\n\t\t\t\t\t<div class=\"elementor-post__read-more-wrapper\">\n\t\t\n\t\t<a class=\"elementor-post__read-more\" href=\"https:\/\/www.vbgardens.org\/es\/bird-of-the-month-ara-militaris\/\" aria-label=\"M\u00e1s informaci\u00f3n sobre el ave del mes: Ara militaris\" tabindex=\"-1\" >\n\t\t\tLeer m\u00e1s \u00bb\t\t<\/a>\n\n\t\t\t\t\t<\/div>\n\t\t\t\t<\/div>\n\t\t\t\t<div class=\"elementor-post__meta-data\">\n\t\t\t\t\t<span class=\"elementor-post-author\">\n\t\t\tJes\u00fas \u00c1ngel Barajas\t\t<\/span>\n\t\t\t\t<span class=\"elementor-post-date\">\n\t\t\t7 de enero de 2026\t\t<\/span>\n\t\t\t\t<\/div>\n\t\t\t\t\t<\/div>\n\t\t<\/article>\n\t\t\t\t<article class=\"elementor-post elementor-grid-item post-4739 post type-post status-publish format-standard has-post-thumbnail hentry category-art-culture-history tag-ecological-planning tag-el-tamarindo tag-rafael-guzman-mejia tag-university-of-guadalajara\" role=\"listitem\">\n\t\t\t<div class=\"elementor-post__card\">\n\t\t\t\t<a class=\"elementor-post__thumbnail__link\" href=\"https:\/\/www.vbgardens.org\/es\/in-memoriam-rafael-guzman-mejia\/\" tabindex=\"-1\" ><div class=\"elementor-post__thumbnail\"><img loading=\"lazy\" decoding=\"async\" width=\"1588\" height=\"567\" src=\"https:\/\/www.vbgardens.org\/wp-content\/uploads\/2025\/12\/Titulo-1.jpg\" class=\"attachment-full size-full wp-image-7504\" alt=\"\" srcset=\"https:\/\/www.vbgardens.org\/wp-content\/uploads\/2025\/12\/Titulo-1.jpg 1588w, https:\/\/www.vbgardens.org\/wp-content\/uploads\/2025\/12\/Titulo-1-300x107.jpg 300w, https:\/\/www.vbgardens.org\/wp-content\/uploads\/2025\/12\/Titulo-1-1024x366.jpg 1024w, https:\/\/www.vbgardens.org\/wp-content\/uploads\/2025\/12\/Titulo-1-768x274.jpg 768w, https:\/\/www.vbgardens.org\/wp-content\/uploads\/2025\/12\/Titulo-1-1536x548.jpg 1536w, https:\/\/www.vbgardens.org\/wp-content\/uploads\/2025\/12\/Titulo-1-18x6.jpg 18w\" sizes=\"(max-width: 1588px) 100vw, 1588px\" \/><\/div><\/a>\n\t\t\t\t<div class=\"elementor-post__badge\">Arte, Cultura e Historia<\/div>\n\t\t\t\t<div class=\"elementor-post__text\">\n\t\t\t\t<h3 class=\"elementor-post__title\">\n\t\t\t<a href=\"https:\/\/www.vbgardens.org\/es\/in-memoriam-rafael-guzman-mejia\/\" >\n\t\t\t\tEn memoria de Rafael Guzm\u00e1n Mej\u00eda\t\t\t<\/a>\n\t\t<\/h3>\n\t\t\t\t\t<div class=\"elementor-post__read-more-wrapper\">\n\t\t\n\t\t<a class=\"elementor-post__read-more\" href=\"https:\/\/www.vbgardens.org\/es\/in-memoriam-rafael-guzman-mejia\/\" aria-label=\"M\u00e1s informaci\u00f3n sobre \u00abIn memoriam: Rafael Guzm\u00e1n Mej\u00eda\u00bb\" tabindex=\"-1\" >\n\t\t\tLeer m\u00e1s \u00bb\t\t<\/a>\n\n\t\t\t\t\t<\/div>\n\t\t\t\t<\/div>\n\t\t\t\t<div class=\"elementor-post__meta-data\">\n\t\t\t\t\t<span class=\"elementor-post-author\">\n\t\t\tCarmen Anaya\t\t<\/span>\n\t\t\t\t<span class=\"elementor-post-date\">\n\t\t\t10 de diciembre de 2025\t\t<\/span>\n\t\t\t\t<\/div>\n\t\t\t\t\t<\/div>\n\t\t<\/article>\n\t\t\t\t<article class=\"elementor-post elementor-grid-item post-4669 post type-post status-publish format-standard has-post-thumbnail hentry category-conservation-research category-news-events tag-conservation tag-los-horcones-river tag-protected-natural-areas\" role=\"listitem\">\n\t\t\t<div class=\"elementor-post__card\">\n\t\t\t\t<a class=\"elementor-post__thumbnail__link\" href=\"https:\/\/www.vbgardens.org\/es\/the-los-horcones-river-basin-a-critical-conservation-project-seeking-committed-supporters\/\" tabindex=\"-1\" ><div class=\"elementor-post__thumbnail\"><img loading=\"lazy\" decoding=\"async\" width=\"1080\" height=\"810\" src=\"https:\/\/www.vbgardens.org\/wp-content\/uploads\/2025\/12\/Sexta-Sesion-del-Consejo-Estatal-de-Areas-Naturales-Protegidas-y-Otros-Instrumentos-d.jpg\" class=\"attachment-full size-full wp-image-6427\" alt=\"\" srcset=\"https:\/\/www.vbgardens.org\/wp-content\/uploads\/2025\/12\/Sexta-Sesion-del-Consejo-Estatal-de-Areas-Naturales-Protegidas-y-Otros-Instrumentos-d.jpg 1080w, https:\/\/www.vbgardens.org\/wp-content\/uploads\/2025\/12\/Sexta-Sesion-del-Consejo-Estatal-de-Areas-Naturales-Protegidas-y-Otros-Instrumentos-d-300x225.jpg 300w, https:\/\/www.vbgardens.org\/wp-content\/uploads\/2025\/12\/Sexta-Sesion-del-Consejo-Estatal-de-Areas-Naturales-Protegidas-y-Otros-Instrumentos-d-1024x768.jpg 1024w, https:\/\/www.vbgardens.org\/wp-content\/uploads\/2025\/12\/Sexta-Sesion-del-Consejo-Estatal-de-Areas-Naturales-Protegidas-y-Otros-Instrumentos-d-768x576.jpg 768w, https:\/\/www.vbgardens.org\/wp-content\/uploads\/2025\/12\/Sexta-Sesion-del-Consejo-Estatal-de-Areas-Naturales-Protegidas-y-Otros-Instrumentos-d-16x12.jpg 16w\" sizes=\"(max-width: 1080px) 100vw, 1080px\" \/><\/div><\/a>\n\t\t\t\t<div class=\"elementor-post__badge\">Conservaci\u00f3n e Investigaci\u00f3n<\/div>\n\t\t\t\t<div class=\"elementor-post__text\">\n\t\t\t\t<h3 class=\"elementor-post__title\">\n\t\t\t<a href=\"https:\/\/www.vbgardens.org\/es\/the-los-horcones-river-basin-a-critical-conservation-project-seeking-committed-supporters\/\" >\n\t\t\t\tLa cuenca del r\u00edo Los Horcones: un proyecto de conservaci\u00f3n fundamental que busca colaboradores comprometidos\t\t\t<\/a>\n\t\t<\/h3>\n\t\t\t\t\t<div class=\"elementor-post__read-more-wrapper\">\n\t\t\n\t\t<a class=\"elementor-post__read-more\" href=\"https:\/\/www.vbgardens.org\/es\/the-los-horcones-river-basin-a-critical-conservation-project-seeking-committed-supporters\/\" aria-label=\"M\u00e1s informaci\u00f3n sobre \u00abLa cuenca del r\u00edo Los Horcones: un proyecto de conservaci\u00f3n fundamental que busca colaboradores comprometidos\u00bb\" tabindex=\"-1\" >\n\t\t\tLeer m\u00e1s \u00bb\t\t<\/a>\n\n\t\t\t\t\t<\/div>\n\t\t\t\t<\/div>\n\t\t\t\t<div class=\"elementor-post__meta-data\">\n\t\t\t\t\t<span class=\"elementor-post-author\">\n\t\t\tCrist\u00f3bal S\u00e1nchez\t\t<\/span>\n\t\t\t\t<span class=\"elementor-post-date\">\n\t\t\t10 de diciembre de 2025\t\t<\/span>\n\t\t\t\t<\/div>\n\t\t\t\t\t<\/div>\n\t\t<\/article>\n\t\t\t\t<article class=\"elementor-post elementor-grid-item post-7485 post type-post status-publish format-standard has-post-thumbnail hentry category-bird-of-the-month category-education-community category-wildlife-ecology tag-birdwatchers tag-birdwatching tag-icteria-virens tag-yellow-breasted-chat\" role=\"listitem\">\n\t\t\t<div class=\"elementor-post__card\">\n\t\t\t\t<a class=\"elementor-post__thumbnail__link\" href=\"https:\/\/www.vbgardens.org\/es\/prosthechea-sanchezii-3\/\" tabindex=\"-1\" ><div class=\"elementor-post__thumbnail\"><img loading=\"lazy\" decoding=\"async\" width=\"1588\" height=\"567\" src=\"https:\/\/www.vbgardens.org\/wp-content\/uploads\/2026\/04\/Titulo-19.jpg\" class=\"attachment-full size-full wp-image-7487\" alt=\"\" srcset=\"https:\/\/www.vbgardens.org\/wp-content\/uploads\/2026\/04\/Titulo-19.jpg 1588w, https:\/\/www.vbgardens.org\/wp-content\/uploads\/2026\/04\/Titulo-19-300x107.jpg 300w, https:\/\/www.vbgardens.org\/wp-content\/uploads\/2026\/04\/Titulo-19-1024x366.jpg 1024w, https:\/\/www.vbgardens.org\/wp-content\/uploads\/2026\/04\/Titulo-19-768x274.jpg 768w, https:\/\/www.vbgardens.org\/wp-content\/uploads\/2026\/04\/Titulo-19-1536x548.jpg 1536w, https:\/\/www.vbgardens.org\/wp-content\/uploads\/2026\/04\/Titulo-19-18x6.jpg 18w\" sizes=\"(max-width: 1588px) 100vw, 1588px\" \/><\/div><\/a>\n\t\t\t\t<div class=\"elementor-post__badge\">Ave del mes<\/div>\n\t\t\t\t<div class=\"elementor-post__text\">\n\t\t\t\t<h3 class=\"elementor-post__title\">\n\t\t\t<a href=\"https:\/\/www.vbgardens.org\/es\/prosthechea-sanchezii-3\/\" >\n\t\t\t\tAve del mes: Chipe de pecho amarillo\t\t\t<\/a>\n\t\t<\/h3>\n\t\t\t\t\t<div class=\"elementor-post__read-more-wrapper\">\n\t\t\n\t\t<a class=\"elementor-post__read-more\" href=\"https:\/\/www.vbgardens.org\/es\/prosthechea-sanchezii-3\/\" aria-label=\"Lee m\u00e1s sobre el Ave del Mes: chat de pecho amarillo\" tabindex=\"-1\" >\n\t\t\tLeer m\u00e1s \u00bb\t\t<\/a>\n\n\t\t\t\t\t<\/div>\n\t\t\t\t<\/div>\n\t\t\t\t<div class=\"elementor-post__meta-data\">\n\t\t\t\t\t<span class=\"elementor-post-author\">\n\t\t\tJes\u00fas \u00c1ngel Barajas\t\t<\/span>\n\t\t\t\t<span class=\"elementor-post-date\">\n\t\t\t20 de noviembre de 2025\t\t<\/span>\n\t\t\t\t<\/div>\n\t\t\t\t\t<\/div>\n\t\t<\/article>\n\t\t\t\t<article class=\"elementor-post elementor-grid-item post-7474 post type-post status-publish format-standard has-post-thumbnail hentry category-education-community category-orchid-of-the-month category-wildlife-ecology tag-barkeria-scandens tag-in-vitro tag-mexican-orchid tag-mexican-orchid-species tag-propagation tag-seed\" role=\"listitem\">\n\t\t\t<div class=\"elementor-post__card\">\n\t\t\t\t<a class=\"elementor-post__thumbnail__link\" href=\"https:\/\/www.vbgardens.org\/es\/orchid-of-the-month-barkeria-scandens\/\" tabindex=\"-1\" ><div class=\"elementor-post__thumbnail\"><img loading=\"lazy\" decoding=\"async\" width=\"1588\" height=\"567\" src=\"https:\/\/www.vbgardens.org\/wp-content\/uploads\/2026\/04\/Titulo-18.jpg\" class=\"attachment-full size-full wp-image-7476\" alt=\"\" srcset=\"https:\/\/www.vbgardens.org\/wp-content\/uploads\/2026\/04\/Titulo-18.jpg 1588w, https:\/\/www.vbgardens.org\/wp-content\/uploads\/2026\/04\/Titulo-18-300x107.jpg 300w, https:\/\/www.vbgardens.org\/wp-content\/uploads\/2026\/04\/Titulo-18-1024x366.jpg 1024w, https:\/\/www.vbgardens.org\/wp-content\/uploads\/2026\/04\/Titulo-18-768x274.jpg 768w, https:\/\/www.vbgardens.org\/wp-content\/uploads\/2026\/04\/Titulo-18-1536x548.jpg 1536w, https:\/\/www.vbgardens.org\/wp-content\/uploads\/2026\/04\/Titulo-18-18x6.jpg 18w\" sizes=\"(max-width: 1588px) 100vw, 1588px\" \/><\/div><\/a>\n\t\t\t\t<div class=\"elementor-post__badge\">Educaci\u00f3n y comunidad<\/div>\n\t\t\t\t<div class=\"elementor-post__text\">\n\t\t\t\t<h3 class=\"elementor-post__title\">\n\t\t\t<a href=\"https:\/\/www.vbgardens.org\/es\/orchid-of-the-month-barkeria-scandens\/\" >\n\t\t\t\tOrqu\u00eddea del mes: Barkeria scandens\t\t\t<\/a>\n\t\t<\/h3>\n\t\t\t\t\t<div class=\"elementor-post__read-more-wrapper\">\n\t\t\n\t\t<a class=\"elementor-post__read-more\" href=\"https:\/\/www.vbgardens.org\/es\/orchid-of-the-month-barkeria-scandens\/\" aria-label=\"Lee m\u00e1s sobre la Orqu\u00eddea del mes: Barkeria scandens\" tabindex=\"-1\" >\n\t\t\tLeer m\u00e1s \u00bb\t\t<\/a>\n\n\t\t\t\t\t<\/div>\n\t\t\t\t<\/div>\n\t\t\t\t<div class=\"elementor-post__meta-data\">\n\t\t\t\t\t<span class=\"elementor-post-author\">\n\t\t\tJes\u00fas \u00c1ngel Barajas\t\t<\/span>\n\t\t\t\t<span class=\"elementor-post-date\">\n\t\t\t18 de noviembre de 2025\t\t<\/span>\n\t\t\t\t<\/div>\n\t\t\t\t\t<\/div>\n\t\t<\/article>\n\t\t\t\t<article class=\"elementor-post elementor-grid-item post-7465 post type-post status-publish format-standard has-post-thumbnail hentry category-news-events tag-national-autonomous-university-of-mexico tag-technical-manager\" role=\"listitem\">\n\t\t\t<div class=\"elementor-post__card\">\n\t\t\t\t<a class=\"elementor-post__thumbnail__link\" href=\"https:\/\/www.vbgardens.org\/es\/new-technical-manager-at-the-vallarta-botanical-garden\/\" tabindex=\"-1\" ><div class=\"elementor-post__thumbnail\"><img loading=\"lazy\" decoding=\"async\" width=\"1588\" height=\"567\" src=\"https:\/\/www.vbgardens.org\/wp-content\/uploads\/2026\/04\/Titulo-17.jpg\" class=\"attachment-full size-full wp-image-7470\" alt=\"\" srcset=\"https:\/\/www.vbgardens.org\/wp-content\/uploads\/2026\/04\/Titulo-17.jpg 1588w, https:\/\/www.vbgardens.org\/wp-content\/uploads\/2026\/04\/Titulo-17-300x107.jpg 300w, https:\/\/www.vbgardens.org\/wp-content\/uploads\/2026\/04\/Titulo-17-1024x366.jpg 1024w, https:\/\/www.vbgardens.org\/wp-content\/uploads\/2026\/04\/Titulo-17-768x274.jpg 768w, https:\/\/www.vbgardens.org\/wp-content\/uploads\/2026\/04\/Titulo-17-1536x548.jpg 1536w, https:\/\/www.vbgardens.org\/wp-content\/uploads\/2026\/04\/Titulo-17-18x6.jpg 18w\" sizes=\"(max-width: 1588px) 100vw, 1588px\" \/><\/div><\/a>\n\t\t\t\t<div class=\"elementor-post__badge\">Noticias y Eventos<\/div>\n\t\t\t\t<div class=\"elementor-post__text\">\n\t\t\t\t<h3 class=\"elementor-post__title\">\n\t\t\t<a href=\"https:\/\/www.vbgardens.org\/es\/new-technical-manager-at-the-vallarta-botanical-garden\/\" >\n\t\t\t\tNuevo Gerente T\u00e9cnico en el Jard\u00edn Bot\u00e1nico de Vallarta\t\t\t<\/a>\n\t\t<\/h3>\n\t\t\t\t\t<div class=\"elementor-post__read-more-wrapper\">\n\t\t\n\t\t<a class=\"elementor-post__read-more\" href=\"https:\/\/www.vbgardens.org\/es\/new-technical-manager-at-the-vallarta-botanical-garden\/\" aria-label=\"Lee m\u00e1s sobre el Nuevo Gerente T\u00e9cnico en el Jard\u00edn Bot\u00e1nico de Vallarta.\" tabindex=\"-1\" >\n\t\t\tLeer m\u00e1s \u00bb\t\t<\/a>\n\n\t\t\t\t\t<\/div>\n\t\t\t\t<\/div>\n\t\t\t\t<div class=\"elementor-post__meta-data\">\n\t\t\t\t\t<span class=\"elementor-post-author\">\n\t\t\tAntonio G\u00f3mez\t\t<\/span>\n\t\t\t\t<span class=\"elementor-post-date\">\n\t\t\t9 de noviembre de 2025\t\t<\/span>\n\t\t\t\t<\/div>\n\t\t\t\t\t<\/div>\n\t\t<\/article>\n\t\t\t\t<article class=\"elementor-post elementor-grid-item post-7437 post type-post status-publish format-standard has-post-thumbnail hentry category-conservation-research category-education-community tag-botanic-gardens-conservation-international tag-central-and-caribbean-botanical-garden tag-conservation tag-environmental-education tag-research\" role=\"listitem\">\n\t\t\t<div class=\"elementor-post__card\">\n\t\t\t\t<a class=\"elementor-post__thumbnail__link\" href=\"https:\/\/www.vbgardens.org\/es\/united-for-conservation-vbg-at-bgci-catie\/\" tabindex=\"-1\" ><div class=\"elementor-post__thumbnail\"><img loading=\"lazy\" decoding=\"async\" width=\"2048\" height=\"759\" src=\"https:\/\/www.vbgardens.org\/wp-content\/uploads\/2026\/04\/IMG_7272-1-scaled-1-2048x759-2.jpg\" class=\"attachment-full size-full wp-image-7454\" alt=\"\" srcset=\"https:\/\/www.vbgardens.org\/wp-content\/uploads\/2026\/04\/IMG_7272-1-scaled-1-2048x759-2.jpg 2048w, https:\/\/www.vbgardens.org\/wp-content\/uploads\/2026\/04\/IMG_7272-1-scaled-1-2048x759-2-300x111.jpg 300w, https:\/\/www.vbgardens.org\/wp-content\/uploads\/2026\/04\/IMG_7272-1-scaled-1-2048x759-2-1024x380.jpg 1024w, https:\/\/www.vbgardens.org\/wp-content\/uploads\/2026\/04\/IMG_7272-1-scaled-1-2048x759-2-768x285.jpg 768w, https:\/\/www.vbgardens.org\/wp-content\/uploads\/2026\/04\/IMG_7272-1-scaled-1-2048x759-2-1536x569.jpg 1536w, https:\/\/www.vbgardens.org\/wp-content\/uploads\/2026\/04\/IMG_7272-1-scaled-1-2048x759-2-18x7.jpg 18w\" sizes=\"(max-width: 2048px) 100vw, 2048px\" \/><\/div><\/a>\n\t\t\t\t<div class=\"elementor-post__badge\">Conservaci\u00f3n e Investigaci\u00f3n<\/div>\n\t\t\t\t<div class=\"elementor-post__text\">\n\t\t\t\t<h3 class=\"elementor-post__title\">\n\t\t\t<a href=\"https:\/\/www.vbgardens.org\/es\/united-for-conservation-vbg-at-bgci-catie\/\" >\n\t\t\t\tUnidos por la Conservaci\u00f3n: VBG en BGCI-CATIE\t\t\t<\/a>\n\t\t<\/h3>\n\t\t\t\t\t<div class=\"elementor-post__read-more-wrapper\">\n\t\t\n\t\t<a class=\"elementor-post__read-more\" href=\"https:\/\/www.vbgardens.org\/es\/united-for-conservation-vbg-at-bgci-catie\/\" aria-label=\"Lee m\u00e1s sobre Unidos por la Conservaci\u00f3n: VBG en BGCI-CATIE\" tabindex=\"-1\" >\n\t\t\tLeer m\u00e1s \u00bb\t\t<\/a>\n\n\t\t\t\t\t<\/div>\n\t\t\t\t<\/div>\n\t\t\t\t<div class=\"elementor-post__meta-data\">\n\t\t\t\t\t<span class=\"elementor-post-author\">\n\t\t\tEvelyn Mart\u00ednez\t\t<\/span>\n\t\t\t\t<span class=\"elementor-post-date\">\n\t\t\t22 de octubre de 2025\t\t<\/span>\n\t\t\t\t<\/div>\n\t\t\t\t\t<\/div>\n\t\t<\/article>\n\t\t\t\t<article class=\"elementor-post elementor-grid-item post-7427 post type-post status-publish format-standard has-post-thumbnail hentry category-wildlife-ecology tag-birdwatchers tag-birdwatching tag-momotidae-family tag-momotus-mexicanus tag-russet-crowned-motmot\" role=\"listitem\">\n\t\t\t<div class=\"elementor-post__card\">\n\t\t\t\t<a class=\"elementor-post__thumbnail__link\" href=\"https:\/\/www.vbgardens.org\/es\/russet-crowned-motmot\/\" tabindex=\"-1\" ><div class=\"elementor-post__thumbnail\"><img loading=\"lazy\" decoding=\"async\" width=\"1588\" height=\"567\" src=\"https:\/\/www.vbgardens.org\/wp-content\/uploads\/2026\/04\/Titulo-MOTMOT.jpg\" class=\"attachment-full size-full wp-image-7430\" alt=\"\" srcset=\"https:\/\/www.vbgardens.org\/wp-content\/uploads\/2026\/04\/Titulo-MOTMOT.jpg 1588w, https:\/\/www.vbgardens.org\/wp-content\/uploads\/2026\/04\/Titulo-MOTMOT-300x107.jpg 300w, https:\/\/www.vbgardens.org\/wp-content\/uploads\/2026\/04\/Titulo-MOTMOT-1024x366.jpg 1024w, https:\/\/www.vbgardens.org\/wp-content\/uploads\/2026\/04\/Titulo-MOTMOT-768x274.jpg 768w, https:\/\/www.vbgardens.org\/wp-content\/uploads\/2026\/04\/Titulo-MOTMOT-1536x548.jpg 1536w, https:\/\/www.vbgardens.org\/wp-content\/uploads\/2026\/04\/Titulo-MOTMOT-18x6.jpg 18w\" sizes=\"(max-width: 1588px) 100vw, 1588px\" \/><\/div><\/a>\n\t\t\t\t<div class=\"elementor-post__badge\">Vida silvestre y ecolog\u00eda<\/div>\n\t\t\t\t<div class=\"elementor-post__text\">\n\t\t\t\t<h3 class=\"elementor-post__title\">\n\t\t\t<a href=\"https:\/\/www.vbgardens.org\/es\/russet-crowned-motmot\/\" >\n\t\t\t\tAlcaud\u00f3n real\t\t\t<\/a>\n\t\t<\/h3>\n\t\t\t\t\t<div class=\"elementor-post__read-more-wrapper\">\n\t\t\n\t\t<a class=\"elementor-post__read-more\" href=\"https:\/\/www.vbgardens.org\/es\/russet-crowned-motmot\/\" aria-label=\"Lee m\u00e1s sobre el Momoto coronirrufo\" tabindex=\"-1\" >\n\t\t\tLeer m\u00e1s \u00bb\t\t<\/a>\n\n\t\t\t\t\t<\/div>\n\t\t\t\t<\/div>\n\t\t\t\t<div class=\"elementor-post__meta-data\">\n\t\t\t\t\t<span class=\"elementor-post-author\">\n\t\t\tEduardo Villegas\t\t<\/span>\n\t\t\t\t<span class=\"elementor-post-date\">\n\t\t\t5 de septiembre de 2025\t\t<\/span>\n\t\t\t\t<\/div>\n\t\t\t\t\t<\/div>\n\t\t<\/article>\n\t\t\t\t<article class=\"elementor-post elementor-grid-item post-7419 post type-post status-publish format-standard has-post-thumbnail hentry category-wildlife-ecology tag-birdwatchers tag-birdwatching tag-golden-cheeked-woodpecker tag-melanerpes-chrysogenys tag-ric-chamblee\" role=\"listitem\">\n\t\t\t<div class=\"elementor-post__card\">\n\t\t\t\t<a class=\"elementor-post__thumbnail__link\" href=\"https:\/\/www.vbgardens.org\/es\/prosthechea-sanchezii-2\/\" tabindex=\"-1\" ><div class=\"elementor-post__thumbnail\"><img loading=\"lazy\" decoding=\"async\" width=\"2000\" height=\"731\" src=\"https:\/\/www.vbgardens.org\/wp-content\/uploads\/2026\/04\/Golden-cheeked-woodpecker-e1757099062928.jpg\" class=\"attachment-full size-full wp-image-7421\" alt=\"\" srcset=\"https:\/\/www.vbgardens.org\/wp-content\/uploads\/2026\/04\/Golden-cheeked-woodpecker-e1757099062928.jpg 2000w, https:\/\/www.vbgardens.org\/wp-content\/uploads\/2026\/04\/Golden-cheeked-woodpecker-e1757099062928-300x110.jpg 300w, https:\/\/www.vbgardens.org\/wp-content\/uploads\/2026\/04\/Golden-cheeked-woodpecker-e1757099062928-1024x374.jpg 1024w, https:\/\/www.vbgardens.org\/wp-content\/uploads\/2026\/04\/Golden-cheeked-woodpecker-e1757099062928-768x281.jpg 768w, https:\/\/www.vbgardens.org\/wp-content\/uploads\/2026\/04\/Golden-cheeked-woodpecker-e1757099062928-1536x561.jpg 1536w, https:\/\/www.vbgardens.org\/wp-content\/uploads\/2026\/04\/Golden-cheeked-woodpecker-e1757099062928-18x7.jpg 18w\" sizes=\"(max-width: 2000px) 100vw, 2000px\" \/><\/div><\/a>\n\t\t\t\t<div class=\"elementor-post__badge\">Vida silvestre y ecolog\u00eda<\/div>\n\t\t\t\t<div class=\"elementor-post__text\">\n\t\t\t\t<h3 class=\"elementor-post__title\">\n\t\t\t<a href=\"https:\/\/www.vbgardens.org\/es\/prosthechea-sanchezii-2\/\" >\n\t\t\t\tCarpintero Mexicano\t\t\t<\/a>\n\t\t<\/h3>\n\t\t\t\t\t<div class=\"elementor-post__read-more-wrapper\">\n\t\t\n\t\t<a class=\"elementor-post__read-more\" href=\"https:\/\/www.vbgardens.org\/es\/prosthechea-sanchezii-2\/\" aria-label=\"Lee m\u00e1s sobre el p\u00e1jaro carpintero de mejillas doradas\" tabindex=\"-1\" >\n\t\t\tLeer m\u00e1s \u00bb\t\t<\/a>\n\n\t\t\t\t\t<\/div>\n\t\t\t\t<\/div>\n\t\t\t\t<div class=\"elementor-post__meta-data\">\n\t\t\t\t\t<span class=\"elementor-post-author\">\n\t\t\tEduardo Villegas\t\t<\/span>\n\t\t\t\t<span class=\"elementor-post-date\">\n\t\t\t5 de septiembre de 2025\t\t<\/span>\n\t\t\t\t<\/div>\n\t\t\t\t\t<\/div>\n\t\t<\/article>\n\t\t\t\t<article class=\"elementor-post elementor-grid-item post-7382 post type-post status-publish format-standard has-post-thumbnail hentry category-conservation-research category-education-community category-news-events tag-bartlett-tree-research-labs-and-arboretum tag-el-cuale tag-endemic-oak tag-quercus-cualensis\" role=\"listitem\">\n\t\t\t<div class=\"elementor-post__card\">\n\t\t\t\t<a class=\"elementor-post__thumbnail__link\" href=\"https:\/\/www.vbgardens.org\/es\/program-for-the-conservation-of-el-cuale-oak-continues-quercus-cualensis\/\" tabindex=\"-1\" ><div class=\"elementor-post__thumbnail\"><img loading=\"lazy\" decoding=\"async\" width=\"1536\" height=\"548\" src=\"https:\/\/www.vbgardens.org\/wp-content\/uploads\/2026\/04\/Conservacion-de-encinos-en-cuale.jpg\" class=\"attachment-full size-full wp-image-7384\" alt=\"\" srcset=\"https:\/\/www.vbgardens.org\/wp-content\/uploads\/2026\/04\/Conservacion-de-encinos-en-cuale.jpg 1536w, https:\/\/www.vbgardens.org\/wp-content\/uploads\/2026\/04\/Conservacion-de-encinos-en-cuale-300x107.jpg 300w, https:\/\/www.vbgardens.org\/wp-content\/uploads\/2026\/04\/Conservacion-de-encinos-en-cuale-1024x365.jpg 1024w, https:\/\/www.vbgardens.org\/wp-content\/uploads\/2026\/04\/Conservacion-de-encinos-en-cuale-768x274.jpg 768w, https:\/\/www.vbgardens.org\/wp-content\/uploads\/2026\/04\/Conservacion-de-encinos-en-cuale-18x6.jpg 18w\" sizes=\"(max-width: 1536px) 100vw, 1536px\" \/><\/div><\/a>\n\t\t\t\t<div class=\"elementor-post__badge\">Conservaci\u00f3n e Investigaci\u00f3n<\/div>\n\t\t\t\t<div class=\"elementor-post__text\">\n\t\t\t\t<h3 class=\"elementor-post__title\">\n\t\t\t<a href=\"https:\/\/www.vbgardens.org\/es\/program-for-the-conservation-of-el-cuale-oak-continues-quercus-cualensis\/\" >\n\t\t\t\tEl programa de conservaci\u00f3n del roble de El Cuale (Quercus cualensis) contin\u00faa\t\t\t<\/a>\n\t\t<\/h3>\n\t\t\t\t\t<div class=\"elementor-post__read-more-wrapper\">\n\t\t\n\t\t<a class=\"elementor-post__read-more\" href=\"https:\/\/www.vbgardens.org\/es\/program-for-the-conservation-of-el-cuale-oak-continues-quercus-cualensis\/\" aria-label=\"Lea m\u00e1s sobre el programa de conservaci\u00f3n del roble de El Cuale (Quercus cualensis) contin\u00faa\" tabindex=\"-1\" >\n\t\t\tLeer m\u00e1s \u00bb\t\t<\/a>\n\n\t\t\t\t\t<\/div>\n\t\t\t\t<\/div>\n\t\t\t\t<div class=\"elementor-post__meta-data\">\n\t\t\t\t\t<span class=\"elementor-post-author\">\n\t\t\tJes\u00fas \u00c1ngel Barajas\t\t<\/span>\n\t\t\t\t<span class=\"elementor-post-date\">\n\t\t\t5 de agosto de 2025\t\t<\/span>\n\t\t\t\t<\/div>\n\t\t\t\t\t<\/div>\n\t\t<\/article>\n\t\t\t\t<article class=\"elementor-post elementor-grid-item post-7365 post type-post status-publish format-standard has-post-thumbnail hentry category-conservation-research tag-municipal-government-of-puerto-vallarta tag-sustainability tag-urban-tree-program\" role=\"listitem\">\n\t\t\t<div class=\"elementor-post__card\">\n\t\t\t\t<a class=\"elementor-post__thumbnail__link\" href=\"https:\/\/www.vbgardens.org\/es\/arbor-day-at-the-botanical-garden\/\" tabindex=\"-1\" ><div class=\"elementor-post__thumbnail\"><img loading=\"lazy\" decoding=\"async\" width=\"1536\" height=\"548\" src=\"https:\/\/www.vbgardens.org\/wp-content\/uploads\/2026\/04\/Titulo-2-1-1536x548-1.jpg\" class=\"attachment-full size-full wp-image-7378\" alt=\"\" srcset=\"https:\/\/www.vbgardens.org\/wp-content\/uploads\/2026\/04\/Titulo-2-1-1536x548-1.jpg 1536w, https:\/\/www.vbgardens.org\/wp-content\/uploads\/2026\/04\/Titulo-2-1-1536x548-1-300x107.jpg 300w, https:\/\/www.vbgardens.org\/wp-content\/uploads\/2026\/04\/Titulo-2-1-1536x548-1-1024x365.jpg 1024w, https:\/\/www.vbgardens.org\/wp-content\/uploads\/2026\/04\/Titulo-2-1-1536x548-1-768x274.jpg 768w, https:\/\/www.vbgardens.org\/wp-content\/uploads\/2026\/04\/Titulo-2-1-1536x548-1-18x6.jpg 18w\" sizes=\"(max-width: 1536px) 100vw, 1536px\" \/><\/div><\/a>\n\t\t\t\t<div class=\"elementor-post__badge\">Conservaci\u00f3n e Investigaci\u00f3n<\/div>\n\t\t\t\t<div class=\"elementor-post__text\">\n\t\t\t\t<h3 class=\"elementor-post__title\">\n\t\t\t<a href=\"https:\/\/www.vbgardens.org\/es\/arbor-day-at-the-botanical-garden\/\" >\n\t\t\t\tD\u00eda del \u00c1rbol en el Jard\u00edn Bot\u00e1nico\t\t\t<\/a>\n\t\t<\/h3>\n\t\t\t\t\t<div class=\"elementor-post__read-more-wrapper\">\n\t\t\n\t\t<a class=\"elementor-post__read-more\" href=\"https:\/\/www.vbgardens.org\/es\/arbor-day-at-the-botanical-garden\/\" aria-label=\"Lee m\u00e1s sobre el D\u00eda del \u00c1rbol en el Jard\u00edn Bot\u00e1nico\" tabindex=\"-1\" >\n\t\t\tLeer m\u00e1s \u00bb\t\t<\/a>\n\n\t\t\t\t\t<\/div>\n\t\t\t\t<\/div>\n\t\t\t\t<div class=\"elementor-post__meta-data\">\n\t\t\t\t\t<span class=\"elementor-post-author\">\n\t\t\tJes\u00fas \u00c1ngel Barajas\t\t<\/span>\n\t\t\t\t<span class=\"elementor-post-date\">\n\t\t\t5 de agosto de 2025\t\t<\/span>\n\t\t\t\t<\/div>\n\t\t\t\t\t<\/div>\n\t\t<\/article>\n\t\t\t\t<article class=\"elementor-post elementor-grid-item post-7357 post type-post status-publish format-standard has-post-thumbnail hentry category-education-community category-wildlife-ecology tag-archilochus-alexandri tag-birdwatchers tag-birdwatching tag-black-chinned-hummingbird tag-ric-chamblee\" role=\"listitem\">\n\t\t\t<div class=\"elementor-post__card\">\n\t\t\t\t<a class=\"elementor-post__thumbnail__link\" href=\"https:\/\/www.vbgardens.org\/es\/black-chinned-hummingbird\/\" tabindex=\"-1\" ><div class=\"elementor-post__thumbnail\"><img loading=\"lazy\" decoding=\"async\" width=\"1588\" height=\"567\" src=\"https:\/\/www.vbgardens.org\/wp-content\/uploads\/2026\/04\/Titulo-1-1.jpg\" class=\"attachment-full size-full wp-image-7360\" alt=\"\" srcset=\"https:\/\/www.vbgardens.org\/wp-content\/uploads\/2026\/04\/Titulo-1-1.jpg 1588w, https:\/\/www.vbgardens.org\/wp-content\/uploads\/2026\/04\/Titulo-1-1-300x107.jpg 300w, https:\/\/www.vbgardens.org\/wp-content\/uploads\/2026\/04\/Titulo-1-1-1024x366.jpg 1024w, https:\/\/www.vbgardens.org\/wp-content\/uploads\/2026\/04\/Titulo-1-1-768x274.jpg 768w, https:\/\/www.vbgardens.org\/wp-content\/uploads\/2026\/04\/Titulo-1-1-1536x548.jpg 1536w, https:\/\/www.vbgardens.org\/wp-content\/uploads\/2026\/04\/Titulo-1-1-18x6.jpg 18w\" sizes=\"(max-width: 1588px) 100vw, 1588px\" \/><\/div><\/a>\n\t\t\t\t<div class=\"elementor-post__badge\">Educaci\u00f3n y comunidad<\/div>\n\t\t\t\t<div class=\"elementor-post__text\">\n\t\t\t\t<h3 class=\"elementor-post__title\">\n\t\t\t<a href=\"https:\/\/www.vbgardens.org\/es\/black-chinned-hummingbird\/\" >\n\t\t\t\tColibr\u00ed de barbilla negra\t\t\t<\/a>\n\t\t<\/h3>\n\t\t\t\t\t<div class=\"elementor-post__read-more-wrapper\">\n\t\t\n\t\t<a class=\"elementor-post__read-more\" href=\"https:\/\/www.vbgardens.org\/es\/black-chinned-hummingbird\/\" aria-label=\"Lea m\u00e1s sobre el colibr\u00ed gorjinegro\" tabindex=\"-1\" >\n\t\t\tLeer m\u00e1s \u00bb\t\t<\/a>\n\n\t\t\t\t\t<\/div>\n\t\t\t\t<\/div>\n\t\t\t\t<div class=\"elementor-post__meta-data\">\n\t\t\t\t\t<span class=\"elementor-post-author\">\n\t\t\tJes\u00fas \u00c1ngel Barajas\t\t<\/span>\n\t\t\t\t<span class=\"elementor-post-date\">\n\t\t\t1 de agosto de 2025\t\t<\/span>\n\t\t\t\t<\/div>\n\t\t\t\t\t<\/div>\n\t\t<\/article>\n\t\t\t\t<article class=\"elementor-post elementor-grid-item post-7342 post type-post status-publish format-standard has-post-thumbnail hentry category-conservation-research category-education-community category-plant-spotlights tag-cuitlauzina-pendula tag-epiphytic tag-mexican-orchid tag-mexican-orchid-species tag-terrestrial\" role=\"listitem\">\n\t\t\t<div class=\"elementor-post__card\">\n\t\t\t\t<a class=\"elementor-post__thumbnail__link\" href=\"https:\/\/www.vbgardens.org\/es\/cuitlauzina-pulchella\/\" tabindex=\"-1\" ><div class=\"elementor-post__thumbnail\"><img loading=\"lazy\" decoding=\"async\" width=\"1588\" height=\"567\" src=\"https:\/\/www.vbgardens.org\/wp-content\/uploads\/2026\/04\/Titulo-16.jpg\" class=\"attachment-full size-full wp-image-7347\" alt=\"\" srcset=\"https:\/\/www.vbgardens.org\/wp-content\/uploads\/2026\/04\/Titulo-16.jpg 1588w, https:\/\/www.vbgardens.org\/wp-content\/uploads\/2026\/04\/Titulo-16-300x107.jpg 300w, https:\/\/www.vbgardens.org\/wp-content\/uploads\/2026\/04\/Titulo-16-1024x366.jpg 1024w, https:\/\/www.vbgardens.org\/wp-content\/uploads\/2026\/04\/Titulo-16-768x274.jpg 768w, https:\/\/www.vbgardens.org\/wp-content\/uploads\/2026\/04\/Titulo-16-1536x548.jpg 1536w, https:\/\/www.vbgardens.org\/wp-content\/uploads\/2026\/04\/Titulo-16-18x6.jpg 18w\" sizes=\"(max-width: 1588px) 100vw, 1588px\" \/><\/div><\/a>\n\t\t\t\t<div class=\"elementor-post__badge\">Conservaci\u00f3n e Investigaci\u00f3n<\/div>\n\t\t\t\t<div class=\"elementor-post__text\">\n\t\t\t\t<h3 class=\"elementor-post__title\">\n\t\t\t<a href=\"https:\/\/www.vbgardens.org\/es\/cuitlauzina-pulchella\/\" >\n\t\t\t\tCuitlauzina pulchella\t\t\t<\/a>\n\t\t<\/h3>\n\t\t\t\t\t<div class=\"elementor-post__read-more-wrapper\">\n\t\t\n\t\t<a class=\"elementor-post__read-more\" href=\"https:\/\/www.vbgardens.org\/es\/cuitlauzina-pulchella\/\" aria-label=\"Lea m\u00e1s sobre Cuitlauzina pulchella\" tabindex=\"-1\" >\n\t\t\tLeer m\u00e1s \u00bb\t\t<\/a>\n\n\t\t\t\t\t<\/div>\n\t\t\t\t<\/div>\n\t\t\t\t<div class=\"elementor-post__meta-data\">\n\t\t\t\t\t<span class=\"elementor-post-author\">\n\t\t\tEduardo Villegas\t\t<\/span>\n\t\t\t\t<span class=\"elementor-post-date\">\n\t\t\t1 de agosto de 2025\t\t<\/span>\n\t\t\t\t<\/div>\n\t\t\t\t\t<\/div>\n\t\t<\/article>\n\t\t\t\t<article class=\"elementor-post elementor-grid-item post-7332 post type-post status-publish format-standard has-post-thumbnail hentry category-conservation-research category-education-community tag-endemic-to-mexico tag-international-union-for-conservation-of-nature tag-iucn tag-mexican-orchid-species tag-mexican-orchids tag-orchid-lab\" role=\"listitem\">\n\t\t\t<div class=\"elementor-post__card\">\n\t\t\t\t<a class=\"elementor-post__thumbnail__link\" href=\"https:\/\/www.vbgardens.org\/es\/guaranteeing-the-future-of-four-endangered-orchid-species\/\" tabindex=\"-1\" ><div class=\"elementor-post__thumbnail\"><img loading=\"lazy\" decoding=\"async\" width=\"1588\" height=\"567\" src=\"https:\/\/www.vbgardens.org\/wp-content\/uploads\/2026\/04\/Titulo-5-1.jpg\" class=\"attachment-full size-full wp-image-7337\" alt=\"\" srcset=\"https:\/\/www.vbgardens.org\/wp-content\/uploads\/2026\/04\/Titulo-5-1.jpg 1588w, https:\/\/www.vbgardens.org\/wp-content\/uploads\/2026\/04\/Titulo-5-1-300x107.jpg 300w, https:\/\/www.vbgardens.org\/wp-content\/uploads\/2026\/04\/Titulo-5-1-1024x366.jpg 1024w, https:\/\/www.vbgardens.org\/wp-content\/uploads\/2026\/04\/Titulo-5-1-768x274.jpg 768w, https:\/\/www.vbgardens.org\/wp-content\/uploads\/2026\/04\/Titulo-5-1-1536x548.jpg 1536w, https:\/\/www.vbgardens.org\/wp-content\/uploads\/2026\/04\/Titulo-5-1-18x6.jpg 18w\" sizes=\"(max-width: 1588px) 100vw, 1588px\" \/><\/div><\/a>\n\t\t\t\t<div class=\"elementor-post__badge\">Conservaci\u00f3n e Investigaci\u00f3n<\/div>\n\t\t\t\t<div class=\"elementor-post__text\">\n\t\t\t\t<h3 class=\"elementor-post__title\">\n\t\t\t<a href=\"https:\/\/www.vbgardens.org\/es\/guaranteeing-the-future-of-four-endangered-orchid-species\/\" >\n\t\t\t\tGarantizando el futuro de cuatro especies de orqu\u00eddeas en peligro de extinci\u00f3n\t\t\t<\/a>\n\t\t<\/h3>\n\t\t\t\t\t<div class=\"elementor-post__read-more-wrapper\">\n\t\t\n\t\t<a class=\"elementor-post__read-more\" href=\"https:\/\/www.vbgardens.org\/es\/guaranteeing-the-future-of-four-endangered-orchid-species\/\" aria-label=\"Lea m\u00e1s sobre la garant\u00eda del futuro de cuatro especies de orqu\u00eddeas en peligro de extinci\u00f3n\" tabindex=\"-1\" >\n\t\t\tLeer m\u00e1s \u00bb\t\t<\/a>\n\n\t\t\t\t\t<\/div>\n\t\t\t\t<\/div>\n\t\t\t\t<div class=\"elementor-post__meta-data\">\n\t\t\t\t\t<span class=\"elementor-post-author\">\n\t\t\tChristopher Jacobs\t\t<\/span>\n\t\t\t\t<span class=\"elementor-post-date\">\n\t\t\t22 de julio, 2025\t\t<\/span>\n\t\t\t\t<\/div>\n\t\t\t\t\t<\/div>\n\t\t<\/article>\n\t\t\t\t<article class=\"elementor-post elementor-grid-item post-7270 post type-post status-publish format-standard has-post-thumbnail hentry category-education-community tag-college-graduates tag-une tag-university-job-fair\" role=\"listitem\">\n\t\t\t<div class=\"elementor-post__card\">\n\t\t\t\t<a class=\"elementor-post__thumbnail__link\" href=\"https:\/\/www.vbgardens.org\/es\/1st-une-university-job-fair\/\" tabindex=\"-1\" ><div class=\"elementor-post__thumbnail\"><img loading=\"lazy\" decoding=\"async\" width=\"1588\" height=\"567\" src=\"https:\/\/www.vbgardens.org\/wp-content\/uploads\/2026\/04\/Titulo-9-1.jpg\" class=\"attachment-full size-full wp-image-7321\" alt=\"\" srcset=\"https:\/\/www.vbgardens.org\/wp-content\/uploads\/2026\/04\/Titulo-9-1.jpg 1588w, https:\/\/www.vbgardens.org\/wp-content\/uploads\/2026\/04\/Titulo-9-1-300x107.jpg 300w, https:\/\/www.vbgardens.org\/wp-content\/uploads\/2026\/04\/Titulo-9-1-1024x366.jpg 1024w, https:\/\/www.vbgardens.org\/wp-content\/uploads\/2026\/04\/Titulo-9-1-768x274.jpg 768w, https:\/\/www.vbgardens.org\/wp-content\/uploads\/2026\/04\/Titulo-9-1-1536x548.jpg 1536w, https:\/\/www.vbgardens.org\/wp-content\/uploads\/2026\/04\/Titulo-9-1-18x6.jpg 18w\" sizes=\"(max-width: 1588px) 100vw, 1588px\" \/><\/div><\/a>\n\t\t\t\t<div class=\"elementor-post__badge\">Educaci\u00f3n y comunidad<\/div>\n\t\t\t\t<div class=\"elementor-post__text\">\n\t\t\t\t<h3 class=\"elementor-post__title\">\n\t\t\t<a href=\"https:\/\/www.vbgardens.org\/es\/1st-une-university-job-fair\/\" >\n\t\t\t\t1ra Feria de Empleo UNE\t\t\t<\/a>\n\t\t<\/h3>\n\t\t\t\t\t<div class=\"elementor-post__read-more-wrapper\">\n\t\t\n\t\t<a class=\"elementor-post__read-more\" href=\"https:\/\/www.vbgardens.org\/es\/1st-une-university-job-fair\/\" aria-label=\"Lee m\u00e1s sobre la 1\u00aa Feria de Empleo de UNE University\" tabindex=\"-1\" >\n\t\t\tLeer m\u00e1s \u00bb\t\t<\/a>\n\n\t\t\t\t\t<\/div>\n\t\t\t\t<\/div>\n\t\t\t\t<div class=\"elementor-post__meta-data\">\n\t\t\t\t\t<span class=\"elementor-post-author\">\n\t\t\tJes\u00fas \u00c1ngel Barajas\t\t<\/span>\n\t\t\t\t<span class=\"elementor-post-date\">\n\t\t\t4 de julio de 2025\t\t<\/span>\n\t\t\t\t<\/div>\n\t\t\t\t\t<\/div>\n\t\t<\/article>\n\t\t\t\t<article class=\"elementor-post elementor-grid-item post-6601 post type-post status-publish format-standard has-post-thumbnail hentry category-bird-of-the-month category-education-community category-wildlife-ecology tag-berylline-hummingbird tag-birdwatchers tag-birdwatching tag-ric-chamblee tag-saucerottia-beryllina\" role=\"listitem\">\n\t\t\t<div class=\"elementor-post__card\">\n\t\t\t\t<a class=\"elementor-post__thumbnail__link\" href=\"https:\/\/www.vbgardens.org\/es\/berylline-hummingbird\/\" tabindex=\"-1\" ><div class=\"elementor-post__thumbnail\"><img loading=\"lazy\" decoding=\"async\" width=\"1200\" height=\"900\" src=\"https:\/\/www.vbgardens.org\/wp-content\/uploads\/2026\/04\/1.jpg\" class=\"attachment-full size-full wp-image-6622\" alt=\"\" srcset=\"https:\/\/www.vbgardens.org\/wp-content\/uploads\/2026\/04\/1.jpg 1200w, https:\/\/www.vbgardens.org\/wp-content\/uploads\/2026\/04\/1-300x225.jpg 300w, https:\/\/www.vbgardens.org\/wp-content\/uploads\/2026\/04\/1-1024x768.jpg 1024w, https:\/\/www.vbgardens.org\/wp-content\/uploads\/2026\/04\/1-768x576.jpg 768w, https:\/\/www.vbgardens.org\/wp-content\/uploads\/2026\/04\/1-16x12.jpg 16w\" sizes=\"(max-width: 1200px) 100vw, 1200px\" \/><\/div><\/a>\n\t\t\t\t<div class=\"elementor-post__badge\">Ave del mes<\/div>\n\t\t\t\t<div class=\"elementor-post__text\">\n\t\t\t\t<h3 class=\"elementor-post__title\">\n\t\t\t<a href=\"https:\/\/www.vbgardens.org\/es\/berylline-hummingbird\/\" >\n\t\t\t\tColibr\u00ed berilo\t\t\t<\/a>\n\t\t<\/h3>\n\t\t\t\t\t<div class=\"elementor-post__read-more-wrapper\">\n\t\t\n\t\t<a class=\"elementor-post__read-more\" href=\"https:\/\/www.vbgardens.org\/es\/berylline-hummingbird\/\" aria-label=\"Lee m\u00e1s sobre el colibr\u00ed berilo.\" tabindex=\"-1\" >\n\t\t\tLeer m\u00e1s \u00bb\t\t<\/a>\n\n\t\t\t\t\t<\/div>\n\t\t\t\t<\/div>\n\t\t\t\t<div class=\"elementor-post__meta-data\">\n\t\t\t\t\t<span class=\"elementor-post-author\">\n\t\t\tJes\u00fas \u00c1ngel Barajas\t\t<\/span>\n\t\t\t\t<span class=\"elementor-post-date\">\n\t\t\t3 de julio de 2025\t\t<\/span>\n\t\t\t\t<\/div>\n\t\t\t\t\t<\/div>\n\t\t<\/article>\n\t\t\t\t<article class=\"elementor-post elementor-grid-item post-6650 post type-post status-publish format-standard has-post-thumbnail hentry category-conservation-research category-education-community tag-fungi tag-parasitize tag-phytopathogenic tag-ustilago-maydis\" role=\"listitem\">\n\t\t\t<div class=\"elementor-post__card\">\n\t\t\t\t<a class=\"elementor-post__thumbnail__link\" href=\"https:\/\/www.vbgardens.org\/es\/the-fungi-are-eating-up-my-garden\/\" tabindex=\"-1\" ><div class=\"elementor-post__thumbnail\"><img loading=\"lazy\" decoding=\"async\" width=\"1588\" height=\"567\" src=\"https:\/\/www.vbgardens.org\/wp-content\/uploads\/2026\/04\/Titulo-8.jpg\" class=\"attachment-full size-full wp-image-6945\" alt=\"\" srcset=\"https:\/\/www.vbgardens.org\/wp-content\/uploads\/2026\/04\/Titulo-8.jpg 1588w, https:\/\/www.vbgardens.org\/wp-content\/uploads\/2026\/04\/Titulo-8-300x107.jpg 300w, https:\/\/www.vbgardens.org\/wp-content\/uploads\/2026\/04\/Titulo-8-1024x366.jpg 1024w, https:\/\/www.vbgardens.org\/wp-content\/uploads\/2026\/04\/Titulo-8-768x274.jpg 768w, https:\/\/www.vbgardens.org\/wp-content\/uploads\/2026\/04\/Titulo-8-1536x548.jpg 1536w, https:\/\/www.vbgardens.org\/wp-content\/uploads\/2026\/04\/Titulo-8-18x6.jpg 18w\" sizes=\"(max-width: 1588px) 100vw, 1588px\" \/><\/div><\/a>\n\t\t\t\t<div class=\"elementor-post__badge\">Conservaci\u00f3n e Investigaci\u00f3n<\/div>\n\t\t\t\t<div class=\"elementor-post__text\">\n\t\t\t\t<h3 class=\"elementor-post__title\">\n\t\t\t<a href=\"https:\/\/www.vbgardens.org\/es\/the-fungi-are-eating-up-my-garden\/\" >\n\t\t\t\tLos hongos se est\u00e1n comiendo mi jard\u00edn\t\t\t<\/a>\n\t\t<\/h3>\n\t\t\t\t\t<div class=\"elementor-post__read-more-wrapper\">\n\t\t\n\t\t<a class=\"elementor-post__read-more\" href=\"https:\/\/www.vbgardens.org\/es\/the-fungi-are-eating-up-my-garden\/\" aria-label=\"Lee m\u00e1s sobre Los hongos se est\u00e1n comiendo mi jard\u00edn\" tabindex=\"-1\" >\n\t\t\tLeer m\u00e1s \u00bb\t\t<\/a>\n\n\t\t\t\t\t<\/div>\n\t\t\t\t<\/div>\n\t\t\t\t<div class=\"elementor-post__meta-data\">\n\t\t\t\t\t<span class=\"elementor-post-author\">\n\t\t\tJes\u00fas Reyes\t\t<\/span>\n\t\t\t\t<span class=\"elementor-post-date\">\n\t\t\t3 de julio de 2025\t\t<\/span>\n\t\t\t\t<\/div>\n\t\t\t\t\t<\/div>\n\t\t<\/article>\n\t\t\t\t<article class=\"elementor-post elementor-grid-item post-6626 post type-post status-publish format-standard has-post-thumbnail hentry category-conservation-research category-education-community category-plant-spotlights tag-mexican-orchid tag-mexican-orchid-species tag-mexican-orchids tag-mule-ears tag-trichocentrum-oestlundianum\" role=\"listitem\">\n\t\t\t<div class=\"elementor-post__card\">\n\t\t\t\t<a class=\"elementor-post__thumbnail__link\" href=\"https:\/\/www.vbgardens.org\/es\/trichocentrum-oestlundianum\/\" tabindex=\"-1\" ><div class=\"elementor-post__thumbnail\"><img loading=\"lazy\" decoding=\"async\" width=\"1200\" height=\"900\" src=\"https:\/\/www.vbgardens.org\/wp-content\/uploads\/2026\/04\/5.jpg\" class=\"attachment-full size-full wp-image-6634\" alt=\"\" srcset=\"https:\/\/www.vbgardens.org\/wp-content\/uploads\/2026\/04\/5.jpg 1200w, https:\/\/www.vbgardens.org\/wp-content\/uploads\/2026\/04\/5-300x225.jpg 300w, https:\/\/www.vbgardens.org\/wp-content\/uploads\/2026\/04\/5-1024x768.jpg 1024w, https:\/\/www.vbgardens.org\/wp-content\/uploads\/2026\/04\/5-768x576.jpg 768w, https:\/\/www.vbgardens.org\/wp-content\/uploads\/2026\/04\/5-16x12.jpg 16w\" sizes=\"(max-width: 1200px) 100vw, 1200px\" \/><\/div><\/a>\n\t\t\t\t<div class=\"elementor-post__badge\">Conservaci\u00f3n e Investigaci\u00f3n<\/div>\n\t\t\t\t<div class=\"elementor-post__text\">\n\t\t\t\t<h3 class=\"elementor-post__title\">\n\t\t\t<a href=\"https:\/\/www.vbgardens.org\/es\/trichocentrum-oestlundianum\/\" >\n\t\t\t\tTrichocentrum oestlundianum\t\t\t<\/a>\n\t\t<\/h3>\n\t\t\t\t\t<div class=\"elementor-post__read-more-wrapper\">\n\t\t\n\t\t<a class=\"elementor-post__read-more\" href=\"https:\/\/www.vbgardens.org\/es\/trichocentrum-oestlundianum\/\" aria-label=\"Lea m\u00e1s sobre Trichocentrum oestlundianum\" tabindex=\"-1\" >\n\t\t\tLeer m\u00e1s \u00bb\t\t<\/a>\n\n\t\t\t\t\t<\/div>\n\t\t\t\t<\/div>\n\t\t\t\t<div class=\"elementor-post__meta-data\">\n\t\t\t\t\t<span class=\"elementor-post-author\">\n\t\t\tJes\u00fas \u00c1ngel Barajas\t\t<\/span>\n\t\t\t\t<span class=\"elementor-post-date\">\n\t\t\t3 de julio de 2025\t\t<\/span>\n\t\t\t\t<\/div>\n\t\t\t\t\t<\/div>\n\t\t<\/article>\n\t\t\t\t<article class=\"elementor-post elementor-grid-item post-7300 post type-post status-publish format-standard has-post-thumbnail hentry category-education-community category-news-events tag-benito-juarez-federal-rural-elementary-school tag-bird-watchers-club tag-birdwatchers tag-birdwatching\" role=\"listitem\">\n\t\t\t<div class=\"elementor-post__card\">\n\t\t\t\t<a class=\"elementor-post__thumbnail__link\" href=\"https:\/\/www.vbgardens.org\/es\/bird-watchers-club-2023-2025\/\" tabindex=\"-1\" ><div class=\"elementor-post__thumbnail\"><img loading=\"lazy\" decoding=\"async\" width=\"1588\" height=\"567\" src=\"https:\/\/www.vbgardens.org\/wp-content\/uploads\/2026\/04\/Titulo-3-1.jpg\" class=\"attachment-full size-full wp-image-7311\" alt=\"\" srcset=\"https:\/\/www.vbgardens.org\/wp-content\/uploads\/2026\/04\/Titulo-3-1.jpg 1588w, https:\/\/www.vbgardens.org\/wp-content\/uploads\/2026\/04\/Titulo-3-1-300x107.jpg 300w, https:\/\/www.vbgardens.org\/wp-content\/uploads\/2026\/04\/Titulo-3-1-1024x366.jpg 1024w, https:\/\/www.vbgardens.org\/wp-content\/uploads\/2026\/04\/Titulo-3-1-768x274.jpg 768w, https:\/\/www.vbgardens.org\/wp-content\/uploads\/2026\/04\/Titulo-3-1-1536x548.jpg 1536w, https:\/\/www.vbgardens.org\/wp-content\/uploads\/2026\/04\/Titulo-3-1-18x6.jpg 18w\" sizes=\"(max-width: 1588px) 100vw, 1588px\" \/><\/div><\/a>\n\t\t\t\t<div class=\"elementor-post__badge\">Educaci\u00f3n y comunidad<\/div>\n\t\t\t\t<div class=\"elementor-post__text\">\n\t\t\t\t<h3 class=\"elementor-post__title\">\n\t\t\t<a href=\"https:\/\/www.vbgardens.org\/es\/bird-watchers-club-2023-2025\/\" >\n\t\t\t\tClub de Observadores de Aves 2023-2025\t\t\t<\/a>\n\t\t<\/h3>\n\t\t\t\t\t<div class=\"elementor-post__read-more-wrapper\">\n\t\t\n\t\t<a class=\"elementor-post__read-more\" href=\"https:\/\/www.vbgardens.org\/es\/bird-watchers-club-2023-2025\/\" aria-label=\"Lea m\u00e1s sobre el Club de Observaci\u00f3n de Aves 2023-2025\" tabindex=\"-1\" >\n\t\t\tLeer m\u00e1s \u00bb\t\t<\/a>\n\n\t\t\t\t\t<\/div>\n\t\t\t\t<\/div>\n\t\t\t\t<div class=\"elementor-post__meta-data\">\n\t\t\t\t\t<span class=\"elementor-post-author\">\n\t\t\tJes\u00fas \u00c1ngel Barajas\t\t<\/span>\n\t\t\t\t<span class=\"elementor-post-date\">\n\t\t\t3 de julio de 2025\t\t<\/span>\n\t\t\t\t<\/div>\n\t\t\t\t\t<\/div>\n\t\t<\/article>\n\t\t\t\t<article class=\"elementor-post elementor-grid-item post-7287 post type-post status-publish format-standard has-post-thumbnail hentry category-art-culture-history category-education-community tag-education tag-educational-program tag-el-tuito tag-environmental-education tag-garden-competition tag-secondary-school-no-137\" role=\"listitem\">\n\t\t\t<div class=\"elementor-post__card\">\n\t\t\t\t<a class=\"elementor-post__thumbnail__link\" href=\"https:\/\/www.vbgardens.org\/es\/students-transform-their-school-with-gardens-that-inspire-environmental-care\/\" tabindex=\"-1\" ><div class=\"elementor-post__thumbnail\"><img loading=\"lazy\" decoding=\"async\" width=\"1588\" height=\"567\" src=\"https:\/\/www.vbgardens.org\/wp-content\/uploads\/2026\/04\/Titulo-2-2.jpg\" class=\"attachment-full size-full wp-image-7295\" alt=\"\" srcset=\"https:\/\/www.vbgardens.org\/wp-content\/uploads\/2026\/04\/Titulo-2-2.jpg 1588w, https:\/\/www.vbgardens.org\/wp-content\/uploads\/2026\/04\/Titulo-2-2-300x107.jpg 300w, https:\/\/www.vbgardens.org\/wp-content\/uploads\/2026\/04\/Titulo-2-2-1024x366.jpg 1024w, https:\/\/www.vbgardens.org\/wp-content\/uploads\/2026\/04\/Titulo-2-2-768x274.jpg 768w, https:\/\/www.vbgardens.org\/wp-content\/uploads\/2026\/04\/Titulo-2-2-1536x548.jpg 1536w, https:\/\/www.vbgardens.org\/wp-content\/uploads\/2026\/04\/Titulo-2-2-18x6.jpg 18w\" sizes=\"(max-width: 1588px) 100vw, 1588px\" \/><\/div><\/a>\n\t\t\t\t<div class=\"elementor-post__badge\">Arte, Cultura e Historia<\/div>\n\t\t\t\t<div class=\"elementor-post__text\">\n\t\t\t\t<h3 class=\"elementor-post__title\">\n\t\t\t<a href=\"https:\/\/www.vbgardens.org\/es\/students-transform-their-school-with-gardens-that-inspire-environmental-care\/\" >\n\t\t\t\t\u00a1Los estudiantes transforman su escuela con jardines que inspiran el cuidado del medio ambiente!\t\t\t<\/a>\n\t\t<\/h3>\n\t\t\t\t\t<div class=\"elementor-post__read-more-wrapper\">\n\t\t\n\t\t<a class=\"elementor-post__read-more\" href=\"https:\/\/www.vbgardens.org\/es\/students-transform-their-school-with-gardens-that-inspire-environmental-care\/\" aria-label=\"\u00a1Estudiantes transforman su escuela con jardines que inspiran el cuidado del medio ambiente!\" tabindex=\"-1\" >\n\t\t\tLeer m\u00e1s \u00bb\t\t<\/a>\n\n\t\t\t\t\t<\/div>\n\t\t\t\t<\/div>\n\t\t\t\t<div class=\"elementor-post__meta-data\">\n\t\t\t\t\t<span class=\"elementor-post-author\">\n\t\t\tJes\u00fas \u00c1ngel Barajas\t\t<\/span>\n\t\t\t\t<span class=\"elementor-post-date\">\n\t\t\t3 de julio de 2025\t\t<\/span>\n\t\t\t\t<\/div>\n\t\t\t\t\t<\/div>\n\t\t<\/article>\n\t\t\t\t<article class=\"elementor-post elementor-grid-item post-7246 post type-post status-publish format-standard has-post-thumbnail hentry category-conservation-research category-education-community category-wildlife-ecology tag-banderas-bay tag-birdwatchers tag-conservation\" role=\"listitem\">\n\t\t\t<div class=\"elementor-post__card\">\n\t\t\t\t<a class=\"elementor-post__thumbnail__link\" href=\"https:\/\/www.vbgardens.org\/es\/conservation-of-birds-of-prey-in-banderas-bay\/\" tabindex=\"-1\" ><div class=\"elementor-post__thumbnail\"><img loading=\"lazy\" decoding=\"async\" width=\"1588\" height=\"567\" src=\"https:\/\/www.vbgardens.org\/wp-content\/uploads\/2026\/04\/Titulo-6-1.jpg\" class=\"attachment-full size-full wp-image-7253\" alt=\"\" srcset=\"https:\/\/www.vbgardens.org\/wp-content\/uploads\/2026\/04\/Titulo-6-1.jpg 1588w, https:\/\/www.vbgardens.org\/wp-content\/uploads\/2026\/04\/Titulo-6-1-300x107.jpg 300w, https:\/\/www.vbgardens.org\/wp-content\/uploads\/2026\/04\/Titulo-6-1-1024x366.jpg 1024w, https:\/\/www.vbgardens.org\/wp-content\/uploads\/2026\/04\/Titulo-6-1-768x274.jpg 768w, https:\/\/www.vbgardens.org\/wp-content\/uploads\/2026\/04\/Titulo-6-1-1536x548.jpg 1536w, https:\/\/www.vbgardens.org\/wp-content\/uploads\/2026\/04\/Titulo-6-1-18x6.jpg 18w\" sizes=\"(max-width: 1588px) 100vw, 1588px\" \/><\/div><\/a>\n\t\t\t\t<div class=\"elementor-post__badge\">Conservaci\u00f3n e Investigaci\u00f3n<\/div>\n\t\t\t\t<div class=\"elementor-post__text\">\n\t\t\t\t<h3 class=\"elementor-post__title\">\n\t\t\t<a href=\"https:\/\/www.vbgardens.org\/es\/conservation-of-birds-of-prey-in-banderas-bay\/\" >\n\t\t\t\tConservaci\u00f3n de aves rapaces en Bah\u00eda de Banderas\t\t\t<\/a>\n\t\t<\/h3>\n\t\t\t\t\t<div class=\"elementor-post__read-more-wrapper\">\n\t\t\n\t\t<a class=\"elementor-post__read-more\" href=\"https:\/\/www.vbgardens.org\/es\/conservation-of-birds-of-prey-in-banderas-bay\/\" aria-label=\"Lea m\u00e1s sobre la Conservaci\u00f3n de Rapaces en la Bah\u00eda de Banderas\" tabindex=\"-1\" >\n\t\t\tLeer m\u00e1s \u00bb\t\t<\/a>\n\n\t\t\t\t\t<\/div>\n\t\t\t\t<\/div>\n\t\t\t\t<div class=\"elementor-post__meta-data\">\n\t\t\t\t\t<span class=\"elementor-post-author\">\n\t\t\tSelene Barba\t\t<\/span>\n\t\t\t\t<span class=\"elementor-post-date\">\n\t\t\t25 de junio de 2025\t\t<\/span>\n\t\t\t\t<\/div>\n\t\t\t\t\t<\/div>\n\t\t<\/article>\n\t\t\t\t<article class=\"elementor-post elementor-grid-item post-7229 post type-post status-publish format-standard has-post-thumbnail hentry category-conservation-research category-wildlife-ecology tag-birdwatchers tag-birdwatching tag-cinnamon-rumped-seedeater tag-sporophila-torqueola\" role=\"listitem\">\n\t\t\t<div class=\"elementor-post__card\">\n\t\t\t\t<a class=\"elementor-post__thumbnail__link\" href=\"https:\/\/www.vbgardens.org\/es\/cinnamon-rumped-seedeater\/\" tabindex=\"-1\" ><div class=\"elementor-post__thumbnail\"><img loading=\"lazy\" decoding=\"async\" width=\"2048\" height=\"1370\" src=\"https:\/\/www.vbgardens.org\/wp-content\/uploads\/2026\/04\/Sporophila-torqueola-agosto-Laura-Gaudette-scaled-1.jpg\" class=\"attachment-full size-full wp-image-7232\" alt=\"\" srcset=\"https:\/\/www.vbgardens.org\/wp-content\/uploads\/2026\/04\/Sporophila-torqueola-agosto-Laura-Gaudette-scaled-1.jpg 2048w, https:\/\/www.vbgardens.org\/wp-content\/uploads\/2026\/04\/Sporophila-torqueola-agosto-Laura-Gaudette-scaled-1-300x201.jpg 300w, https:\/\/www.vbgardens.org\/wp-content\/uploads\/2026\/04\/Sporophila-torqueola-agosto-Laura-Gaudette-scaled-1-1024x685.jpg 1024w, https:\/\/www.vbgardens.org\/wp-content\/uploads\/2026\/04\/Sporophila-torqueola-agosto-Laura-Gaudette-scaled-1-768x514.jpg 768w, https:\/\/www.vbgardens.org\/wp-content\/uploads\/2026\/04\/Sporophila-torqueola-agosto-Laura-Gaudette-scaled-1-1536x1028.jpg 1536w, https:\/\/www.vbgardens.org\/wp-content\/uploads\/2026\/04\/Sporophila-torqueola-agosto-Laura-Gaudette-scaled-1-18x12.jpg 18w\" sizes=\"(max-width: 2048px) 100vw, 2048px\" \/><\/div><\/a>\n\t\t\t\t<div class=\"elementor-post__badge\">Conservaci\u00f3n e Investigaci\u00f3n<\/div>\n\t\t\t\t<div class=\"elementor-post__text\">\n\t\t\t\t<h3 class=\"elementor-post__title\">\n\t\t\t<a href=\"https:\/\/www.vbgardens.org\/es\/cinnamon-rumped-seedeater\/\" >\n\t\t\t\tCorrelimos canela\t\t\t<\/a>\n\t\t<\/h3>\n\t\t\t\t\t<div class=\"elementor-post__read-more-wrapper\">\n\t\t\n\t\t<a class=\"elementor-post__read-more\" href=\"https:\/\/www.vbgardens.org\/es\/cinnamon-rumped-seedeater\/\" aria-label=\"Leer m\u00e1s sobre el semillero acanelado\" tabindex=\"-1\" >\n\t\t\tLeer m\u00e1s \u00bb\t\t<\/a>\n\n\t\t\t\t\t<\/div>\n\t\t\t\t<\/div>\n\t\t\t\t<div class=\"elementor-post__meta-data\">\n\t\t\t\t\t<span class=\"elementor-post-author\">\n\t\t\tBlanca Ch\u00e1vez\t\t<\/span>\n\t\t\t\t<span class=\"elementor-post-date\">\n\t\t\t25 de junio de 2025\t\t<\/span>\n\t\t\t\t<\/div>\n\t\t\t\t\t<\/div>\n\t\t<\/article>\n\t\t\t\t<article class=\"elementor-post elementor-grid-item post-7262 post type-post status-publish format-standard has-post-thumbnail hentry category-wildlife-ecology tag-birdwatchers tag-birdwatching tag-ric-chamblee tag-selasphorus-calliope\" role=\"listitem\">\n\t\t\t<div class=\"elementor-post__card\">\n\t\t\t\t<a class=\"elementor-post__thumbnail__link\" href=\"https:\/\/www.vbgardens.org\/es\/calliope-hummingbird\/\" tabindex=\"-1\" ><div class=\"elementor-post__thumbnail\"><img loading=\"lazy\" decoding=\"async\" width=\"2000\" height=\"1382\" src=\"https:\/\/www.vbgardens.org\/wp-content\/uploads\/2026\/04\/Selasphorus-calliope-Septiembre-adkonings.jpg\" class=\"attachment-full size-full wp-image-7265\" alt=\"\" srcset=\"https:\/\/www.vbgardens.org\/wp-content\/uploads\/2026\/04\/Selasphorus-calliope-Septiembre-adkonings.jpg 2000w, https:\/\/www.vbgardens.org\/wp-content\/uploads\/2026\/04\/Selasphorus-calliope-Septiembre-adkonings-300x207.jpg 300w, https:\/\/www.vbgardens.org\/wp-content\/uploads\/2026\/04\/Selasphorus-calliope-Septiembre-adkonings-1024x708.jpg 1024w, https:\/\/www.vbgardens.org\/wp-content\/uploads\/2026\/04\/Selasphorus-calliope-Septiembre-adkonings-768x531.jpg 768w, https:\/\/www.vbgardens.org\/wp-content\/uploads\/2026\/04\/Selasphorus-calliope-Septiembre-adkonings-1536x1061.jpg 1536w, https:\/\/www.vbgardens.org\/wp-content\/uploads\/2026\/04\/Selasphorus-calliope-Septiembre-adkonings-18x12.jpg 18w\" sizes=\"(max-width: 2000px) 100vw, 2000px\" \/><\/div><\/a>\n\t\t\t\t<div class=\"elementor-post__badge\">Vida silvestre y ecolog\u00eda<\/div>\n\t\t\t\t<div class=\"elementor-post__text\">\n\t\t\t\t<h3 class=\"elementor-post__title\">\n\t\t\t<a href=\"https:\/\/www.vbgardens.org\/es\/calliope-hummingbird\/\" >\n\t\t\t\tColibr\u00ed de Calliope\t\t\t<\/a>\n\t\t<\/h3>\n\t\t\t\t\t<div class=\"elementor-post__read-more-wrapper\">\n\t\t\n\t\t<a class=\"elementor-post__read-more\" href=\"https:\/\/www.vbgardens.org\/es\/calliope-hummingbird\/\" aria-label=\"Lee m\u00e1s sobre el colibr\u00ed de Calliope\" tabindex=\"-1\" >\n\t\t\tLeer m\u00e1s \u00bb\t\t<\/a>\n\n\t\t\t\t\t<\/div>\n\t\t\t\t<\/div>\n\t\t\t\t<div class=\"elementor-post__meta-data\">\n\t\t\t\t\t<span class=\"elementor-post-author\">\n\t\t\tEduardo Villegas\t\t<\/span>\n\t\t\t\t<span class=\"elementor-post-date\">\n\t\t\t25 de junio de 2025\t\t<\/span>\n\t\t\t\t<\/div>\n\t\t\t\t\t<\/div>\n\t\t<\/article>\n\t\t\t\t<article class=\"elementor-post elementor-grid-item post-7217 post type-post status-publish format-standard has-post-thumbnail hentry category-conservation-research category-education-community category-news-events tag-bgci tag-bgci-catie tag-conservation tag-turialba\" role=\"listitem\">\n\t\t\t<div class=\"elementor-post__card\">\n\t\t\t\t<a class=\"elementor-post__thumbnail__link\" href=\"https:\/\/www.vbgardens.org\/es\/united-for-biodiversity-strategic-alliance-between-the-culiacan-botanical-garden-and-the-vallarta-botanical-garden\/\" tabindex=\"-1\" ><div class=\"elementor-post__thumbnail\"><img loading=\"lazy\" decoding=\"async\" width=\"1588\" height=\"567\" src=\"https:\/\/www.vbgardens.org\/wp-content\/uploads\/2026\/04\/Titulo-2-1.jpg\" class=\"attachment-full size-full wp-image-7219\" alt=\"\" srcset=\"https:\/\/www.vbgardens.org\/wp-content\/uploads\/2026\/04\/Titulo-2-1.jpg 1588w, https:\/\/www.vbgardens.org\/wp-content\/uploads\/2026\/04\/Titulo-2-1-300x107.jpg 300w, https:\/\/www.vbgardens.org\/wp-content\/uploads\/2026\/04\/Titulo-2-1-1024x366.jpg 1024w, https:\/\/www.vbgardens.org\/wp-content\/uploads\/2026\/04\/Titulo-2-1-768x274.jpg 768w, https:\/\/www.vbgardens.org\/wp-content\/uploads\/2026\/04\/Titulo-2-1-1536x548.jpg 1536w, https:\/\/www.vbgardens.org\/wp-content\/uploads\/2026\/04\/Titulo-2-1-18x6.jpg 18w\" sizes=\"(max-width: 1588px) 100vw, 1588px\" \/><\/div><\/a>\n\t\t\t\t<div class=\"elementor-post__badge\">Conservaci\u00f3n e Investigaci\u00f3n<\/div>\n\t\t\t\t<div class=\"elementor-post__text\">\n\t\t\t\t<h3 class=\"elementor-post__title\">\n\t\t\t<a href=\"https:\/\/www.vbgardens.org\/es\/united-for-biodiversity-strategic-alliance-between-the-culiacan-botanical-garden-and-the-vallarta-botanical-garden\/\" >\n\t\t\t\tUnidos por la Biodiversidad: Alianza Estrat\u00e9gica entre el Jard\u00edn Bot\u00e1nico de Culiac\u00e1n y el Jard\u00edn Bot\u00e1nico de Vallarta\t\t\t<\/a>\n\t\t<\/h3>\n\t\t\t\t\t<div class=\"elementor-post__read-more-wrapper\">\n\t\t\n\t\t<a class=\"elementor-post__read-more\" href=\"https:\/\/www.vbgardens.org\/es\/united-for-biodiversity-strategic-alliance-between-the-culiacan-botanical-garden-and-the-vallarta-botanical-garden\/\" aria-label=\"Lea m\u00e1s sobre Unidos por la Biodiversidad: Alianza Estrat\u00e9gica entre el Jard\u00edn Bot\u00e1nico de Culiac\u00e1n y el Jard\u00edn Bot\u00e1nico de Vallarta\" tabindex=\"-1\" >\n\t\t\tLeer m\u00e1s \u00bb\t\t<\/a>\n\n\t\t\t\t\t<\/div>\n\t\t\t\t<\/div>\n\t\t\t\t<div class=\"elementor-post__meta-data\">\n\t\t\t\t\t<span class=\"elementor-post-author\">\n\t\t\tJes\u00fas \u00c1ngel Barajas\t\t<\/span>\n\t\t\t\t<span class=\"elementor-post-date\">\n\t\t\t22 de junio de 2025\t\t<\/span>\n\t\t\t\t<\/div>\n\t\t\t\t\t<\/div>\n\t\t<\/article>\n\t\t\t\t<article class=\"elementor-post elementor-grid-item post-7206 post type-post status-publish format-standard has-post-thumbnail hentry category-conservation-research category-education-community category-plant-spotlights tag-encyclia-cordigera tag-mexican-orchid tag-mexican-orchid-species tag-micropropagation-laboratory\" role=\"listitem\">\n\t\t\t<div class=\"elementor-post__card\">\n\t\t\t\t<a class=\"elementor-post__thumbnail__link\" href=\"https:\/\/www.vbgardens.org\/es\/encyclia-parviflora\/\" tabindex=\"-1\" ><div class=\"elementor-post__thumbnail\"><img loading=\"lazy\" decoding=\"async\" width=\"1588\" height=\"567\" src=\"https:\/\/www.vbgardens.org\/wp-content\/uploads\/2026\/04\/Titulo-14.jpg\" class=\"attachment-full size-full wp-image-7209\" alt=\"\" srcset=\"https:\/\/www.vbgardens.org\/wp-content\/uploads\/2026\/04\/Titulo-14.jpg 1588w, https:\/\/www.vbgardens.org\/wp-content\/uploads\/2026\/04\/Titulo-14-300x107.jpg 300w, https:\/\/www.vbgardens.org\/wp-content\/uploads\/2026\/04\/Titulo-14-1024x366.jpg 1024w, https:\/\/www.vbgardens.org\/wp-content\/uploads\/2026\/04\/Titulo-14-768x274.jpg 768w, https:\/\/www.vbgardens.org\/wp-content\/uploads\/2026\/04\/Titulo-14-1536x548.jpg 1536w, https:\/\/www.vbgardens.org\/wp-content\/uploads\/2026\/04\/Titulo-14-18x6.jpg 18w\" sizes=\"(max-width: 1588px) 100vw, 1588px\" \/><\/div><\/a>\n\t\t\t\t<div class=\"elementor-post__badge\">Conservaci\u00f3n e Investigaci\u00f3n<\/div>\n\t\t\t\t<div class=\"elementor-post__text\">\n\t\t\t\t<h3 class=\"elementor-post__title\">\n\t\t\t<a href=\"https:\/\/www.vbgardens.org\/es\/encyclia-parviflora\/\" >\n\t\t\t\tEncyclia parviflora\t\t\t<\/a>\n\t\t<\/h3>\n\t\t\t\t\t<div class=\"elementor-post__read-more-wrapper\">\n\t\t\n\t\t<a class=\"elementor-post__read-more\" href=\"https:\/\/www.vbgardens.org\/es\/encyclia-parviflora\/\" aria-label=\"Lee m\u00e1s sobre Encyclia parviflora\" tabindex=\"-1\" >\n\t\t\tLeer m\u00e1s \u00bb\t\t<\/a>\n\n\t\t\t\t\t<\/div>\n\t\t\t\t<\/div>\n\t\t\t\t<div class=\"elementor-post__meta-data\">\n\t\t\t\t\t<span class=\"elementor-post-author\">\n\t\t\tJes\u00fas \u00c1ngel Barajas\t\t<\/span>\n\t\t\t\t<span class=\"elementor-post-date\">\n\t\t\t22 de junio de 2025\t\t<\/span>\n\t\t\t\t<\/div>\n\t\t\t\t\t<\/div>\n\t\t<\/article>\n\t\t\t\t<article class=\"elementor-post elementor-grid-item post-7192 post type-post status-publish format-standard has-post-thumbnail hentry category-plant-spotlights tag-clock-vine tag-thunbergia-mysorensis\" role=\"listitem\">\n\t\t\t<div class=\"elementor-post__card\">\n\t\t\t\t<a class=\"elementor-post__thumbnail__link\" href=\"https:\/\/www.vbgardens.org\/es\/clock-vine-a-hummingbirds-delight\/\" tabindex=\"-1\" ><div class=\"elementor-post__thumbnail\"><img loading=\"lazy\" decoding=\"async\" width=\"1588\" height=\"567\" src=\"https:\/\/www.vbgardens.org\/wp-content\/uploads\/2026\/04\/Titulo-4-1.jpg\" class=\"attachment-full size-full wp-image-7198\" alt=\"\" srcset=\"https:\/\/www.vbgardens.org\/wp-content\/uploads\/2026\/04\/Titulo-4-1.jpg 1588w, https:\/\/www.vbgardens.org\/wp-content\/uploads\/2026\/04\/Titulo-4-1-300x107.jpg 300w, https:\/\/www.vbgardens.org\/wp-content\/uploads\/2026\/04\/Titulo-4-1-1024x366.jpg 1024w, https:\/\/www.vbgardens.org\/wp-content\/uploads\/2026\/04\/Titulo-4-1-768x274.jpg 768w, https:\/\/www.vbgardens.org\/wp-content\/uploads\/2026\/04\/Titulo-4-1-1536x548.jpg 1536w, https:\/\/www.vbgardens.org\/wp-content\/uploads\/2026\/04\/Titulo-4-1-18x6.jpg 18w\" sizes=\"(max-width: 1588px) 100vw, 1588px\" \/><\/div><\/a>\n\t\t\t\t<div class=\"elementor-post__badge\">Focos de Plantas<\/div>\n\t\t\t\t<div class=\"elementor-post__text\">\n\t\t\t\t<h3 class=\"elementor-post__title\">\n\t\t\t<a href=\"https:\/\/www.vbgardens.org\/es\/clock-vine-a-hummingbirds-delight\/\" >\n\t\t\t\tEnredadera de Reloj: El Deleite de un Colibr\u00ed\t\t\t<\/a>\n\t\t<\/h3>\n\t\t\t\t\t<div class=\"elementor-post__read-more-wrapper\">\n\t\t\n\t\t<a class=\"elementor-post__read-more\" href=\"https:\/\/www.vbgardens.org\/es\/clock-vine-a-hummingbirds-delight\/\" aria-label=\"Lea m\u00e1s sobre la Enredadera del Reloj: El deleite de un colibr\u00ed\" tabindex=\"-1\" >\n\t\t\tLeer m\u00e1s \u00bb\t\t<\/a>\n\n\t\t\t\t\t<\/div>\n\t\t\t\t<\/div>\n\t\t\t\t<div class=\"elementor-post__meta-data\">\n\t\t\t\t\t<span class=\"elementor-post-author\">\n\t\t\tKarina Aguilar\t\t<\/span>\n\t\t\t\t<span class=\"elementor-post-date\">\n\t\t\t21 de junio de 2025\t\t<\/span>\n\t\t\t\t<\/div>\n\t\t\t\t\t<\/div>\n\t\t<\/article>\n\t\t\t\t<article class=\"elementor-post elementor-grid-item post-7237 post type-post status-publish format-standard has-post-thumbnail hentry category-education-community category-news-events tag-executive-director tag-tessa-lee\" role=\"listitem\">\n\t\t\t<div class=\"elementor-post__card\">\n\t\t\t\t<a class=\"elementor-post__thumbnail__link\" href=\"https:\/\/www.vbgardens.org\/es\/announcing-tessa-lee-as-incoming-executive-director\/\" tabindex=\"-1\" ><div class=\"elementor-post__thumbnail\"><img loading=\"lazy\" decoding=\"async\" width=\"1588\" height=\"567\" src=\"https:\/\/www.vbgardens.org\/wp-content\/uploads\/2026\/04\/Tessa-Lee.jpg\" class=\"attachment-full size-full wp-image-7241\" alt=\"\" srcset=\"https:\/\/www.vbgardens.org\/wp-content\/uploads\/2026\/04\/Tessa-Lee.jpg 1588w, https:\/\/www.vbgardens.org\/wp-content\/uploads\/2026\/04\/Tessa-Lee-300x107.jpg 300w, https:\/\/www.vbgardens.org\/wp-content\/uploads\/2026\/04\/Tessa-Lee-1024x366.jpg 1024w, https:\/\/www.vbgardens.org\/wp-content\/uploads\/2026\/04\/Tessa-Lee-768x274.jpg 768w, https:\/\/www.vbgardens.org\/wp-content\/uploads\/2026\/04\/Tessa-Lee-1536x548.jpg 1536w, https:\/\/www.vbgardens.org\/wp-content\/uploads\/2026\/04\/Tessa-Lee-18x6.jpg 18w\" sizes=\"(max-width: 1588px) 100vw, 1588px\" \/><\/div><\/a>\n\t\t\t\t<div class=\"elementor-post__badge\">Educaci\u00f3n y comunidad<\/div>\n\t\t\t\t<div class=\"elementor-post__text\">\n\t\t\t\t<h3 class=\"elementor-post__title\">\n\t\t\t<a href=\"https:\/\/www.vbgardens.org\/es\/announcing-tessa-lee-as-incoming-executive-director\/\" >\n\t\t\t\tAnunciando a Tessa Lee como la nueva Directora Ejecutiva\t\t\t<\/a>\n\t\t<\/h3>\n\t\t\t\t\t<div class=\"elementor-post__read-more-wrapper\">\n\t\t\n\t\t<a class=\"elementor-post__read-more\" href=\"https:\/\/www.vbgardens.org\/es\/announcing-tessa-lee-as-incoming-executive-director\/\" aria-label=\"Lea m\u00e1s sobre el anuncio de Tessa Lee como pr\u00f3xima Directora Ejecutiva\" tabindex=\"-1\" >\n\t\t\tLeer m\u00e1s \u00bb\t\t<\/a>\n\n\t\t\t\t\t<\/div>\n\t\t\t\t<\/div>\n\t\t\t\t<div class=\"elementor-post__meta-data\">\n\t\t\t\t\t<span class=\"elementor-post-author\">\n\t\t\tJes\u00fas Reyes\t\t<\/span>\n\t\t\t\t<span class=\"elementor-post-date\">\n\t\t\t20 de junio de 2025\t\t<\/span>\n\t\t\t\t<\/div>\n\t\t\t\t\t<\/div>\n\t\t<\/article>\n\t\t\t\t<article class=\"elementor-post elementor-grid-item post-6674 post type-post status-publish format-standard has-post-thumbnail hentry category-bird-of-the-month category-education-community category-wildlife-ecology tag-bare-throated-tiger-heron tag-birdwatchers tag-birdwatching tag-ric-chamblee tag-tigrisoma-mexicanum\" role=\"listitem\">\n\t\t\t<div class=\"elementor-post__card\">\n\t\t\t\t<a class=\"elementor-post__thumbnail__link\" href=\"https:\/\/www.vbgardens.org\/es\/bare-throated-tiger-heron\/\" tabindex=\"-1\" ><div class=\"elementor-post__thumbnail\"><img loading=\"lazy\" decoding=\"async\" width=\"1920\" height=\"800\" src=\"https:\/\/www.vbgardens.org\/wp-content\/uploads\/2026\/04\/blog-formato-portada8.jpg\" class=\"attachment-full size-full wp-image-6676\" alt=\"\" srcset=\"https:\/\/www.vbgardens.org\/wp-content\/uploads\/2026\/04\/blog-formato-portada8.jpg 1920w, https:\/\/www.vbgardens.org\/wp-content\/uploads\/2026\/04\/blog-formato-portada8-300x125.jpg 300w, https:\/\/www.vbgardens.org\/wp-content\/uploads\/2026\/04\/blog-formato-portada8-1024x427.jpg 1024w, https:\/\/www.vbgardens.org\/wp-content\/uploads\/2026\/04\/blog-formato-portada8-768x320.jpg 768w, https:\/\/www.vbgardens.org\/wp-content\/uploads\/2026\/04\/blog-formato-portada8-1536x640.jpg 1536w, https:\/\/www.vbgardens.org\/wp-content\/uploads\/2026\/04\/blog-formato-portada8-18x8.jpg 18w\" sizes=\"(max-width: 1920px) 100vw, 1920px\" \/><\/div><\/a>\n\t\t\t\t<div class=\"elementor-post__badge\">Ave del mes<\/div>\n\t\t\t\t<div class=\"elementor-post__text\">\n\t\t\t\t<h3 class=\"elementor-post__title\">\n\t\t\t<a href=\"https:\/\/www.vbgardens.org\/es\/bare-throated-tiger-heron\/\" >\n\t\t\t\tGarcilla cuelliblanca\t\t\t<\/a>\n\t\t<\/h3>\n\t\t\t\t\t<div class=\"elementor-post__read-more-wrapper\">\n\t\t\n\t\t<a class=\"elementor-post__read-more\" href=\"https:\/\/www.vbgardens.org\/es\/bare-throated-tiger-heron\/\" aria-label=\"Lea m\u00e1s sobre el Avetoro cariblanco\" tabindex=\"-1\" >\n\t\t\tLeer m\u00e1s \u00bb\t\t<\/a>\n\n\t\t\t\t\t<\/div>\n\t\t\t\t<\/div>\n\t\t\t\t<div class=\"elementor-post__meta-data\">\n\t\t\t\t\t<span class=\"elementor-post-author\">\n\t\t\tJes\u00fas \u00c1ngel Barajas\t\t<\/span>\n\t\t\t\t<span class=\"elementor-post-date\">\n\t\t\tjunio 18, 2025\t\t<\/span>\n\t\t\t\t<\/div>\n\t\t\t\t\t<\/div>\n\t\t<\/article>\n\t\t\t\t<article class=\"elementor-post elementor-grid-item post-7178 post type-post status-publish format-standard has-post-thumbnail hentry category-conservation-research category-education-community category-plant-spotlights category-wildlife-ecology tag-govenia-superba tag-mexican-orchid tag-mexican-orchid-species tag-native-to-mexico tag-rare-native-orchid\" role=\"listitem\">\n\t\t\t<div class=\"elementor-post__card\">\n\t\t\t\t<a class=\"elementor-post__thumbnail__link\" href=\"https:\/\/www.vbgardens.org\/es\/govenia-superba\/\" tabindex=\"-1\" ><div class=\"elementor-post__thumbnail\"><img loading=\"lazy\" decoding=\"async\" width=\"1588\" height=\"567\" src=\"https:\/\/www.vbgardens.org\/wp-content\/uploads\/2026\/04\/Titulo-13.jpg\" class=\"attachment-full size-full wp-image-7181\" alt=\"\" srcset=\"https:\/\/www.vbgardens.org\/wp-content\/uploads\/2026\/04\/Titulo-13.jpg 1588w, https:\/\/www.vbgardens.org\/wp-content\/uploads\/2026\/04\/Titulo-13-300x107.jpg 300w, https:\/\/www.vbgardens.org\/wp-content\/uploads\/2026\/04\/Titulo-13-1024x366.jpg 1024w, https:\/\/www.vbgardens.org\/wp-content\/uploads\/2026\/04\/Titulo-13-768x274.jpg 768w, https:\/\/www.vbgardens.org\/wp-content\/uploads\/2026\/04\/Titulo-13-1536x548.jpg 1536w, https:\/\/www.vbgardens.org\/wp-content\/uploads\/2026\/04\/Titulo-13-18x6.jpg 18w\" sizes=\"(max-width: 1588px) 100vw, 1588px\" \/><\/div><\/a>\n\t\t\t\t<div class=\"elementor-post__badge\">Conservaci\u00f3n e Investigaci\u00f3n<\/div>\n\t\t\t\t<div class=\"elementor-post__text\">\n\t\t\t\t<h3 class=\"elementor-post__title\">\n\t\t\t<a href=\"https:\/\/www.vbgardens.org\/es\/govenia-superba\/\" >\n\t\t\t\tGovenia Superba\t\t\t<\/a>\n\t\t<\/h3>\n\t\t\t\t\t<div class=\"elementor-post__read-more-wrapper\">\n\t\t\n\t\t<a class=\"elementor-post__read-more\" href=\"https:\/\/www.vbgardens.org\/es\/govenia-superba\/\" aria-label=\"Lee m\u00e1s sobre Govenia Superba\" tabindex=\"-1\" >\n\t\t\tLeer m\u00e1s \u00bb\t\t<\/a>\n\n\t\t\t\t\t<\/div>\n\t\t\t\t<\/div>\n\t\t\t\t<div class=\"elementor-post__meta-data\">\n\t\t\t\t\t<span class=\"elementor-post-author\">\n\t\t\tEduardo Villegas\t\t<\/span>\n\t\t\t\t<span class=\"elementor-post-date\">\n\t\t\t17 de junio de 2025\t\t<\/span>\n\t\t\t\t<\/div>\n\t\t\t\t\t<\/div>\n\t\t<\/article>\n\t\t\t\t<article class=\"elementor-post elementor-grid-item post-7170 post type-post status-publish format-standard has-post-thumbnail hentry category-education-community category-wildlife-ecology tag-birdwatchers tag-birdwatching tag-ric-chamblee tag-sparkling-tailed-hummingbird tag-tilmatura-dupontii\" role=\"listitem\">\n\t\t\t<div class=\"elementor-post__card\">\n\t\t\t\t<a class=\"elementor-post__thumbnail__link\" href=\"https:\/\/www.vbgardens.org\/es\/sparkling-tailed-hummingbird\/\" tabindex=\"-1\" ><div class=\"elementor-post__thumbnail\"><img loading=\"lazy\" decoding=\"async\" width=\"2048\" height=\"731\" src=\"https:\/\/www.vbgardens.org\/wp-content\/uploads\/2026\/04\/PORTADA-VLOG_Mesa-de-trabajo-1-scaled-2.jpg\" class=\"attachment-full size-full wp-image-7173\" alt=\"\" srcset=\"https:\/\/www.vbgardens.org\/wp-content\/uploads\/2026\/04\/PORTADA-VLOG_Mesa-de-trabajo-1-scaled-2.jpg 2048w, https:\/\/www.vbgardens.org\/wp-content\/uploads\/2026\/04\/PORTADA-VLOG_Mesa-de-trabajo-1-scaled-2-300x107.jpg 300w, https:\/\/www.vbgardens.org\/wp-content\/uploads\/2026\/04\/PORTADA-VLOG_Mesa-de-trabajo-1-scaled-2-1024x366.jpg 1024w, https:\/\/www.vbgardens.org\/wp-content\/uploads\/2026\/04\/PORTADA-VLOG_Mesa-de-trabajo-1-scaled-2-768x274.jpg 768w, https:\/\/www.vbgardens.org\/wp-content\/uploads\/2026\/04\/PORTADA-VLOG_Mesa-de-trabajo-1-scaled-2-1536x548.jpg 1536w, https:\/\/www.vbgardens.org\/wp-content\/uploads\/2026\/04\/PORTADA-VLOG_Mesa-de-trabajo-1-scaled-2-18x6.jpg 18w\" sizes=\"(max-width: 2048px) 100vw, 2048px\" \/><\/div><\/a>\n\t\t\t\t<div class=\"elementor-post__badge\">Educaci\u00f3n y comunidad<\/div>\n\t\t\t\t<div class=\"elementor-post__text\">\n\t\t\t\t<h3 class=\"elementor-post__title\">\n\t\t\t<a href=\"https:\/\/www.vbgardens.org\/es\/sparkling-tailed-hummingbird\/\" >\n\t\t\t\tColibr\u00ed de cola chispeante\t\t\t<\/a>\n\t\t<\/h3>\n\t\t\t\t\t<div class=\"elementor-post__read-more-wrapper\">\n\t\t\n\t\t<a class=\"elementor-post__read-more\" href=\"https:\/\/www.vbgardens.org\/es\/sparkling-tailed-hummingbird\/\" aria-label=\"Lee m\u00e1s sobre el Colibr\u00ed de cola brillante\" tabindex=\"-1\" >\n\t\t\tLeer m\u00e1s \u00bb\t\t<\/a>\n\n\t\t\t\t\t<\/div>\n\t\t\t\t<\/div>\n\t\t\t\t<div class=\"elementor-post__meta-data\">\n\t\t\t\t\t<span class=\"elementor-post-author\">\n\t\t\tRic Chamblee\t\t<\/span>\n\t\t\t\t<span class=\"elementor-post-date\">\n\t\t\t17 de junio de 2025\t\t<\/span>\n\t\t\t\t<\/div>\n\t\t\t\t\t<\/div>\n\t\t<\/article>\n\t\t\t\t<article class=\"elementor-post elementor-grid-item post-7160 post type-post status-publish format-standard has-post-thumbnail hentry category-conservation-research category-education-community category-orchid-of-the-month category-wildlife-ecology tag-colima tag-encyclia-trachycarpa tag-jalisco tag-mexican-orchid tag-mexican-orchid-species\" role=\"listitem\">\n\t\t\t<div class=\"elementor-post__card\">\n\t\t\t\t<a class=\"elementor-post__thumbnail__link\" href=\"https:\/\/www.vbgardens.org\/es\/encyclia-trachycarpa\/\" tabindex=\"-1\" ><div class=\"elementor-post__thumbnail\"><img loading=\"lazy\" decoding=\"async\" width=\"1588\" height=\"567\" src=\"https:\/\/www.vbgardens.org\/wp-content\/uploads\/2026\/04\/Titulo-12.jpg\" class=\"attachment-full size-full wp-image-7166\" alt=\"\" srcset=\"https:\/\/www.vbgardens.org\/wp-content\/uploads\/2026\/04\/Titulo-12.jpg 1588w, https:\/\/www.vbgardens.org\/wp-content\/uploads\/2026\/04\/Titulo-12-300x107.jpg 300w, https:\/\/www.vbgardens.org\/wp-content\/uploads\/2026\/04\/Titulo-12-1024x366.jpg 1024w, https:\/\/www.vbgardens.org\/wp-content\/uploads\/2026\/04\/Titulo-12-768x274.jpg 768w, https:\/\/www.vbgardens.org\/wp-content\/uploads\/2026\/04\/Titulo-12-1536x548.jpg 1536w, https:\/\/www.vbgardens.org\/wp-content\/uploads\/2026\/04\/Titulo-12-18x6.jpg 18w\" sizes=\"(max-width: 1588px) 100vw, 1588px\" \/><\/div><\/a>\n\t\t\t\t<div class=\"elementor-post__badge\">Conservaci\u00f3n e Investigaci\u00f3n<\/div>\n\t\t\t\t<div class=\"elementor-post__text\">\n\t\t\t\t<h3 class=\"elementor-post__title\">\n\t\t\t<a href=\"https:\/\/www.vbgardens.org\/es\/encyclia-trachycarpa\/\" >\n\t\t\t\tEncyclia Trachycarpa\t\t\t<\/a>\n\t\t<\/h3>\n\t\t\t\t\t<div class=\"elementor-post__read-more-wrapper\">\n\t\t\n\t\t<a class=\"elementor-post__read-more\" href=\"https:\/\/www.vbgardens.org\/es\/encyclia-trachycarpa\/\" aria-label=\"Lea m\u00e1s sobre Encyclia Trachycarpa\" tabindex=\"-1\" >\n\t\t\tLeer m\u00e1s \u00bb\t\t<\/a>\n\n\t\t\t\t\t<\/div>\n\t\t\t\t<\/div>\n\t\t\t\t<div class=\"elementor-post__meta-data\">\n\t\t\t\t\t<span class=\"elementor-post-author\">\n\t\t\tEduardo Villegas\t\t<\/span>\n\t\t\t\t<span class=\"elementor-post-date\">\n\t\t\t17 de junio de 2025\t\t<\/span>\n\t\t\t\t<\/div>\n\t\t\t\t\t<\/div>\n\t\t<\/article>\n\t\t\t\t<article class=\"elementor-post elementor-grid-item post-7143 post type-post status-publish format-standard has-post-thumbnail hentry category-art-culture-history category-conservation-research category-education-community tag-american-public-gardens-association tag-desert-botanical-garden tag-q-cualensis tag-quercus-tuitensis\" role=\"listitem\">\n\t\t\t<div class=\"elementor-post__card\">\n\t\t\t\t<a class=\"elementor-post__thumbnail__link\" href=\"https:\/\/www.vbgardens.org\/es\/connecting-with-the-botanical-community-at-apga-2025\/\" tabindex=\"-1\" ><div class=\"elementor-post__thumbnail\"><img loading=\"lazy\" decoding=\"async\" width=\"1588\" height=\"567\" src=\"https:\/\/www.vbgardens.org\/wp-content\/uploads\/2026\/04\/Titulo-7-1.jpg\" class=\"attachment-full size-full wp-image-7151\" alt=\"\" srcset=\"https:\/\/www.vbgardens.org\/wp-content\/uploads\/2026\/04\/Titulo-7-1.jpg 1588w, https:\/\/www.vbgardens.org\/wp-content\/uploads\/2026\/04\/Titulo-7-1-300x107.jpg 300w, https:\/\/www.vbgardens.org\/wp-content\/uploads\/2026\/04\/Titulo-7-1-1024x366.jpg 1024w, https:\/\/www.vbgardens.org\/wp-content\/uploads\/2026\/04\/Titulo-7-1-768x274.jpg 768w, https:\/\/www.vbgardens.org\/wp-content\/uploads\/2026\/04\/Titulo-7-1-1536x548.jpg 1536w, https:\/\/www.vbgardens.org\/wp-content\/uploads\/2026\/04\/Titulo-7-1-18x6.jpg 18w\" sizes=\"(max-width: 1588px) 100vw, 1588px\" \/><\/div><\/a>\n\t\t\t\t<div class=\"elementor-post__badge\">Arte, Cultura e Historia<\/div>\n\t\t\t\t<div class=\"elementor-post__text\">\n\t\t\t\t<h3 class=\"elementor-post__title\">\n\t\t\t<a href=\"https:\/\/www.vbgardens.org\/es\/connecting-with-the-botanical-community-at-apga-2025\/\" >\n\t\t\t\tConectar con la comunidad bot\u00e1nica en APGA 2025\t\t\t<\/a>\n\t\t<\/h3>\n\t\t\t\t\t<div class=\"elementor-post__read-more-wrapper\">\n\t\t\n\t\t<a class=\"elementor-post__read-more\" href=\"https:\/\/www.vbgardens.org\/es\/connecting-with-the-botanical-community-at-apga-2025\/\" aria-label=\"Lea m\u00e1s sobre c\u00f3mo conectar con la comunidad bot\u00e1nica en APGA 2025\" tabindex=\"-1\" >\n\t\t\tLeer m\u00e1s \u00bb\t\t<\/a>\n\n\t\t\t\t\t<\/div>\n\t\t\t\t<\/div>\n\t\t\t\t<div class=\"elementor-post__meta-data\">\n\t\t\t\t\t<span class=\"elementor-post-author\">\n\t\t\tChristopher Jacobs\t\t<\/span>\n\t\t\t\t<span class=\"elementor-post-date\">\n\t\t\t3 de junio de 2025\t\t<\/span>\n\t\t\t\t<\/div>\n\t\t\t\t\t<\/div>\n\t\t<\/article>\n\t\t\t\t<article class=\"elementor-post elementor-grid-item post-7119 post type-post status-publish format-standard has-post-thumbnail hentry category-bird-of-the-month category-education-community category-visitor-guides-experience category-wildlife-ecology tag-bird-of-the-month tag-birdwatchers tag-birdwatching tag-peucaea-ruficauda tag-ric-chamblee tag-stripe-headed-sparrow\" role=\"listitem\">\n\t\t\t<div class=\"elementor-post__card\">\n\t\t\t\t<a class=\"elementor-post__thumbnail__link\" href=\"https:\/\/www.vbgardens.org\/es\/childrens-day\/\" tabindex=\"-1\" ><div class=\"elementor-post__thumbnail\"><img loading=\"lazy\" decoding=\"async\" width=\"2048\" height=\"731\" src=\"https:\/\/www.vbgardens.org\/wp-content\/uploads\/2025\/05\/Ave-del-Mes-Junio-2024_Mesa-de-trabajo-1-scaled-1.jpg\" class=\"attachment-full size-full wp-image-7132\" alt=\"\" srcset=\"https:\/\/www.vbgardens.org\/wp-content\/uploads\/2025\/05\/Ave-del-Mes-Junio-2024_Mesa-de-trabajo-1-scaled-1.jpg 2048w, https:\/\/www.vbgardens.org\/wp-content\/uploads\/2025\/05\/Ave-del-Mes-Junio-2024_Mesa-de-trabajo-1-scaled-1-300x107.jpg 300w, https:\/\/www.vbgardens.org\/wp-content\/uploads\/2025\/05\/Ave-del-Mes-Junio-2024_Mesa-de-trabajo-1-scaled-1-1024x366.jpg 1024w, https:\/\/www.vbgardens.org\/wp-content\/uploads\/2025\/05\/Ave-del-Mes-Junio-2024_Mesa-de-trabajo-1-scaled-1-768x274.jpg 768w, https:\/\/www.vbgardens.org\/wp-content\/uploads\/2025\/05\/Ave-del-Mes-Junio-2024_Mesa-de-trabajo-1-scaled-1-1536x548.jpg 1536w, https:\/\/www.vbgardens.org\/wp-content\/uploads\/2025\/05\/Ave-del-Mes-Junio-2024_Mesa-de-trabajo-1-scaled-1-18x6.jpg 18w\" sizes=\"(max-width: 2048px) 100vw, 2048px\" \/><\/div><\/a>\n\t\t\t\t<div class=\"elementor-post__badge\">Ave del mes<\/div>\n\t\t\t\t<div class=\"elementor-post__text\">\n\t\t\t\t<h3 class=\"elementor-post__title\">\n\t\t\t<a href=\"https:\/\/www.vbgardens.org\/es\/childrens-day\/\" >\n\t\t\t\tGorri\u00f3n de cabeza gris\t\t\t<\/a>\n\t\t<\/h3>\n\t\t\t\t\t<div class=\"elementor-post__read-more-wrapper\">\n\t\t\n\t\t<a class=\"elementor-post__read-more\" href=\"https:\/\/www.vbgardens.org\/es\/childrens-day\/\" aria-label=\"Lee m\u00e1s sobre el Gorri\u00f3n de cresta rayada\" tabindex=\"-1\" >\n\t\t\tLeer m\u00e1s \u00bb\t\t<\/a>\n\n\t\t\t\t\t<\/div>\n\t\t\t\t<\/div>\n\t\t\t\t<div class=\"elementor-post__meta-data\">\n\t\t\t\t\t<span class=\"elementor-post-author\">\n\t\t\tBlanca Ch\u00e1vez\t\t<\/span>\n\t\t\t\t<span class=\"elementor-post-date\">\n\t\t\t29 de mayo de 2025\t\t<\/span>\n\t\t\t\t<\/div>\n\t\t\t\t\t<\/div>\n\t\t<\/article>\n\t\t\t\t<article class=\"elementor-post elementor-grid-item post-7107 post type-post status-publish format-standard has-post-thumbnail hentry category-news-events category-visitor-guides-experience tag-easter-event tag-easter-hat tag-egg-hunt tag-event tag-palm-sunday\" role=\"listitem\">\n\t\t\t<div class=\"elementor-post__card\">\n\t\t\t\t<a class=\"elementor-post__thumbnail__link\" href=\"https:\/\/www.vbgardens.org\/es\/easter-event-and-palm-sunday\/\" tabindex=\"-1\" ><div class=\"elementor-post__thumbnail\"><img loading=\"lazy\" decoding=\"async\" width=\"2048\" height=\"731\" src=\"https:\/\/www.vbgardens.org\/wp-content\/uploads\/2026\/04\/PORTADA-VLOG_Mesa-de-trabajo-1-1-scaled-1.jpg\" class=\"attachment-full size-full wp-image-7113\" alt=\"\" srcset=\"https:\/\/www.vbgardens.org\/wp-content\/uploads\/2026\/04\/PORTADA-VLOG_Mesa-de-trabajo-1-1-scaled-1.jpg 2048w, https:\/\/www.vbgardens.org\/wp-content\/uploads\/2026\/04\/PORTADA-VLOG_Mesa-de-trabajo-1-1-scaled-1-300x107.jpg 300w, https:\/\/www.vbgardens.org\/wp-content\/uploads\/2026\/04\/PORTADA-VLOG_Mesa-de-trabajo-1-1-scaled-1-1024x366.jpg 1024w, https:\/\/www.vbgardens.org\/wp-content\/uploads\/2026\/04\/PORTADA-VLOG_Mesa-de-trabajo-1-1-scaled-1-768x274.jpg 768w, https:\/\/www.vbgardens.org\/wp-content\/uploads\/2026\/04\/PORTADA-VLOG_Mesa-de-trabajo-1-1-scaled-1-1536x548.jpg 1536w, https:\/\/www.vbgardens.org\/wp-content\/uploads\/2026\/04\/PORTADA-VLOG_Mesa-de-trabajo-1-1-scaled-1-18x6.jpg 18w\" sizes=\"(max-width: 2048px) 100vw, 2048px\" \/><\/div><\/a>\n\t\t\t\t<div class=\"elementor-post__badge\">Noticias y Eventos<\/div>\n\t\t\t\t<div class=\"elementor-post__text\">\n\t\t\t\t<h3 class=\"elementor-post__title\">\n\t\t\t<a href=\"https:\/\/www.vbgardens.org\/es\/easter-event-and-palm-sunday\/\" >\n\t\t\t\tEvento de Pascua y Domingo de Ramos\t\t\t<\/a>\n\t\t<\/h3>\n\t\t\t\t\t<div class=\"elementor-post__read-more-wrapper\">\n\t\t\n\t\t<a class=\"elementor-post__read-more\" href=\"https:\/\/www.vbgardens.org\/es\/easter-event-and-palm-sunday\/\" aria-label=\"Lee m\u00e1s sobre el Evento de Pascua y el Domingo de Ramos\" tabindex=\"-1\" >\n\t\t\tLeer m\u00e1s \u00bb\t\t<\/a>\n\n\t\t\t\t\t<\/div>\n\t\t\t\t<\/div>\n\t\t\t\t<div class=\"elementor-post__meta-data\">\n\t\t\t\t\t<span class=\"elementor-post-author\">\n\t\t\tMar\u00eda Reyes\t\t<\/span>\n\t\t\t\t<span class=\"elementor-post-date\">\n\t\t\t29 de mayo de 2025\t\t<\/span>\n\t\t\t\t<\/div>\n\t\t\t\t\t<\/div>\n\t\t<\/article>\n\t\t\t\t<article class=\"elementor-post elementor-grid-item post-7098 post type-post status-publish format-standard has-post-thumbnail hentry category-conservation-research category-visitor-guides-experience tag-beneficiary tag-conservation tag-education tag-horticultural tag-philanthropic-legacy tag-will-or-trust\" role=\"listitem\">\n\t\t\t<div class=\"elementor-post__card\">\n\t\t\t\t<a class=\"elementor-post__thumbnail__link\" href=\"https:\/\/www.vbgardens.org\/es\/vallarta-botanical-garden-as-a-beneficiary\/\" tabindex=\"-1\" ><div class=\"elementor-post__thumbnail\"><img loading=\"lazy\" decoding=\"async\" width=\"2048\" height=\"731\" src=\"https:\/\/www.vbgardens.org\/wp-content\/uploads\/2026\/04\/Jardin-botanico-de-vallarta-como-beneficiario_Mesa-de-trabajo-1-scaled-1.jpg\" class=\"attachment-full size-full wp-image-7101\" alt=\"\" srcset=\"https:\/\/www.vbgardens.org\/wp-content\/uploads\/2026\/04\/Jardin-botanico-de-vallarta-como-beneficiario_Mesa-de-trabajo-1-scaled-1.jpg 2048w, https:\/\/www.vbgardens.org\/wp-content\/uploads\/2026\/04\/Jardin-botanico-de-vallarta-como-beneficiario_Mesa-de-trabajo-1-scaled-1-300x107.jpg 300w, https:\/\/www.vbgardens.org\/wp-content\/uploads\/2026\/04\/Jardin-botanico-de-vallarta-como-beneficiario_Mesa-de-trabajo-1-scaled-1-1024x366.jpg 1024w, https:\/\/www.vbgardens.org\/wp-content\/uploads\/2026\/04\/Jardin-botanico-de-vallarta-como-beneficiario_Mesa-de-trabajo-1-scaled-1-768x274.jpg 768w, https:\/\/www.vbgardens.org\/wp-content\/uploads\/2026\/04\/Jardin-botanico-de-vallarta-como-beneficiario_Mesa-de-trabajo-1-scaled-1-1536x548.jpg 1536w, https:\/\/www.vbgardens.org\/wp-content\/uploads\/2026\/04\/Jardin-botanico-de-vallarta-como-beneficiario_Mesa-de-trabajo-1-scaled-1-18x6.jpg 18w\" sizes=\"(max-width: 2048px) 100vw, 2048px\" \/><\/div><\/a>\n\t\t\t\t<div class=\"elementor-post__badge\">Conservaci\u00f3n e Investigaci\u00f3n<\/div>\n\t\t\t\t<div class=\"elementor-post__text\">\n\t\t\t\t<h3 class=\"elementor-post__title\">\n\t\t\t<a href=\"https:\/\/www.vbgardens.org\/es\/vallarta-botanical-garden-as-a-beneficiary\/\" >\n\t\t\t\tJard\u00edn Bot\u00e1nico de Vallarta como Beneficiario\t\t\t<\/a>\n\t\t<\/h3>\n\t\t\t\t\t<div class=\"elementor-post__read-more-wrapper\">\n\t\t\n\t\t<a class=\"elementor-post__read-more\" href=\"https:\/\/www.vbgardens.org\/es\/vallarta-botanical-garden-as-a-beneficiary\/\" aria-label=\"Lea m\u00e1s sobre el Jard\u00edn Bot\u00e1nico de Vallarta como Beneficiario\" tabindex=\"-1\" >\n\t\t\tLeer m\u00e1s \u00bb\t\t<\/a>\n\n\t\t\t\t\t<\/div>\n\t\t\t\t<\/div>\n\t\t\t\t<div class=\"elementor-post__meta-data\">\n\t\t\t\t\t<span class=\"elementor-post-author\">\n\t\t\tChristopher Jacobs\t\t<\/span>\n\t\t\t\t<span class=\"elementor-post-date\">\n\t\t\t28 de mayo de 2025\t\t<\/span>\n\t\t\t\t<\/div>\n\t\t\t\t\t<\/div>\n\t\t<\/article>\n\t\t\t\t<article class=\"elementor-post elementor-grid-item post-7089 post type-post status-publish format-standard has-post-thumbnail hentry category-conservation-research category-education-community category-visitor-guides-experience tag-conservation tag-magnolia-vallartensis tag-mexican-orchids tag-non-profit tag-our-mission tag-pinus-vallartensis\" role=\"listitem\">\n\t\t\t<div class=\"elementor-post__card\">\n\t\t\t\t<a class=\"elementor-post__thumbnail__link\" href=\"https:\/\/www.vbgardens.org\/es\/conservation-work\/\" tabindex=\"-1\" ><div class=\"elementor-post__thumbnail\"><img loading=\"lazy\" decoding=\"async\" width=\"2048\" height=\"731\" src=\"https:\/\/www.vbgardens.org\/wp-content\/uploads\/2026\/04\/PORTADA-VLOGhh_Mesa-de-trabajo-1-scaled-1.jpg\" class=\"attachment-full size-full wp-image-7093\" alt=\"\" srcset=\"https:\/\/www.vbgardens.org\/wp-content\/uploads\/2026\/04\/PORTADA-VLOGhh_Mesa-de-trabajo-1-scaled-1.jpg 2048w, https:\/\/www.vbgardens.org\/wp-content\/uploads\/2026\/04\/PORTADA-VLOGhh_Mesa-de-trabajo-1-scaled-1-300x107.jpg 300w, https:\/\/www.vbgardens.org\/wp-content\/uploads\/2026\/04\/PORTADA-VLOGhh_Mesa-de-trabajo-1-scaled-1-1024x366.jpg 1024w, https:\/\/www.vbgardens.org\/wp-content\/uploads\/2026\/04\/PORTADA-VLOGhh_Mesa-de-trabajo-1-scaled-1-768x274.jpg 768w, https:\/\/www.vbgardens.org\/wp-content\/uploads\/2026\/04\/PORTADA-VLOGhh_Mesa-de-trabajo-1-scaled-1-1536x548.jpg 1536w, https:\/\/www.vbgardens.org\/wp-content\/uploads\/2026\/04\/PORTADA-VLOGhh_Mesa-de-trabajo-1-scaled-1-18x6.jpg 18w\" sizes=\"(max-width: 2048px) 100vw, 2048px\" \/><\/div><\/a>\n\t\t\t\t<div class=\"elementor-post__badge\">Conservaci\u00f3n e Investigaci\u00f3n<\/div>\n\t\t\t\t<div class=\"elementor-post__text\">\n\t\t\t\t<h3 class=\"elementor-post__title\">\n\t\t\t<a href=\"https:\/\/www.vbgardens.org\/es\/conservation-work\/\" >\n\t\t\t\tTrabajo de conservaci\u00f3n\t\t\t<\/a>\n\t\t<\/h3>\n\t\t\t\t\t<div class=\"elementor-post__read-more-wrapper\">\n\t\t\n\t\t<a class=\"elementor-post__read-more\" href=\"https:\/\/www.vbgardens.org\/es\/conservation-work\/\" aria-label=\"Leer m\u00e1s sobre el trabajo de conservaci\u00f3n\" tabindex=\"-1\" >\n\t\t\tLeer m\u00e1s \u00bb\t\t<\/a>\n\n\t\t\t\t\t<\/div>\n\t\t\t\t<\/div>\n\t\t\t\t<div class=\"elementor-post__meta-data\">\n\t\t\t\t\t<span class=\"elementor-post-author\">\n\t\t\tChristopher Jacobs\t\t<\/span>\n\t\t\t\t<span class=\"elementor-post-date\">\n\t\t\t28 de mayo de 2025\t\t<\/span>\n\t\t\t\t<\/div>\n\t\t\t\t\t<\/div>\n\t\t<\/article>\n\t\t\t\t<article class=\"elementor-post elementor-grid-item post-7078 post type-post status-publish format-standard has-post-thumbnail hentry category-art-culture-history category-conservation-research category-education-community tag-conservation tag-education tag-educational-program tag-el-cuale tag-international-oak-society tag-iztacala-school-of-advanced-studies tag-national-autonomous-university-of-mexico tag-quercus-cualensis\" role=\"listitem\">\n\t\t\t<div class=\"elementor-post__card\">\n\t\t\t\t<a class=\"elementor-post__thumbnail__link\" href=\"https:\/\/www.vbgardens.org\/es\/education-for-conservation\/\" tabindex=\"-1\" ><div class=\"elementor-post__thumbnail\"><img loading=\"lazy\" decoding=\"async\" width=\"2048\" height=\"731\" src=\"https:\/\/www.vbgardens.org\/wp-content\/uploads\/2026\/04\/PORTADA-VLOG22_Mesa-de-trabajo-1-scaled-1.jpg\" class=\"attachment-full size-full wp-image-7083\" alt=\"\" srcset=\"https:\/\/www.vbgardens.org\/wp-content\/uploads\/2026\/04\/PORTADA-VLOG22_Mesa-de-trabajo-1-scaled-1.jpg 2048w, https:\/\/www.vbgardens.org\/wp-content\/uploads\/2026\/04\/PORTADA-VLOG22_Mesa-de-trabajo-1-scaled-1-300x107.jpg 300w, https:\/\/www.vbgardens.org\/wp-content\/uploads\/2026\/04\/PORTADA-VLOG22_Mesa-de-trabajo-1-scaled-1-1024x366.jpg 1024w, https:\/\/www.vbgardens.org\/wp-content\/uploads\/2026\/04\/PORTADA-VLOG22_Mesa-de-trabajo-1-scaled-1-768x274.jpg 768w, https:\/\/www.vbgardens.org\/wp-content\/uploads\/2026\/04\/PORTADA-VLOG22_Mesa-de-trabajo-1-scaled-1-1536x548.jpg 1536w, https:\/\/www.vbgardens.org\/wp-content\/uploads\/2026\/04\/PORTADA-VLOG22_Mesa-de-trabajo-1-scaled-1-18x6.jpg 18w\" sizes=\"(max-width: 2048px) 100vw, 2048px\" \/><\/div><\/a>\n\t\t\t\t<div class=\"elementor-post__badge\">Arte, Cultura e Historia<\/div>\n\t\t\t\t<div class=\"elementor-post__text\">\n\t\t\t\t<h3 class=\"elementor-post__title\">\n\t\t\t<a href=\"https:\/\/www.vbgardens.org\/es\/education-for-conservation\/\" >\n\t\t\t\tEducaci\u00f3n para la Conservaci\u00f3n\t\t\t<\/a>\n\t\t<\/h3>\n\t\t\t\t\t<div class=\"elementor-post__read-more-wrapper\">\n\t\t\n\t\t<a class=\"elementor-post__read-more\" href=\"https:\/\/www.vbgardens.org\/es\/education-for-conservation\/\" aria-label=\"Lee m\u00e1s sobre Educaci\u00f3n para la Conservaci\u00f3n\" tabindex=\"-1\" >\n\t\t\tLeer m\u00e1s \u00bb\t\t<\/a>\n\n\t\t\t\t\t<\/div>\n\t\t\t\t<\/div>\n\t\t\t\t<div class=\"elementor-post__meta-data\">\n\t\t\t\t\t<span class=\"elementor-post-author\">\n\t\t\tMaribel Arenas\t\t<\/span>\n\t\t\t\t<span class=\"elementor-post-date\">\n\t\t\t28 de mayo de 2025\t\t<\/span>\n\t\t\t\t<\/div>\n\t\t\t\t\t<\/div>\n\t\t<\/article>\n\t\t\t\t<article class=\"elementor-post elementor-grid-item post-7014 post type-post status-publish format-standard has-post-thumbnail hentry category-conservation-research category-education-community category-wildlife-ecology tag-mexican-orchid tag-mexican-orchid-species tag-rhynchostele-cervantesii tag-vicente-cervantes-mendo\" role=\"listitem\">\n\t\t\t<div class=\"elementor-post__card\">\n\t\t\t\t<a class=\"elementor-post__thumbnail__link\" href=\"https:\/\/www.vbgardens.org\/es\/rhynchostele-cervantesii\/\" tabindex=\"-1\" ><div class=\"elementor-post__thumbnail\"><img loading=\"lazy\" decoding=\"async\" width=\"1588\" height=\"567\" src=\"https:\/\/www.vbgardens.org\/wp-content\/uploads\/2026\/04\/banner_blog_Rhynchostele-cervantesii.jpg\" class=\"attachment-full size-full wp-image-7022\" alt=\"\" srcset=\"https:\/\/www.vbgardens.org\/wp-content\/uploads\/2026\/04\/banner_blog_Rhynchostele-cervantesii.jpg 1588w, https:\/\/www.vbgardens.org\/wp-content\/uploads\/2026\/04\/banner_blog_Rhynchostele-cervantesii-300x107.jpg 300w, https:\/\/www.vbgardens.org\/wp-content\/uploads\/2026\/04\/banner_blog_Rhynchostele-cervantesii-1024x366.jpg 1024w, https:\/\/www.vbgardens.org\/wp-content\/uploads\/2026\/04\/banner_blog_Rhynchostele-cervantesii-768x274.jpg 768w, https:\/\/www.vbgardens.org\/wp-content\/uploads\/2026\/04\/banner_blog_Rhynchostele-cervantesii-1536x548.jpg 1536w, https:\/\/www.vbgardens.org\/wp-content\/uploads\/2026\/04\/banner_blog_Rhynchostele-cervantesii-18x6.jpg 18w\" sizes=\"(max-width: 1588px) 100vw, 1588px\" \/><\/div><\/a>\n\t\t\t\t<div class=\"elementor-post__badge\">Conservaci\u00f3n e Investigaci\u00f3n<\/div>\n\t\t\t\t<div class=\"elementor-post__text\">\n\t\t\t\t<h3 class=\"elementor-post__title\">\n\t\t\t<a href=\"https:\/\/www.vbgardens.org\/es\/rhynchostele-cervantesii\/\" >\n\t\t\t\tRhynchostele Cervantesii\t\t\t<\/a>\n\t\t<\/h3>\n\t\t\t\t\t<div class=\"elementor-post__read-more-wrapper\">\n\t\t\n\t\t<a class=\"elementor-post__read-more\" href=\"https:\/\/www.vbgardens.org\/es\/rhynchostele-cervantesii\/\" aria-label=\"Lee m\u00e1s sobre Rhynchostele Cervantesii\" tabindex=\"-1\" >\n\t\t\tLeer m\u00e1s \u00bb\t\t<\/a>\n\n\t\t\t\t\t<\/div>\n\t\t\t\t<\/div>\n\t\t\t\t<div class=\"elementor-post__meta-data\">\n\t\t\t\t\t<span class=\"elementor-post-author\">\n\t\t\tJes\u00fas \u00c1ngel Barajas\t\t<\/span>\n\t\t\t\t<span class=\"elementor-post-date\">\n\t\t\t27 de mayo de 2025\t\t<\/span>\n\t\t\t\t<\/div>\n\t\t\t\t\t<\/div>\n\t\t<\/article>\n\t\t\t\t<article class=\"elementor-post elementor-grid-item post-6682 post type-post status-publish format-standard has-post-thumbnail hentry category-conservation-research category-education-community category-wildlife-ecology tag-birdwatchers tag-birdwatches tag-birdwatching tag-green-heron tag-ric-chamblee\" role=\"listitem\">\n\t\t\t<div class=\"elementor-post__card\">\n\t\t\t\t<a class=\"elementor-post__thumbnail__link\" href=\"https:\/\/www.vbgardens.org\/es\/green-heron-2\/\" tabindex=\"-1\" ><div class=\"elementor-post__thumbnail\"><img loading=\"lazy\" decoding=\"async\" width=\"1588\" height=\"567\" src=\"https:\/\/www.vbgardens.org\/wp-content\/uploads\/2026\/04\/Titulo-9.jpg\" class=\"attachment-full size-full wp-image-6988\" alt=\"\" srcset=\"https:\/\/www.vbgardens.org\/wp-content\/uploads\/2026\/04\/Titulo-9.jpg 1588w, https:\/\/www.vbgardens.org\/wp-content\/uploads\/2026\/04\/Titulo-9-300x107.jpg 300w, https:\/\/www.vbgardens.org\/wp-content\/uploads\/2026\/04\/Titulo-9-1024x366.jpg 1024w, https:\/\/www.vbgardens.org\/wp-content\/uploads\/2026\/04\/Titulo-9-768x274.jpg 768w, https:\/\/www.vbgardens.org\/wp-content\/uploads\/2026\/04\/Titulo-9-1536x548.jpg 1536w, https:\/\/www.vbgardens.org\/wp-content\/uploads\/2026\/04\/Titulo-9-18x6.jpg 18w\" sizes=\"(max-width: 1588px) 100vw, 1588px\" \/><\/div><\/a>\n\t\t\t\t<div class=\"elementor-post__badge\">Conservaci\u00f3n e Investigaci\u00f3n<\/div>\n\t\t\t\t<div class=\"elementor-post__text\">\n\t\t\t\t<h3 class=\"elementor-post__title\">\n\t\t\t<a href=\"https:\/\/www.vbgardens.org\/es\/green-heron-2\/\" >\n\t\t\t\tGarza verde\t\t\t<\/a>\n\t\t<\/h3>\n\t\t\t\t\t<div class=\"elementor-post__read-more-wrapper\">\n\t\t\n\t\t<a class=\"elementor-post__read-more\" href=\"https:\/\/www.vbgardens.org\/es\/green-heron-2\/\" aria-label=\"Lee m\u00e1s sobre la garza verde\" tabindex=\"-1\" >\n\t\t\tLeer m\u00e1s \u00bb\t\t<\/a>\n\n\t\t\t\t\t<\/div>\n\t\t\t\t<\/div>\n\t\t\t\t<div class=\"elementor-post__meta-data\">\n\t\t\t\t\t<span class=\"elementor-post-author\">\n\t\t\tJes\u00fas \u00c1ngel Barajas\t\t<\/span>\n\t\t\t\t<span class=\"elementor-post-date\">\n\t\t\t17 de mayo de 2025\t\t<\/span>\n\t\t\t\t<\/div>\n\t\t\t\t\t<\/div>\n\t\t<\/article>\n\t\t\t\t<article class=\"elementor-post elementor-grid-item post-7069 post type-post status-publish format-standard has-post-thumbnail hentry category-conservation-research category-education-community category-wildlife-ecology tag-cuitlauzina-pendula tag-endemic tag-mexican-orchid tag-mexican-orchid-species\" role=\"listitem\">\n\t\t\t<div class=\"elementor-post__card\">\n\t\t\t\t<a class=\"elementor-post__thumbnail__link\" href=\"https:\/\/www.vbgardens.org\/es\/cuitlauzina-pendula\/\" tabindex=\"-1\" ><div class=\"elementor-post__thumbnail\"><img loading=\"lazy\" decoding=\"async\" width=\"1588\" height=\"567\" src=\"https:\/\/www.vbgardens.org\/wp-content\/uploads\/2026\/04\/Titulo-10.jpg\" class=\"attachment-full size-full wp-image-7074\" alt=\"\" srcset=\"https:\/\/www.vbgardens.org\/wp-content\/uploads\/2026\/04\/Titulo-10.jpg 1588w, https:\/\/www.vbgardens.org\/wp-content\/uploads\/2026\/04\/Titulo-10-300x107.jpg 300w, https:\/\/www.vbgardens.org\/wp-content\/uploads\/2026\/04\/Titulo-10-1024x366.jpg 1024w, https:\/\/www.vbgardens.org\/wp-content\/uploads\/2026\/04\/Titulo-10-768x274.jpg 768w, https:\/\/www.vbgardens.org\/wp-content\/uploads\/2026\/04\/Titulo-10-1536x548.jpg 1536w, https:\/\/www.vbgardens.org\/wp-content\/uploads\/2026\/04\/Titulo-10-18x6.jpg 18w\" sizes=\"(max-width: 1588px) 100vw, 1588px\" \/><\/div><\/a>\n\t\t\t\t<div class=\"elementor-post__badge\">Conservaci\u00f3n e Investigaci\u00f3n<\/div>\n\t\t\t\t<div class=\"elementor-post__text\">\n\t\t\t\t<h3 class=\"elementor-post__title\">\n\t\t\t<a href=\"https:\/\/www.vbgardens.org\/es\/cuitlauzina-pendula\/\" >\n\t\t\t\tCuitlauzina Pendula\t\t\t<\/a>\n\t\t<\/h3>\n\t\t\t\t\t<div class=\"elementor-post__read-more-wrapper\">\n\t\t\n\t\t<a class=\"elementor-post__read-more\" href=\"https:\/\/www.vbgardens.org\/es\/cuitlauzina-pendula\/\" aria-label=\"Lee m\u00e1s sobre Cuitlauzina Pendula\" tabindex=\"-1\" >\n\t\t\tLeer m\u00e1s \u00bb\t\t<\/a>\n\n\t\t\t\t\t<\/div>\n\t\t\t\t<\/div>\n\t\t\t\t<div class=\"elementor-post__meta-data\">\n\t\t\t\t\t<span class=\"elementor-post-author\">\n\t\t\tEduardo Villegas\t\t<\/span>\n\t\t\t\t<span class=\"elementor-post-date\">\n\t\t\t17 de mayo de 2025\t\t<\/span>\n\t\t\t\t<\/div>\n\t\t\t\t\t<\/div>\n\t\t<\/article>\n\t\t\t\t<article class=\"elementor-post elementor-grid-item post-7062 post type-post status-publish format-standard has-post-thumbnail hentry category-conservation-research category-education-community category-wildlife-ecology tag-birdwatchers tag-birdwatching tag-chloroceryle-americana tag-green-kingfisher tag-ric-chamblee\" role=\"listitem\">\n\t\t\t<div class=\"elementor-post__card\">\n\t\t\t\t<a class=\"elementor-post__thumbnail__link\" href=\"https:\/\/www.vbgardens.org\/es\/green-kingfisher\/\" tabindex=\"-1\" ><div class=\"elementor-post__thumbnail\"><img loading=\"lazy\" decoding=\"async\" width=\"2000\" height=\"1333\" src=\"https:\/\/www.vbgardens.org\/wp-content\/uploads\/2026\/04\/Green-Kingfisher.jpg\" class=\"attachment-full size-full wp-image-7064\" alt=\"\" srcset=\"https:\/\/www.vbgardens.org\/wp-content\/uploads\/2026\/04\/Green-Kingfisher.jpg 2000w, https:\/\/www.vbgardens.org\/wp-content\/uploads\/2026\/04\/Green-Kingfisher-300x200.jpg 300w, https:\/\/www.vbgardens.org\/wp-content\/uploads\/2026\/04\/Green-Kingfisher-1024x682.jpg 1024w, https:\/\/www.vbgardens.org\/wp-content\/uploads\/2026\/04\/Green-Kingfisher-768x512.jpg 768w, https:\/\/www.vbgardens.org\/wp-content\/uploads\/2026\/04\/Green-Kingfisher-1536x1024.jpg 1536w, https:\/\/www.vbgardens.org\/wp-content\/uploads\/2026\/04\/Green-Kingfisher-18x12.jpg 18w\" sizes=\"(max-width: 2000px) 100vw, 2000px\" \/><\/div><\/a>\n\t\t\t\t<div class=\"elementor-post__badge\">Conservaci\u00f3n e Investigaci\u00f3n<\/div>\n\t\t\t\t<div class=\"elementor-post__text\">\n\t\t\t\t<h3 class=\"elementor-post__title\">\n\t\t\t<a href=\"https:\/\/www.vbgardens.org\/es\/green-kingfisher\/\" >\n\t\t\t\tMart\u00edn pescador verde\t\t\t<\/a>\n\t\t<\/h3>\n\t\t\t\t\t<div class=\"elementor-post__read-more-wrapper\">\n\t\t\n\t\t<a class=\"elementor-post__read-more\" href=\"https:\/\/www.vbgardens.org\/es\/green-kingfisher\/\" aria-label=\"Lee m\u00e1s sobre el Mart\u00edn pescador verde\" tabindex=\"-1\" >\n\t\t\tLeer m\u00e1s \u00bb\t\t<\/a>\n\n\t\t\t\t\t<\/div>\n\t\t\t\t<\/div>\n\t\t\t\t<div class=\"elementor-post__meta-data\">\n\t\t\t\t\t<span class=\"elementor-post-author\">\n\t\t\tBlanca Ch\u00e1vez\t\t<\/span>\n\t\t\t\t<span class=\"elementor-post-date\">\n\t\t\t17 de mayo de 2025\t\t<\/span>\n\t\t\t\t<\/div>\n\t\t\t\t\t<\/div>\n\t\t<\/article>\n\t\t\t\t<article class=\"elementor-post elementor-grid-item post-7054 post type-post status-publish format-standard has-post-thumbnail hentry category-conservation-research category-education-community category-orchid-of-the-month category-wildlife-ecology tag-mexican-orchid tag-mexican-orchid-species tag-native-to-mexico tag-oncidium-leleui\" role=\"listitem\">\n\t\t\t<div class=\"elementor-post__card\">\n\t\t\t\t<a class=\"elementor-post__thumbnail__link\" href=\"https:\/\/www.vbgardens.org\/es\/oncidium-leleui\/\" tabindex=\"-1\" ><div class=\"elementor-post__thumbnail\"><img loading=\"lazy\" decoding=\"async\" width=\"2048\" height=\"731\" src=\"https:\/\/www.vbgardens.org\/wp-content\/uploads\/2026\/04\/PORTADA-VLOG_Mesa-de-trabajo-1p-scaled-1.jpg\" class=\"attachment-full size-full wp-image-7057\" alt=\"\" srcset=\"https:\/\/www.vbgardens.org\/wp-content\/uploads\/2026\/04\/PORTADA-VLOG_Mesa-de-trabajo-1p-scaled-1.jpg 2048w, https:\/\/www.vbgardens.org\/wp-content\/uploads\/2026\/04\/PORTADA-VLOG_Mesa-de-trabajo-1p-scaled-1-300x107.jpg 300w, https:\/\/www.vbgardens.org\/wp-content\/uploads\/2026\/04\/PORTADA-VLOG_Mesa-de-trabajo-1p-scaled-1-1024x366.jpg 1024w, https:\/\/www.vbgardens.org\/wp-content\/uploads\/2026\/04\/PORTADA-VLOG_Mesa-de-trabajo-1p-scaled-1-768x274.jpg 768w, https:\/\/www.vbgardens.org\/wp-content\/uploads\/2026\/04\/PORTADA-VLOG_Mesa-de-trabajo-1p-scaled-1-1536x548.jpg 1536w, https:\/\/www.vbgardens.org\/wp-content\/uploads\/2026\/04\/PORTADA-VLOG_Mesa-de-trabajo-1p-scaled-1-18x6.jpg 18w\" sizes=\"(max-width: 2048px) 100vw, 2048px\" \/><\/div><\/a>\n\t\t\t\t<div class=\"elementor-post__badge\">Conservaci\u00f3n e Investigaci\u00f3n<\/div>\n\t\t\t\t<div class=\"elementor-post__text\">\n\t\t\t\t<h3 class=\"elementor-post__title\">\n\t\t\t<a href=\"https:\/\/www.vbgardens.org\/es\/oncidium-leleui\/\" >\n\t\t\t\tOncidium Leleui\t\t\t<\/a>\n\t\t<\/h3>\n\t\t\t\t\t<div class=\"elementor-post__read-more-wrapper\">\n\t\t\n\t\t<a class=\"elementor-post__read-more\" href=\"https:\/\/www.vbgardens.org\/es\/oncidium-leleui\/\" aria-label=\"Lee m\u00e1s sobre Oncidium Leleui\" tabindex=\"-1\" >\n\t\t\tLeer m\u00e1s \u00bb\t\t<\/a>\n\n\t\t\t\t\t<\/div>\n\t\t\t\t<\/div>\n\t\t\t\t<div class=\"elementor-post__meta-data\">\n\t\t\t\t\t<span class=\"elementor-post-author\">\n\t\t\tEduardo Villegas\t\t<\/span>\n\t\t\t\t<span class=\"elementor-post-date\">\n\t\t\t17 de mayo de 2025\t\t<\/span>\n\t\t\t\t<\/div>\n\t\t\t\t\t<\/div>\n\t\t<\/article>\n\t\t\t\t<article class=\"elementor-post elementor-grid-item post-7043 post type-post status-publish format-standard has-post-thumbnail hentry category-conservation-research category-education-community category-wildlife-ecology tag-birdwatchers tag-birdwatching tag-euphonia-godmani tag-ric-chamblee tag-west-mexican-euphonia\" role=\"listitem\">\n\t\t\t<div class=\"elementor-post__card\">\n\t\t\t\t<a class=\"elementor-post__thumbnail__link\" href=\"https:\/\/www.vbgardens.org\/es\/west-mexican-euphoni\/\" tabindex=\"-1\" ><div class=\"elementor-post__thumbnail\"><img loading=\"lazy\" decoding=\"async\" width=\"2048\" height=\"1204\" src=\"https:\/\/www.vbgardens.org\/wp-content\/uploads\/2026\/04\/316168114_10223400918317483_72570640461188207_n-scaled-1.png\" class=\"attachment-full size-full wp-image-7045\" alt=\"\" srcset=\"https:\/\/www.vbgardens.org\/wp-content\/uploads\/2026\/04\/316168114_10223400918317483_72570640461188207_n-scaled-1.png 2048w, https:\/\/www.vbgardens.org\/wp-content\/uploads\/2026\/04\/316168114_10223400918317483_72570640461188207_n-scaled-1-300x176.png 300w, https:\/\/www.vbgardens.org\/wp-content\/uploads\/2026\/04\/316168114_10223400918317483_72570640461188207_n-scaled-1-1024x602.png 1024w, https:\/\/www.vbgardens.org\/wp-content\/uploads\/2026\/04\/316168114_10223400918317483_72570640461188207_n-scaled-1-768x452.png 768w, https:\/\/www.vbgardens.org\/wp-content\/uploads\/2026\/04\/316168114_10223400918317483_72570640461188207_n-scaled-1-1536x903.png 1536w, https:\/\/www.vbgardens.org\/wp-content\/uploads\/2026\/04\/316168114_10223400918317483_72570640461188207_n-scaled-1-18x12.png 18w\" sizes=\"(max-width: 2048px) 100vw, 2048px\" \/><\/div><\/a>\n\t\t\t\t<div class=\"elementor-post__badge\">Conservaci\u00f3n e Investigaci\u00f3n<\/div>\n\t\t\t\t<div class=\"elementor-post__text\">\n\t\t\t\t<h3 class=\"elementor-post__title\">\n\t\t\t<a href=\"https:\/\/www.vbgardens.org\/es\/west-mexican-euphoni\/\" >\n\t\t\t\tEufonia del oeste de M\u00e9xico\t\t\t<\/a>\n\t\t<\/h3>\n\t\t\t\t\t<div class=\"elementor-post__read-more-wrapper\">\n\t\t\n\t\t<a class=\"elementor-post__read-more\" href=\"https:\/\/www.vbgardens.org\/es\/west-mexican-euphoni\/\" aria-label=\"Lee m\u00e1s sobre la Eufonia del Pac\u00edfico Mexicano\" tabindex=\"-1\" >\n\t\t\tLeer m\u00e1s \u00bb\t\t<\/a>\n\n\t\t\t\t\t<\/div>\n\t\t\t\t<\/div>\n\t\t\t\t<div class=\"elementor-post__meta-data\">\n\t\t\t\t\t<span class=\"elementor-post-author\">\n\t\t\tEduardo Villegas\t\t<\/span>\n\t\t\t\t<span class=\"elementor-post-date\">\n\t\t\t17 de mayo de 2025\t\t<\/span>\n\t\t\t\t<\/div>\n\t\t\t\t\t<\/div>\n\t\t<\/article>\n\t\t\t\t<article class=\"elementor-post elementor-grid-item post-7032 post type-post status-publish format-standard has-post-thumbnail hentry category-conservation-research category-education-community category-wildlife-ecology tag-chiapas tag-cypripedium-irapeanum tag-guatemala tag-mexican-orchid tag-mexican-orchid-species tag-michoacan tag-puebla-and-veracruz tag-sinaloa\" role=\"listitem\">\n\t\t\t<div class=\"elementor-post__card\">\n\t\t\t\t<a class=\"elementor-post__thumbnail__link\" href=\"https:\/\/www.vbgardens.org\/es\/cypripedium-irapeanum\/\" tabindex=\"-1\" ><div class=\"elementor-post__thumbnail\"><img loading=\"lazy\" decoding=\"async\" width=\"2048\" height=\"1340\" src=\"https:\/\/www.vbgardens.org\/wp-content\/uploads\/2026\/04\/Cypripedium_irapeanum-scaled-1.jpg\" class=\"attachment-full size-full wp-image-7034\" alt=\"\" srcset=\"https:\/\/www.vbgardens.org\/wp-content\/uploads\/2026\/04\/Cypripedium_irapeanum-scaled-1.jpg 2048w, https:\/\/www.vbgardens.org\/wp-content\/uploads\/2026\/04\/Cypripedium_irapeanum-scaled-1-300x196.jpg 300w, https:\/\/www.vbgardens.org\/wp-content\/uploads\/2026\/04\/Cypripedium_irapeanum-scaled-1-1024x670.jpg 1024w, https:\/\/www.vbgardens.org\/wp-content\/uploads\/2026\/04\/Cypripedium_irapeanum-scaled-1-768x503.jpg 768w, https:\/\/www.vbgardens.org\/wp-content\/uploads\/2026\/04\/Cypripedium_irapeanum-scaled-1-1536x1005.jpg 1536w, https:\/\/www.vbgardens.org\/wp-content\/uploads\/2026\/04\/Cypripedium_irapeanum-scaled-1-18x12.jpg 18w\" sizes=\"(max-width: 2048px) 100vw, 2048px\" \/><\/div><\/a>\n\t\t\t\t<div class=\"elementor-post__badge\">Conservaci\u00f3n e Investigaci\u00f3n<\/div>\n\t\t\t\t<div class=\"elementor-post__text\">\n\t\t\t\t<h3 class=\"elementor-post__title\">\n\t\t\t<a href=\"https:\/\/www.vbgardens.org\/es\/cypripedium-irapeanum\/\" >\n\t\t\t\tCypripedium Irapeanum\t\t\t<\/a>\n\t\t<\/h3>\n\t\t\t\t\t<div class=\"elementor-post__read-more-wrapper\">\n\t\t\n\t\t<a class=\"elementor-post__read-more\" href=\"https:\/\/www.vbgardens.org\/es\/cypripedium-irapeanum\/\" aria-label=\"Lea m\u00e1s sobre Cypripedium Irapeanum\" tabindex=\"-1\" >\n\t\t\tLeer m\u00e1s \u00bb\t\t<\/a>\n\n\t\t\t\t\t<\/div>\n\t\t\t\t<\/div>\n\t\t\t\t<div class=\"elementor-post__meta-data\">\n\t\t\t\t\t<span class=\"elementor-post-author\">\n\t\t\tEduardo Villegas\t\t<\/span>\n\t\t\t\t<span class=\"elementor-post-date\">\n\t\t\t17 de mayo de 2025\t\t<\/span>\n\t\t\t\t<\/div>\n\t\t\t\t\t<\/div>\n\t\t<\/article>\n\t\t\t\t<article class=\"elementor-post elementor-grid-item post-7000 post type-post status-publish format-standard has-post-thumbnail hentry category-conservation-research category-education-community category-wildlife-ecology tag-birdwatchers tag-birdwatching tag-bronzed-cowbird tag-molothrus-aeneus tag-ric-chamblee\" role=\"listitem\">\n\t\t\t<div class=\"elementor-post__card\">\n\t\t\t\t<a class=\"elementor-post__thumbnail__link\" href=\"https:\/\/www.vbgardens.org\/es\/encyclia-cordigera-2\/\" tabindex=\"-1\" ><div class=\"elementor-post__thumbnail\"><img loading=\"lazy\" decoding=\"async\" width=\"1588\" height=\"567\" src=\"https:\/\/www.vbgardens.org\/wp-content\/uploads\/2026\/05\/banner_blog_Tordo-Ojos-Rojos.jpg\" class=\"attachment-full size-full wp-image-7007\" alt=\"\" srcset=\"https:\/\/www.vbgardens.org\/wp-content\/uploads\/2026\/05\/banner_blog_Tordo-Ojos-Rojos.jpg 1588w, https:\/\/www.vbgardens.org\/wp-content\/uploads\/2026\/05\/banner_blog_Tordo-Ojos-Rojos-300x107.jpg 300w, https:\/\/www.vbgardens.org\/wp-content\/uploads\/2026\/05\/banner_blog_Tordo-Ojos-Rojos-1024x366.jpg 1024w, https:\/\/www.vbgardens.org\/wp-content\/uploads\/2026\/05\/banner_blog_Tordo-Ojos-Rojos-768x274.jpg 768w, https:\/\/www.vbgardens.org\/wp-content\/uploads\/2026\/05\/banner_blog_Tordo-Ojos-Rojos-1536x548.jpg 1536w, https:\/\/www.vbgardens.org\/wp-content\/uploads\/2026\/05\/banner_blog_Tordo-Ojos-Rojos-18x6.jpg 18w\" sizes=\"(max-width: 1588px) 100vw, 1588px\" \/><\/div><\/a>\n\t\t\t\t<div class=\"elementor-post__badge\">Conservaci\u00f3n e Investigaci\u00f3n<\/div>\n\t\t\t\t<div class=\"elementor-post__text\">\n\t\t\t\t<h3 class=\"elementor-post__title\">\n\t\t\t<a href=\"https:\/\/www.vbgardens.org\/es\/encyclia-cordigera-2\/\" >\n\t\t\t\tTordo Bronceado\t\t\t<\/a>\n\t\t<\/h3>\n\t\t\t\t\t<div class=\"elementor-post__read-more-wrapper\">\n\t\t\n\t\t<a class=\"elementor-post__read-more\" href=\"https:\/\/www.vbgardens.org\/es\/encyclia-cordigera-2\/\" aria-label=\"Lee m\u00e1s sobre el tordo bronceado\" tabindex=\"-1\" >\n\t\t\tLeer m\u00e1s \u00bb\t\t<\/a>\n\n\t\t\t\t\t<\/div>\n\t\t\t\t<\/div>\n\t\t\t\t<div class=\"elementor-post__meta-data\">\n\t\t\t\t\t<span class=\"elementor-post-author\">\n\t\t\tJes\u00fas \u00c1ngel Barajas\t\t<\/span>\n\t\t\t\t<span class=\"elementor-post-date\">\n\t\t\t17 de mayo de 2025\t\t<\/span>\n\t\t\t\t<\/div>\n\t\t\t\t\t<\/div>\n\t\t<\/article>\n\t\t\t\t<article class=\"elementor-post elementor-grid-item post-6591 post type-post status-publish format-standard has-post-thumbnail hentry category-conservation-research category-education-community category-wildlife-ecology tag-encyclia-cordigera tag-greenhouse tag-mexican-orchid tag-mexican-orchid-species tag-micropropagation-laboratory\" role=\"listitem\">\n\t\t\t<div class=\"elementor-post__card\">\n\t\t\t\t<a class=\"elementor-post__thumbnail__link\" href=\"https:\/\/www.vbgardens.org\/es\/encyclia-cordigera\/\" tabindex=\"-1\" ><div class=\"elementor-post__thumbnail\"><img loading=\"lazy\" decoding=\"async\" width=\"1200\" height=\"900\" src=\"https:\/\/www.vbgardens.org\/wp-content\/uploads\/2026\/04\/2.jpg\" class=\"attachment-full size-full wp-image-6623\" alt=\"\" srcset=\"https:\/\/www.vbgardens.org\/wp-content\/uploads\/2026\/04\/2.jpg 1200w, https:\/\/www.vbgardens.org\/wp-content\/uploads\/2026\/04\/2-300x225.jpg 300w, https:\/\/www.vbgardens.org\/wp-content\/uploads\/2026\/04\/2-1024x768.jpg 1024w, https:\/\/www.vbgardens.org\/wp-content\/uploads\/2026\/04\/2-768x576.jpg 768w, https:\/\/www.vbgardens.org\/wp-content\/uploads\/2026\/04\/2-16x12.jpg 16w\" sizes=\"(max-width: 1200px) 100vw, 1200px\" \/><\/div><\/a>\n\t\t\t\t<div class=\"elementor-post__badge\">Conservaci\u00f3n e Investigaci\u00f3n<\/div>\n\t\t\t\t<div class=\"elementor-post__text\">\n\t\t\t\t<h3 class=\"elementor-post__title\">\n\t\t\t<a href=\"https:\/\/www.vbgardens.org\/es\/encyclia-cordigera\/\" >\n\t\t\t\tEncyclia cordigera\t\t\t<\/a>\n\t\t<\/h3>\n\t\t\t\t\t<div class=\"elementor-post__read-more-wrapper\">\n\t\t\n\t\t<a class=\"elementor-post__read-more\" href=\"https:\/\/www.vbgardens.org\/es\/encyclia-cordigera\/\" aria-label=\"Lee m\u00e1s sobre Encyclia cordigera\" tabindex=\"-1\" >\n\t\t\tLeer m\u00e1s \u00bb\t\t<\/a>\n\n\t\t\t\t\t<\/div>\n\t\t\t\t<\/div>\n\t\t\t\t<div class=\"elementor-post__meta-data\">\n\t\t\t\t\t<span class=\"elementor-post-author\">\n\t\t\tJes\u00fas \u00c1ngel Barajas\t\t<\/span>\n\t\t\t\t<span class=\"elementor-post-date\">\n\t\t\t17 de mayo de 2025\t\t<\/span>\n\t\t\t\t<\/div>\n\t\t\t\t\t<\/div>\n\t\t<\/article>\n\t\t\t\t<article class=\"elementor-post elementor-grid-item post-6934 post type-post status-publish format-standard has-post-thumbnail hentry category-wildlife-ecology tag-birdwatchers tag-birdwatching tag-buteo-albonotatus tag-zone-tailed-hawk\" role=\"listitem\">\n\t\t\t<div class=\"elementor-post__card\">\n\t\t\t\t<a class=\"elementor-post__thumbnail__link\" href=\"https:\/\/www.vbgardens.org\/es\/zone-tailed-hawk\/\" tabindex=\"-1\" ><div class=\"elementor-post__thumbnail\"><img loading=\"lazy\" decoding=\"async\" width=\"1588\" height=\"567\" src=\"https:\/\/www.vbgardens.org\/wp-content\/uploads\/2026\/04\/Buteo-albonotatus.jpg\" class=\"attachment-full size-full wp-image-6982\" alt=\"\" srcset=\"https:\/\/www.vbgardens.org\/wp-content\/uploads\/2026\/04\/Buteo-albonotatus.jpg 1588w, https:\/\/www.vbgardens.org\/wp-content\/uploads\/2026\/04\/Buteo-albonotatus-300x107.jpg 300w, https:\/\/www.vbgardens.org\/wp-content\/uploads\/2026\/04\/Buteo-albonotatus-1024x366.jpg 1024w, https:\/\/www.vbgardens.org\/wp-content\/uploads\/2026\/04\/Buteo-albonotatus-768x274.jpg 768w, https:\/\/www.vbgardens.org\/wp-content\/uploads\/2026\/04\/Buteo-albonotatus-1536x548.jpg 1536w, https:\/\/www.vbgardens.org\/wp-content\/uploads\/2026\/04\/Buteo-albonotatus-18x6.jpg 18w\" sizes=\"(max-width: 1588px) 100vw, 1588px\" \/><\/div><\/a>\n\t\t\t\t<div class=\"elementor-post__badge\">Vida silvestre y ecolog\u00eda<\/div>\n\t\t\t\t<div class=\"elementor-post__text\">\n\t\t\t\t<h3 class=\"elementor-post__title\">\n\t\t\t<a href=\"https:\/\/www.vbgardens.org\/es\/zone-tailed-hawk\/\" >\n\t\t\t\tGavil\u00e1n moro\t\t\t<\/a>\n\t\t<\/h3>\n\t\t\t\t\t<div class=\"elementor-post__read-more-wrapper\">\n\t\t\n\t\t<a class=\"elementor-post__read-more\" href=\"https:\/\/www.vbgardens.org\/es\/zone-tailed-hawk\/\" aria-label=\"M\u00e1s informaci\u00f3n sobre el halc\u00f3n cucul\u00ed\" tabindex=\"-1\" >\n\t\t\tLeer m\u00e1s \u00bb\t\t<\/a>\n\n\t\t\t\t\t<\/div>\n\t\t\t\t<\/div>\n\t\t\t\t<div class=\"elementor-post__meta-data\">\n\t\t\t\t\t<span class=\"elementor-post-author\">\n\t\t\tEduardo Villegas\t\t<\/span>\n\t\t\t\t<span class=\"elementor-post-date\">\n\t\t\t10 de mayo de 2025\t\t<\/span>\n\t\t\t\t<\/div>\n\t\t\t\t\t<\/div>\n\t\t<\/article>\n\t\t\t\t<article class=\"elementor-post elementor-grid-item post-6936 post type-post status-publish format-standard has-post-thumbnail hentry category-education-community category-news-events category-wildlife-ecology tag-birdwatchers tag-birdwatching tag-kids tag-las-juntas-y-los-veranos tag-ric-chamblee\" role=\"listitem\">\n\t\t\t<div class=\"elementor-post__card\">\n\t\t\t\t<a class=\"elementor-post__thumbnail__link\" href=\"https:\/\/www.vbgardens.org\/es\/birdwatcher-kids-in-las-juntas-y-los-veranos\/\" tabindex=\"-1\" ><div class=\"elementor-post__thumbnail\"><img loading=\"lazy\" decoding=\"async\" width=\"2048\" height=\"731\" src=\"https:\/\/www.vbgardens.org\/wp-content\/uploads\/2026\/04\/Ninos-Observadores-de-Aves_Mesa-de-trabajo-1-scaled-1.jpg\" class=\"attachment-full size-full wp-image-6960\" alt=\"\" srcset=\"https:\/\/www.vbgardens.org\/wp-content\/uploads\/2026\/04\/Ninos-Observadores-de-Aves_Mesa-de-trabajo-1-scaled-1.jpg 2048w, https:\/\/www.vbgardens.org\/wp-content\/uploads\/2026\/04\/Ninos-Observadores-de-Aves_Mesa-de-trabajo-1-scaled-1-300x107.jpg 300w, https:\/\/www.vbgardens.org\/wp-content\/uploads\/2026\/04\/Ninos-Observadores-de-Aves_Mesa-de-trabajo-1-scaled-1-1024x366.jpg 1024w, https:\/\/www.vbgardens.org\/wp-content\/uploads\/2026\/04\/Ninos-Observadores-de-Aves_Mesa-de-trabajo-1-scaled-1-768x274.jpg 768w, https:\/\/www.vbgardens.org\/wp-content\/uploads\/2026\/04\/Ninos-Observadores-de-Aves_Mesa-de-trabajo-1-scaled-1-1536x548.jpg 1536w, https:\/\/www.vbgardens.org\/wp-content\/uploads\/2026\/04\/Ninos-Observadores-de-Aves_Mesa-de-trabajo-1-scaled-1-18x6.jpg 18w\" sizes=\"(max-width: 2048px) 100vw, 2048px\" \/><\/div><\/a>\n\t\t\t\t<div class=\"elementor-post__badge\">Educaci\u00f3n y comunidad<\/div>\n\t\t\t\t<div class=\"elementor-post__text\">\n\t\t\t\t<h3 class=\"elementor-post__title\">\n\t\t\t<a href=\"https:\/\/www.vbgardens.org\/es\/birdwatcher-kids-in-las-juntas-y-los-veranos\/\" >\n\t\t\t\tObservadores de aves infantiles en Las Juntas y Los Veranos\t\t\t<\/a>\n\t\t<\/h3>\n\t\t\t\t\t<div class=\"elementor-post__read-more-wrapper\">\n\t\t\n\t\t<a class=\"elementor-post__read-more\" href=\"https:\/\/www.vbgardens.org\/es\/birdwatcher-kids-in-las-juntas-y-los-veranos\/\" aria-label=\"Lee m\u00e1s sobre &quot;Ni\u00f1os Observadores de Aves&quot; en Las Juntas y Los Veranos\" tabindex=\"-1\" >\n\t\t\tLeer m\u00e1s \u00bb\t\t<\/a>\n\n\t\t\t\t\t<\/div>\n\t\t\t\t<\/div>\n\t\t\t\t<div class=\"elementor-post__meta-data\">\n\t\t\t\t\t<span class=\"elementor-post-author\">\n\t\t\tCrist\u00f3bal S\u00e1nchez\t\t<\/span>\n\t\t\t\t<span class=\"elementor-post-date\">\n\t\t\t10 de mayo de 2025\t\t<\/span>\n\t\t\t\t<\/div>\n\t\t\t\t\t<\/div>\n\t\t<\/article>\n\t\t\t\t<article class=\"elementor-post elementor-grid-item post-6661 post type-post status-publish format-standard has-post-thumbnail hentry category-conservation-research category-education-community category-wildlife-ecology tag-conservation tag-international-union-for-conservation-of-nature tag-iucn tag-mexican-orchid tag-mexican-orchid-species tag-prosthechea-sanchezii\" role=\"listitem\">\n\t\t\t<div class=\"elementor-post__card\">\n\t\t\t\t<a class=\"elementor-post__thumbnail__link\" href=\"https:\/\/www.vbgardens.org\/es\/prosthechea-sanchezii\/\" tabindex=\"-1\" ><div class=\"elementor-post__thumbnail\"><img loading=\"lazy\" decoding=\"async\" width=\"1812\" height=\"1208\" src=\"https:\/\/www.vbgardens.org\/wp-content\/uploads\/2026\/04\/blog-formato-carrusel-6.3.jpg\" class=\"attachment-full size-full wp-image-6664\" alt=\"\" srcset=\"https:\/\/www.vbgardens.org\/wp-content\/uploads\/2026\/04\/blog-formato-carrusel-6.3.jpg 1812w, https:\/\/www.vbgardens.org\/wp-content\/uploads\/2026\/04\/blog-formato-carrusel-6.3-300x200.jpg 300w, https:\/\/www.vbgardens.org\/wp-content\/uploads\/2026\/04\/blog-formato-carrusel-6.3-1024x683.jpg 1024w, https:\/\/www.vbgardens.org\/wp-content\/uploads\/2026\/04\/blog-formato-carrusel-6.3-768x512.jpg 768w, https:\/\/www.vbgardens.org\/wp-content\/uploads\/2026\/04\/blog-formato-carrusel-6.3-1536x1024.jpg 1536w, https:\/\/www.vbgardens.org\/wp-content\/uploads\/2026\/04\/blog-formato-carrusel-6.3-18x12.jpg 18w\" sizes=\"(max-width: 1812px) 100vw, 1812px\" \/><\/div><\/a>\n\t\t\t\t<div class=\"elementor-post__badge\">Conservaci\u00f3n e Investigaci\u00f3n<\/div>\n\t\t\t\t<div class=\"elementor-post__text\">\n\t\t\t\t<h3 class=\"elementor-post__title\">\n\t\t\t<a href=\"https:\/\/www.vbgardens.org\/es\/prosthechea-sanchezii\/\" >\n\t\t\t\tProsthechea sanchezii\t\t\t<\/a>\n\t\t<\/h3>\n\t\t\t\t\t<div class=\"elementor-post__read-more-wrapper\">\n\t\t\n\t\t<a class=\"elementor-post__read-more\" href=\"https:\/\/www.vbgardens.org\/es\/prosthechea-sanchezii\/\" aria-label=\"Lee m\u00e1s sobre Prosthechea sanchezii\" tabindex=\"-1\" >\n\t\t\tLeer m\u00e1s \u00bb\t\t<\/a>\n\n\t\t\t\t\t<\/div>\n\t\t\t\t<\/div>\n\t\t\t\t<div class=\"elementor-post__meta-data\">\n\t\t\t\t\t<span class=\"elementor-post-author\">\n\t\t\tJes\u00fas \u00c1ngel Barajas\t\t<\/span>\n\t\t\t\t<span class=\"elementor-post-date\">\n\t\t\t8 de abril de 2025\t\t<\/span>\n\t\t\t\t<\/div>\n\t\t\t\t\t<\/div>\n\t\t<\/article>\n\t\t\t\t<article class=\"elementor-post elementor-grid-item post-6567 post type-post status-publish format-standard has-post-thumbnail hentry category-conservation-research category-education-community category-wildlife-ecology tag-birdwatchers tag-birdwatching tag-ornate-hawk-eagle tag-spizaetus-ornatus\" role=\"listitem\">\n\t\t\t<div class=\"elementor-post__card\">\n\t\t\t\t<a class=\"elementor-post__thumbnail__link\" href=\"https:\/\/www.vbgardens.org\/es\/ornate-hawk-eagle\/\" tabindex=\"-1\" ><div class=\"elementor-post__thumbnail\"><img loading=\"lazy\" decoding=\"async\" width=\"1200\" height=\"900\" src=\"https:\/\/www.vbgardens.org\/wp-content\/uploads\/2026\/04\/4.jpg\" class=\"attachment-full size-full wp-image-6625\" alt=\"\" srcset=\"https:\/\/www.vbgardens.org\/wp-content\/uploads\/2026\/04\/4.jpg 1200w, https:\/\/www.vbgardens.org\/wp-content\/uploads\/2026\/04\/4-300x225.jpg 300w, https:\/\/www.vbgardens.org\/wp-content\/uploads\/2026\/04\/4-1024x768.jpg 1024w, https:\/\/www.vbgardens.org\/wp-content\/uploads\/2026\/04\/4-768x576.jpg 768w, https:\/\/www.vbgardens.org\/wp-content\/uploads\/2026\/04\/4-16x12.jpg 16w\" sizes=\"(max-width: 1200px) 100vw, 1200px\" \/><\/div><\/a>\n\t\t\t\t<div class=\"elementor-post__badge\">Conservaci\u00f3n e Investigaci\u00f3n<\/div>\n\t\t\t\t<div class=\"elementor-post__text\">\n\t\t\t\t<h3 class=\"elementor-post__title\">\n\t\t\t<a href=\"https:\/\/www.vbgardens.org\/es\/ornate-hawk-eagle\/\" >\n\t\t\t\t\u00c1guila-halc\u00f3nornamentada\t\t\t<\/a>\n\t\t<\/h3>\n\t\t\t\t\t<div class=\"elementor-post__read-more-wrapper\">\n\t\t\n\t\t<a class=\"elementor-post__read-more\" href=\"https:\/\/www.vbgardens.org\/es\/ornate-hawk-eagle\/\" aria-label=\"Lee m\u00e1s sobre el \u00c1guila Cigana\" tabindex=\"-1\" >\n\t\t\tLeer m\u00e1s \u00bb\t\t<\/a>\n\n\t\t\t\t\t<\/div>\n\t\t\t\t<\/div>\n\t\t\t\t<div class=\"elementor-post__meta-data\">\n\t\t\t\t\t<span class=\"elementor-post-author\">\n\t\t\tJes\u00fas Reyes\t\t<\/span>\n\t\t\t\t<span class=\"elementor-post-date\">\n\t\t\t7 de abril de 2025\t\t<\/span>\n\t\t\t\t<\/div>\n\t\t\t\t\t<\/div>\n\t\t<\/article>\n\t\t\t\t<article class=\"elementor-post elementor-grid-item post-6920 post type-post status-publish format-standard has-post-thumbnail hentry category-conservation-research category-education-community category-wildlife-ecology tag-birdwatchers tag-birdwatching tag-indigo-bunting tag-passerina-cyanea tag-ric-chamblee\" role=\"listitem\">\n\t\t\t<div class=\"elementor-post__card\">\n\t\t\t\t<a class=\"elementor-post__thumbnail__link\" href=\"https:\/\/www.vbgardens.org\/es\/indigo-bunting\/\" tabindex=\"-1\" ><div class=\"elementor-post__thumbnail\"><img loading=\"lazy\" decoding=\"async\" width=\"1588\" height=\"567\" src=\"https:\/\/www.vbgardens.org\/wp-content\/uploads\/2026\/04\/Titulo-6.jpg\" class=\"attachment-full size-full wp-image-6922\" alt=\"\" srcset=\"https:\/\/www.vbgardens.org\/wp-content\/uploads\/2026\/04\/Titulo-6.jpg 1588w, https:\/\/www.vbgardens.org\/wp-content\/uploads\/2026\/04\/Titulo-6-300x107.jpg 300w, https:\/\/www.vbgardens.org\/wp-content\/uploads\/2026\/04\/Titulo-6-1024x366.jpg 1024w, https:\/\/www.vbgardens.org\/wp-content\/uploads\/2026\/04\/Titulo-6-768x274.jpg 768w, https:\/\/www.vbgardens.org\/wp-content\/uploads\/2026\/04\/Titulo-6-1536x548.jpg 1536w, https:\/\/www.vbgardens.org\/wp-content\/uploads\/2026\/04\/Titulo-6-18x6.jpg 18w\" sizes=\"(max-width: 1588px) 100vw, 1588px\" \/><\/div><\/a>\n\t\t\t\t<div class=\"elementor-post__badge\">Conservaci\u00f3n e Investigaci\u00f3n<\/div>\n\t\t\t\t<div class=\"elementor-post__text\">\n\t\t\t\t<h3 class=\"elementor-post__title\">\n\t\t\t<a href=\"https:\/\/www.vbgardens.org\/es\/indigo-bunting\/\" >\n\t\t\t\tAbonado a\u00f1il\t\t\t<\/a>\n\t\t<\/h3>\n\t\t\t\t\t<div class=\"elementor-post__read-more-wrapper\">\n\t\t\n\t\t<a class=\"elementor-post__read-more\" href=\"https:\/\/www.vbgardens.org\/es\/indigo-bunting\/\" aria-label=\"Lee m\u00e1s sobre el Azulillo.\" tabindex=\"-1\" >\n\t\t\tLeer m\u00e1s \u00bb\t\t<\/a>\n\n\t\t\t\t\t<\/div>\n\t\t\t\t<\/div>\n\t\t\t\t<div class=\"elementor-post__meta-data\">\n\t\t\t\t\t<span class=\"elementor-post-author\">\n\t\t\tEduardo Villegas\t\t<\/span>\n\t\t\t\t<span class=\"elementor-post-date\">\n\t\t\t6 de abril de 2025\t\t<\/span>\n\t\t\t\t<\/div>\n\t\t\t\t\t<\/div>\n\t\t<\/article>\n\t\t\t\t<article class=\"elementor-post elementor-grid-item post-6901 post type-post status-publish format-standard has-post-thumbnail hentry category-conservation-research category-education-community category-wildlife-ecology tag-endemic tag-endemic-to-mexico tag-mexican-orchid tag-mexican-orchid-species tag-oncidium-hintonii\" role=\"listitem\">\n\t\t\t<div class=\"elementor-post__card\">\n\t\t\t\t<a class=\"elementor-post__thumbnail__link\" href=\"https:\/\/www.vbgardens.org\/es\/oncidium-hintonii\/\" tabindex=\"-1\" ><div class=\"elementor-post__thumbnail\"><img loading=\"lazy\" decoding=\"async\" width=\"1588\" height=\"567\" src=\"https:\/\/www.vbgardens.org\/wp-content\/uploads\/2025\/03\/Titulo.jpg\" class=\"attachment-full size-full wp-image-6915\" alt=\"\" srcset=\"https:\/\/www.vbgardens.org\/wp-content\/uploads\/2025\/03\/Titulo.jpg 1588w, https:\/\/www.vbgardens.org\/wp-content\/uploads\/2025\/03\/Titulo-300x107.jpg 300w, https:\/\/www.vbgardens.org\/wp-content\/uploads\/2025\/03\/Titulo-1024x366.jpg 1024w, https:\/\/www.vbgardens.org\/wp-content\/uploads\/2025\/03\/Titulo-768x274.jpg 768w, https:\/\/www.vbgardens.org\/wp-content\/uploads\/2025\/03\/Titulo-1536x548.jpg 1536w, https:\/\/www.vbgardens.org\/wp-content\/uploads\/2025\/03\/Titulo-18x6.jpg 18w\" sizes=\"(max-width: 1588px) 100vw, 1588px\" \/><\/div><\/a>\n\t\t\t\t<div class=\"elementor-post__badge\">Conservaci\u00f3n e Investigaci\u00f3n<\/div>\n\t\t\t\t<div class=\"elementor-post__text\">\n\t\t\t\t<h3 class=\"elementor-post__title\">\n\t\t\t<a href=\"https:\/\/www.vbgardens.org\/es\/oncidium-hintonii\/\" >\n\t\t\t\tOncidium hintonii\t\t\t<\/a>\n\t\t<\/h3>\n\t\t\t\t\t<div class=\"elementor-post__read-more-wrapper\">\n\t\t\n\t\t<a class=\"elementor-post__read-more\" href=\"https:\/\/www.vbgardens.org\/es\/oncidium-hintonii\/\" aria-label=\"Lee m\u00e1s sobre Oncidium hintonii\" tabindex=\"-1\" >\n\t\t\tLeer m\u00e1s \u00bb\t\t<\/a>\n\n\t\t\t\t\t<\/div>\n\t\t\t\t<\/div>\n\t\t\t\t<div class=\"elementor-post__meta-data\">\n\t\t\t\t\t<span class=\"elementor-post-author\">\n\t\t\tJes\u00fas \u00c1ngel Barajas\t\t<\/span>\n\t\t\t\t<span class=\"elementor-post-date\">\n\t\t\t1 de abril de 2025\t\t<\/span>\n\t\t\t\t<\/div>\n\t\t\t\t\t<\/div>\n\t\t<\/article>\n\t\t\t\t<article class=\"elementor-post elementor-grid-item post-6862 post type-post status-publish format-standard has-post-thumbnail hentry category-conservation-research category-education-community category-wildlife-ecology tag-birdwatchers tag-birdwatching tag-mimus-polyglottos tag-northern-mockingbird-mimus tag-ric-chamblee\" role=\"listitem\">\n\t\t\t<div class=\"elementor-post__card\">\n\t\t\t\t<a class=\"elementor-post__thumbnail__link\" href=\"https:\/\/www.vbgardens.org\/es\/northern-mockingbird-mimus\/\" tabindex=\"-1\" ><div class=\"elementor-post__thumbnail\"><img loading=\"lazy\" decoding=\"async\" width=\"1588\" height=\"567\" src=\"https:\/\/www.vbgardens.org\/wp-content\/uploads\/2026\/04\/Titulo-5.jpg\" class=\"attachment-full size-full wp-image-6904\" alt=\"\" srcset=\"https:\/\/www.vbgardens.org\/wp-content\/uploads\/2026\/04\/Titulo-5.jpg 1588w, https:\/\/www.vbgardens.org\/wp-content\/uploads\/2026\/04\/Titulo-5-300x107.jpg 300w, https:\/\/www.vbgardens.org\/wp-content\/uploads\/2026\/04\/Titulo-5-1024x366.jpg 1024w, https:\/\/www.vbgardens.org\/wp-content\/uploads\/2026\/04\/Titulo-5-768x274.jpg 768w, https:\/\/www.vbgardens.org\/wp-content\/uploads\/2026\/04\/Titulo-5-1536x548.jpg 1536w, https:\/\/www.vbgardens.org\/wp-content\/uploads\/2026\/04\/Titulo-5-18x6.jpg 18w\" sizes=\"(max-width: 1588px) 100vw, 1588px\" \/><\/div><\/a>\n\t\t\t\t<div class=\"elementor-post__badge\">Conservaci\u00f3n e Investigaci\u00f3n<\/div>\n\t\t\t\t<div class=\"elementor-post__text\">\n\t\t\t\t<h3 class=\"elementor-post__title\">\n\t\t\t<a href=\"https:\/\/www.vbgardens.org\/es\/northern-mockingbird-mimus\/\" >\n\t\t\t\tSinsonte Norte\u00f1o Mimus\t\t\t<\/a>\n\t\t<\/h3>\n\t\t\t\t\t<div class=\"elementor-post__read-more-wrapper\">\n\t\t\n\t\t<a class=\"elementor-post__read-more\" href=\"https:\/\/www.vbgardens.org\/es\/northern-mockingbird-mimus\/\" aria-label=\"Lea m\u00e1s sobre el Sinsonte Norte\u00f1o Mimus\" tabindex=\"-1\" >\n\t\t\tLeer m\u00e1s \u00bb\t\t<\/a>\n\n\t\t\t\t\t<\/div>\n\t\t\t\t<\/div>\n\t\t\t\t<div class=\"elementor-post__meta-data\">\n\t\t\t\t\t<span class=\"elementor-post-author\">\n\t\t\tJes\u00fas \u00c1ngel Barajas\t\t<\/span>\n\t\t\t\t<span class=\"elementor-post-date\">\n\t\t\t15 de marzo de 2025\t\t<\/span>\n\t\t\t\t<\/div>\n\t\t\t\t\t<\/div>\n\t\t<\/article>\n\t\t\t\t<article class=\"elementor-post elementor-grid-item post-6928 post type-post status-publish format-standard has-post-thumbnail hentry category-conservation-research category-education-community category-wildlife-ecology tag-aulosepalum-nelsonii tag-mexican-orchid tag-mexican-orchid-species tag-nelson-orchid\" role=\"listitem\">\n\t\t\t<div class=\"elementor-post__card\">\n\t\t\t\t<a class=\"elementor-post__thumbnail__link\" href=\"https:\/\/www.vbgardens.org\/es\/nelson-orchid\/\" tabindex=\"-1\" ><div class=\"elementor-post__thumbnail\"><img loading=\"lazy\" decoding=\"async\" width=\"1588\" height=\"567\" src=\"https:\/\/www.vbgardens.org\/wp-content\/uploads\/2026\/04\/Aulosepalum-nelsonii.webp\" class=\"attachment-full size-full wp-image-6868\" alt=\"\" srcset=\"https:\/\/www.vbgardens.org\/wp-content\/uploads\/2026\/04\/Aulosepalum-nelsonii.webp 1588w, https:\/\/www.vbgardens.org\/wp-content\/uploads\/2026\/04\/Aulosepalum-nelsonii-300x107.webp 300w, https:\/\/www.vbgardens.org\/wp-content\/uploads\/2026\/04\/Aulosepalum-nelsonii-1024x366.webp 1024w, https:\/\/www.vbgardens.org\/wp-content\/uploads\/2026\/04\/Aulosepalum-nelsonii-768x274.webp 768w, https:\/\/www.vbgardens.org\/wp-content\/uploads\/2026\/04\/Aulosepalum-nelsonii-1536x548.webp 1536w, https:\/\/www.vbgardens.org\/wp-content\/uploads\/2026\/04\/Aulosepalum-nelsonii-18x6.webp 18w\" sizes=\"(max-width: 1588px) 100vw, 1588px\" \/><\/div><\/a>\n\t\t\t\t<div class=\"elementor-post__badge\">Conservaci\u00f3n e Investigaci\u00f3n<\/div>\n\t\t\t\t<div class=\"elementor-post__text\">\n\t\t\t\t<h3 class=\"elementor-post__title\">\n\t\t\t<a href=\"https:\/\/www.vbgardens.org\/es\/nelson-orchid\/\" >\n\t\t\t\tNelson Orqu\u00eddea\t\t\t<\/a>\n\t\t<\/h3>\n\t\t\t\t\t<div class=\"elementor-post__read-more-wrapper\">\n\t\t\n\t\t<a class=\"elementor-post__read-more\" href=\"https:\/\/www.vbgardens.org\/es\/nelson-orchid\/\" aria-label=\"Lee m\u00e1s sobre Nelson Orchid\" tabindex=\"-1\" >\n\t\t\tLeer m\u00e1s \u00bb\t\t<\/a>\n\n\t\t\t\t\t<\/div>\n\t\t\t\t<\/div>\n\t\t\t\t<div class=\"elementor-post__meta-data\">\n\t\t\t\t\t<span class=\"elementor-post-author\">\n\t\t\tManuel Peinado\t\t<\/span>\n\t\t\t\t<span class=\"elementor-post-date\">\n\t\t\t10 de marzo de 2025\t\t<\/span>\n\t\t\t\t<\/div>\n\t\t\t\t\t<\/div>\n\t\t<\/article>\n\t\t\t\t<article class=\"elementor-post elementor-grid-item post-6846 post type-post status-publish format-standard has-post-thumbnail hentry category-conservation-research category-education-community category-wildlife-ecology tag-archilochus-colubris tag-birdwatchers tag-birdwatching tag-ric-chamblee tag-ruby-throated-hummingbird\" role=\"listitem\">\n\t\t\t<div class=\"elementor-post__card\">\n\t\t\t\t<a class=\"elementor-post__thumbnail__link\" href=\"https:\/\/www.vbgardens.org\/es\/ruby-throated-hummingbird\/\" tabindex=\"-1\" ><div class=\"elementor-post__thumbnail\"><img loading=\"lazy\" decoding=\"async\" width=\"1588\" height=\"567\" src=\"https:\/\/www.vbgardens.org\/wp-content\/uploads\/2026\/04\/Titulo-3.jpg\" class=\"attachment-full size-full wp-image-6865\" alt=\"\" srcset=\"https:\/\/www.vbgardens.org\/wp-content\/uploads\/2026\/04\/Titulo-3.jpg 1588w, https:\/\/www.vbgardens.org\/wp-content\/uploads\/2026\/04\/Titulo-3-300x107.jpg 300w, https:\/\/www.vbgardens.org\/wp-content\/uploads\/2026\/04\/Titulo-3-1024x366.jpg 1024w, https:\/\/www.vbgardens.org\/wp-content\/uploads\/2026\/04\/Titulo-3-768x274.jpg 768w, https:\/\/www.vbgardens.org\/wp-content\/uploads\/2026\/04\/Titulo-3-1536x548.jpg 1536w, https:\/\/www.vbgardens.org\/wp-content\/uploads\/2026\/04\/Titulo-3-18x6.jpg 18w\" sizes=\"(max-width: 1588px) 100vw, 1588px\" \/><\/div><\/a>\n\t\t\t\t<div class=\"elementor-post__badge\">Conservaci\u00f3n e Investigaci\u00f3n<\/div>\n\t\t\t\t<div class=\"elementor-post__text\">\n\t\t\t\t<h3 class=\"elementor-post__title\">\n\t\t\t<a href=\"https:\/\/www.vbgardens.org\/es\/ruby-throated-hummingbird\/\" >\n\t\t\t\tColibr\u00ed de garganta roja\t\t\t<\/a>\n\t\t<\/h3>\n\t\t\t\t\t<div class=\"elementor-post__read-more-wrapper\">\n\t\t\n\t\t<a class=\"elementor-post__read-more\" href=\"https:\/\/www.vbgardens.org\/es\/ruby-throated-hummingbird\/\" aria-label=\"Lee m\u00e1s sobre el colibr\u00ed de garganta rub\u00ed\" tabindex=\"-1\" >\n\t\t\tLeer m\u00e1s \u00bb\t\t<\/a>\n\n\t\t\t\t\t<\/div>\n\t\t\t\t<\/div>\n\t\t\t\t<div class=\"elementor-post__meta-data\">\n\t\t\t\t\t<span class=\"elementor-post-author\">\n\t\t\tEduardo Villegas\t\t<\/span>\n\t\t\t\t<span class=\"elementor-post-date\">\n\t\t\t25 de octubre de 2024\t\t<\/span>\n\t\t\t\t<\/div>\n\t\t\t\t\t<\/div>\n\t\t<\/article>\n\t\t\t\t<article class=\"elementor-post elementor-grid-item post-6853 post type-post status-publish format-standard has-post-thumbnail hentry category-conservation-research category-education-community category-wildlife-ecology tag-endemic tag-endemic-to-mexico tag-mexican-orchid tag-mexican-orchid-species tag-mexipedium-xerophyticum\" role=\"listitem\">\n\t\t\t<div class=\"elementor-post__card\">\n\t\t\t\t<a class=\"elementor-post__thumbnail__link\" href=\"https:\/\/www.vbgardens.org\/es\/mexipedium-xerophyticum-2\/\" tabindex=\"-1\" ><div class=\"elementor-post__thumbnail\"><img loading=\"lazy\" decoding=\"async\" width=\"1588\" height=\"567\" src=\"https:\/\/www.vbgardens.org\/wp-content\/uploads\/2026\/04\/Titulo-2.jpg\" class=\"attachment-full size-full wp-image-6849\" alt=\"\" srcset=\"https:\/\/www.vbgardens.org\/wp-content\/uploads\/2026\/04\/Titulo-2.jpg 1588w, https:\/\/www.vbgardens.org\/wp-content\/uploads\/2026\/04\/Titulo-2-300x107.jpg 300w, https:\/\/www.vbgardens.org\/wp-content\/uploads\/2026\/04\/Titulo-2-1024x366.jpg 1024w, https:\/\/www.vbgardens.org\/wp-content\/uploads\/2026\/04\/Titulo-2-768x274.jpg 768w, https:\/\/www.vbgardens.org\/wp-content\/uploads\/2026\/04\/Titulo-2-1536x548.jpg 1536w, https:\/\/www.vbgardens.org\/wp-content\/uploads\/2026\/04\/Titulo-2-18x6.jpg 18w\" sizes=\"(max-width: 1588px) 100vw, 1588px\" \/><\/div><\/a>\n\t\t\t\t<div class=\"elementor-post__badge\">Conservaci\u00f3n e Investigaci\u00f3n<\/div>\n\t\t\t\t<div class=\"elementor-post__text\">\n\t\t\t\t<h3 class=\"elementor-post__title\">\n\t\t\t<a href=\"https:\/\/www.vbgardens.org\/es\/mexipedium-xerophyticum-2\/\" >\n\t\t\t\tMexipedium xerophyticum\t\t\t<\/a>\n\t\t<\/h3>\n\t\t\t\t\t<div class=\"elementor-post__read-more-wrapper\">\n\t\t\n\t\t<a class=\"elementor-post__read-more\" href=\"https:\/\/www.vbgardens.org\/es\/mexipedium-xerophyticum-2\/\" aria-label=\"Lea m\u00e1s sobre Mexipedium xerophyticum\" tabindex=\"-1\" >\n\t\t\tLeer m\u00e1s \u00bb\t\t<\/a>\n\n\t\t\t\t\t<\/div>\n\t\t\t\t<\/div>\n\t\t\t\t<div class=\"elementor-post__meta-data\">\n\t\t\t\t\t<span class=\"elementor-post-author\">\n\t\t\tJes\u00fas Reyes\t\t<\/span>\n\t\t\t\t<span class=\"elementor-post-date\">\n\t\t\t1 de octubre de 2024\t\t<\/span>\n\t\t\t\t<\/div>\n\t\t\t\t\t<\/div>\n\t\t<\/article>\n\t\t\t\t<article class=\"elementor-post elementor-grid-item post-6836 post type-post status-publish format-standard has-post-thumbnail hentry category-conservation-research category-education-community category-wildlife-ecology tag-birdwatchers tag-birdwatching tag-cyanocorax-sanblasianus tag-ric-chamblee tag-san-blas-jay\" role=\"listitem\">\n\t\t\t<div class=\"elementor-post__card\">\n\t\t\t\t<a class=\"elementor-post__thumbnail__link\" href=\"https:\/\/www.vbgardens.org\/es\/san-blas-jay\/\" tabindex=\"-1\" ><div class=\"elementor-post__thumbnail\"><img loading=\"lazy\" decoding=\"async\" width=\"2258\" height=\"1000\" src=\"https:\/\/www.vbgardens.org\/wp-content\/uploads\/2026\/04\/Portada_Cyanocorax-sanblasianus.jpg\" class=\"attachment-full size-full wp-image-6839\" alt=\"\" srcset=\"https:\/\/www.vbgardens.org\/wp-content\/uploads\/2026\/04\/Portada_Cyanocorax-sanblasianus.jpg 2258w, https:\/\/www.vbgardens.org\/wp-content\/uploads\/2026\/04\/Portada_Cyanocorax-sanblasianus-300x133.jpg 300w, https:\/\/www.vbgardens.org\/wp-content\/uploads\/2026\/04\/Portada_Cyanocorax-sanblasianus-1024x453.jpg 1024w, https:\/\/www.vbgardens.org\/wp-content\/uploads\/2026\/04\/Portada_Cyanocorax-sanblasianus-768x340.jpg 768w, https:\/\/www.vbgardens.org\/wp-content\/uploads\/2026\/04\/Portada_Cyanocorax-sanblasianus-1536x680.jpg 1536w, https:\/\/www.vbgardens.org\/wp-content\/uploads\/2026\/04\/Portada_Cyanocorax-sanblasianus-2048x907.jpg 2048w, https:\/\/www.vbgardens.org\/wp-content\/uploads\/2026\/04\/Portada_Cyanocorax-sanblasianus-18x8.jpg 18w\" sizes=\"(max-width: 2258px) 100vw, 2258px\" \/><\/div><\/a>\n\t\t\t\t<div class=\"elementor-post__badge\">Conservaci\u00f3n e Investigaci\u00f3n<\/div>\n\t\t\t\t<div class=\"elementor-post__text\">\n\t\t\t\t<h3 class=\"elementor-post__title\">\n\t\t\t<a href=\"https:\/\/www.vbgardens.org\/es\/san-blas-jay\/\" >\n\t\t\t\tSan Blas Jay\t\t\t<\/a>\n\t\t<\/h3>\n\t\t\t\t\t<div class=\"elementor-post__read-more-wrapper\">\n\t\t\n\t\t<a class=\"elementor-post__read-more\" href=\"https:\/\/www.vbgardens.org\/es\/san-blas-jay\/\" aria-label=\"Lee m\u00e1s sobre el Arrendajo de San Blas\" tabindex=\"-1\" >\n\t\t\tLeer m\u00e1s \u00bb\t\t<\/a>\n\n\t\t\t\t\t<\/div>\n\t\t\t\t<\/div>\n\t\t\t\t<div class=\"elementor-post__meta-data\">\n\t\t\t\t\t<span class=\"elementor-post-author\">\n\t\t\tEduardo Villegas\t\t<\/span>\n\t\t\t\t<span class=\"elementor-post-date\">\n\t\t\t10 de febrero de 2024\t\t<\/span>\n\t\t\t\t<\/div>\n\t\t\t\t\t<\/div>\n\t\t<\/article>\n\t\t\t\t<article class=\"elementor-post elementor-grid-item post-6825 post type-post status-publish format-standard has-post-thumbnail hentry category-conservation-research category-education-community category-wildlife-ecology tag-birdwatchers tag-birdwatching tag-myiarchus-nuttingi tag-nuttings-flycatcher tag-ric-chamblee\" role=\"listitem\">\n\t\t\t<div class=\"elementor-post__card\">\n\t\t\t\t<a class=\"elementor-post__thumbnail__link\" href=\"https:\/\/www.vbgardens.org\/es\/nuttings-flycatcher-2\/\" tabindex=\"-1\" ><div class=\"elementor-post__thumbnail\"><img loading=\"lazy\" decoding=\"async\" width=\"1588\" height=\"567\" src=\"https:\/\/www.vbgardens.org\/wp-content\/uploads\/2026\/04\/Titulo.jpg\" class=\"attachment-full size-full wp-image-6817\" alt=\"\" srcset=\"https:\/\/www.vbgardens.org\/wp-content\/uploads\/2026\/04\/Titulo.jpg 1588w, https:\/\/www.vbgardens.org\/wp-content\/uploads\/2026\/04\/Titulo-300x107.jpg 300w, https:\/\/www.vbgardens.org\/wp-content\/uploads\/2026\/04\/Titulo-1024x366.jpg 1024w, https:\/\/www.vbgardens.org\/wp-content\/uploads\/2026\/04\/Titulo-768x274.jpg 768w, https:\/\/www.vbgardens.org\/wp-content\/uploads\/2026\/04\/Titulo-1536x548.jpg 1536w, https:\/\/www.vbgardens.org\/wp-content\/uploads\/2026\/04\/Titulo-18x6.jpg 18w\" sizes=\"(max-width: 1588px) 100vw, 1588px\" \/><\/div><\/a>\n\t\t\t\t<div class=\"elementor-post__badge\">Conservaci\u00f3n e Investigaci\u00f3n<\/div>\n\t\t\t\t<div class=\"elementor-post__text\">\n\t\t\t\t<h3 class=\"elementor-post__title\">\n\t\t\t<a href=\"https:\/\/www.vbgardens.org\/es\/nuttings-flycatcher-2\/\" >\n\t\t\t\tEl papamoscas de Nutting\t\t\t<\/a>\n\t\t<\/h3>\n\t\t\t\t\t<div class=\"elementor-post__read-more-wrapper\">\n\t\t\n\t\t<a class=\"elementor-post__read-more\" href=\"https:\/\/www.vbgardens.org\/es\/nuttings-flycatcher-2\/\" aria-label=\"Lee m\u00e1s sobre el Papamoscas de Nuttall\" tabindex=\"-1\" >\n\t\t\tLeer m\u00e1s \u00bb\t\t<\/a>\n\n\t\t\t\t\t<\/div>\n\t\t\t\t<\/div>\n\t\t\t\t<div class=\"elementor-post__meta-data\">\n\t\t\t\t\t<span class=\"elementor-post-author\">\n\t\t\tJes\u00fas \u00c1ngel Barajas\t\t<\/span>\n\t\t\t\t<span class=\"elementor-post-date\">\n\t\t\t10 de enero de 2024\t\t<\/span>\n\t\t\t\t<\/div>\n\t\t\t\t\t<\/div>\n\t\t<\/article>\n\t\t\t\t<article class=\"elementor-post elementor-grid-item post-6810 post type-post status-publish format-standard has-post-thumbnail hentry category-conservation-research category-education-community category-wildlife-ecology tag-bletia-reflexa tag-mexican-orchid tag-mexican-orchid-species\" role=\"listitem\">\n\t\t\t<div class=\"elementor-post__card\">\n\t\t\t\t<a class=\"elementor-post__thumbnail__link\" href=\"https:\/\/www.vbgardens.org\/es\/bletia-reflexa\/\" tabindex=\"-1\" ><div class=\"elementor-post__thumbnail\"><img loading=\"lazy\" decoding=\"async\" width=\"1588\" height=\"567\" src=\"https:\/\/www.vbgardens.org\/wp-content\/uploads\/2026\/04\/Titulo-1.jpg\" class=\"attachment-full size-full wp-image-6828\" alt=\"\" srcset=\"https:\/\/www.vbgardens.org\/wp-content\/uploads\/2026\/04\/Titulo-1.jpg 1588w, https:\/\/www.vbgardens.org\/wp-content\/uploads\/2026\/04\/Titulo-1-300x107.jpg 300w, https:\/\/www.vbgardens.org\/wp-content\/uploads\/2026\/04\/Titulo-1-1024x366.jpg 1024w, https:\/\/www.vbgardens.org\/wp-content\/uploads\/2026\/04\/Titulo-1-768x274.jpg 768w, https:\/\/www.vbgardens.org\/wp-content\/uploads\/2026\/04\/Titulo-1-1536x548.jpg 1536w, https:\/\/www.vbgardens.org\/wp-content\/uploads\/2026\/04\/Titulo-1-18x6.jpg 18w\" sizes=\"(max-width: 1588px) 100vw, 1588px\" \/><\/div><\/a>\n\t\t\t\t<div class=\"elementor-post__badge\">Conservaci\u00f3n e Investigaci\u00f3n<\/div>\n\t\t\t\t<div class=\"elementor-post__text\">\n\t\t\t\t<h3 class=\"elementor-post__title\">\n\t\t\t<a href=\"https:\/\/www.vbgardens.org\/es\/bletia-reflexa\/\" >\n\t\t\t\tBletia reflexa\t\t\t<\/a>\n\t\t<\/h3>\n\t\t\t\t\t<div class=\"elementor-post__read-more-wrapper\">\n\t\t\n\t\t<a class=\"elementor-post__read-more\" href=\"https:\/\/www.vbgardens.org\/es\/bletia-reflexa\/\" aria-label=\"Lee m\u00e1s sobre Bletia reflexa\" tabindex=\"-1\" >\n\t\t\tLeer m\u00e1s \u00bb\t\t<\/a>\n\n\t\t\t\t\t<\/div>\n\t\t\t\t<\/div>\n\t\t\t\t<div class=\"elementor-post__meta-data\">\n\t\t\t\t\t<span class=\"elementor-post-author\">\n\t\t\tCrist\u00f3bal S\u00e1nchez\t\t<\/span>\n\t\t\t\t<span class=\"elementor-post-date\">\n\t\t\t10 de enero de 2024\t\t<\/span>\n\t\t\t\t<\/div>\n\t\t\t\t\t<\/div>\n\t\t<\/article>\n\t\t\t\t<article class=\"elementor-post elementor-grid-item post-6783 post type-post status-publish format-standard has-post-thumbnail hentry category-conservation-research category-education-community category-wildlife-ecology tag-emblematic-orchids tag-mexican-orchid tag-mexican-orchid-species tag-vanilla-pompona\" role=\"listitem\">\n\t\t\t<div class=\"elementor-post__card\">\n\t\t\t\t<a class=\"elementor-post__thumbnail__link\" href=\"https:\/\/www.vbgardens.org\/es\/vanilla-pompona\/\" tabindex=\"-1\" ><div class=\"elementor-post__thumbnail\"><img loading=\"lazy\" decoding=\"async\" width=\"1920\" height=\"800\" src=\"https:\/\/www.vbgardens.org\/wp-content\/uploads\/2026\/04\/Section-Banners-1920x800-1.jpg\" class=\"attachment-full size-full wp-image-6806\" alt=\"\" srcset=\"https:\/\/www.vbgardens.org\/wp-content\/uploads\/2026\/04\/Section-Banners-1920x800-1.jpg 1920w, https:\/\/www.vbgardens.org\/wp-content\/uploads\/2026\/04\/Section-Banners-1920x800-1-300x125.jpg 300w, https:\/\/www.vbgardens.org\/wp-content\/uploads\/2026\/04\/Section-Banners-1920x800-1-1024x427.jpg 1024w, https:\/\/www.vbgardens.org\/wp-content\/uploads\/2026\/04\/Section-Banners-1920x800-1-768x320.jpg 768w, https:\/\/www.vbgardens.org\/wp-content\/uploads\/2026\/04\/Section-Banners-1920x800-1-1536x640.jpg 1536w, https:\/\/www.vbgardens.org\/wp-content\/uploads\/2026\/04\/Section-Banners-1920x800-1-18x8.jpg 18w\" sizes=\"(max-width: 1920px) 100vw, 1920px\" \/><\/div><\/a>\n\t\t\t\t<div class=\"elementor-post__badge\">Conservaci\u00f3n e Investigaci\u00f3n<\/div>\n\t\t\t\t<div class=\"elementor-post__text\">\n\t\t\t\t<h3 class=\"elementor-post__title\">\n\t\t\t<a href=\"https:\/\/www.vbgardens.org\/es\/vanilla-pompona\/\" >\n\t\t\t\tVainilla pompona\t\t\t<\/a>\n\t\t<\/h3>\n\t\t\t\t\t<div class=\"elementor-post__read-more-wrapper\">\n\t\t\n\t\t<a class=\"elementor-post__read-more\" href=\"https:\/\/www.vbgardens.org\/es\/vanilla-pompona\/\" aria-label=\"Lee m\u00e1s sobre Vanilla pompona\" tabindex=\"-1\" >\n\t\t\tLeer m\u00e1s \u00bb\t\t<\/a>\n\n\t\t\t\t\t<\/div>\n\t\t\t\t<\/div>\n\t\t\t\t<div class=\"elementor-post__meta-data\">\n\t\t\t\t\t<span class=\"elementor-post-author\">\n\t\t\tEduardo Villegas\t\t<\/span>\n\t\t\t\t<span class=\"elementor-post-date\">\n\t\t\t10 de febrero de 2022\t\t<\/span>\n\t\t\t\t<\/div>\n\t\t\t\t\t<\/div>\n\t\t<\/article>\n\t\t\t\t<\/div>\n\t\t\n\t\t\t\t\t\t<\/div>\n\t\t\t\t<\/div>\n\t\t\t\t\t<\/div>\n\t\t<\/div>\n\t\t\t\t\t<\/div>\n\t\t<\/section>\n\t\t\t\t<\/div>","protected":false},"excerpt":{"rendered":"<p>News &amp; Blog Welcome to our Blog, a space within Vallarta Botanical Garden where nature, science, and community come together. Here, we share stories that<\/p>","protected":false},"author":4,"featured_media":395,"parent":0,"menu_order":0,"comment_status":"closed","ping_status":"closed","template":"","meta":{"footnotes":""},"class_list":["post-469","page","type-page","status-publish","has-post-thumbnail","hentry"],"_links":{"self":[{"href":"https:\/\/www.vbgardens.org\/es\/wp-json\/wp\/v2\/pages\/469","targetHints":{"allow":["GET"]}}],"collection":[{"href":"https:\/\/www.vbgardens.org\/es\/wp-json\/wp\/v2\/pages"}],"about":[{"href":"https:\/\/www.vbgardens.org\/es\/wp-json\/wp\/v2\/types\/page"}],"author":[{"embeddable":true,"href":"https:\/\/www.vbgardens.org\/es\/wp-json\/wp\/v2\/users\/4"}],"replies":[{"embeddable":true,"href":"https:\/\/www.vbgardens.org\/es\/wp-json\/wp\/v2\/comments?post=469"}],"version-history":[{"count":145,"href":"https:\/\/www.vbgardens.org\/es\/wp-json\/wp\/v2\/pages\/469\/revisions"}],"predecessor-version":[{"id":8352,"href":"https:\/\/www.vbgardens.org\/es\/wp-json\/wp\/v2\/pages\/469\/revisions\/8352"}],"wp:featuredmedia":[{"embeddable":true,"href":"https:\/\/www.vbgardens.org\/es\/wp-json\/wp\/v2\/media\/395"}],"wp:attachment":[{"href":"https:\/\/www.vbgardens.org\/es\/wp-json\/wp\/v2\/media?parent=469"}],"curies":[{"name":"wp","href":"https:\/\/api.w.org\/{rel}","templated":true}]}}